{"id":5585,"date":"2024-07-19T12:44:23","date_gmt":"2024-07-19T10:44:23","guid":{"rendered":"https:\/\/iiczagabria.esteri.it\/gli_eventi\/archivio-eventi\/"},"modified":"2024-11-08T18:01:18","modified_gmt":"2024-11-08T17:01:18","slug":"archivio-eventi","status":"publish","type":"page","link":"https:\/\/iiczagabria.esteri.it\/hr\/gli_eventi\/archivio-eventi\/","title":{"rendered":"Arhiva doga\u0111anja"},"content":{"rendered":"        <div class=\"row\">\n\t\t\t<!-- Ricerca sedi post -->\n\t\t\t<div class=\"col-12 mt-4\">\n\t\t\t  <div class=\"callout callout-highlight note ricerca-esteri p-4\">\n                    <div class=\"callout-title\">\n                        <svg class=\"icon\">\n                            <use xlink:href=\"https:\/\/iiczagabria.esteri.it\/wp-content\/themes\/sedi-tema\/assets\/svg\/sprites.svg#it-search\"><\/use>\n                        <\/svg>Unesi parametre pretra\u017eivanja                    <\/div>\n                    <form id=\"searchFormPost\" name=\"form-search-post\" class=\"form-row align-items-center\" action=\"https:\/\/iiczagabria.esteri.it\/hr\/wp-json\/wp\/v2\/pages\/5585\/\" method=\"GET\"> \n                        <!-- <div class=\"form-group pt-5\"> -->\n                            <!-- <input type=\"hidden\" id=\"lang\" name=\"lang\" value=\"\"> --> <!-- <\/div> -->\n\n                        <div class=\"it-datepicker-wrapper\">\n                            <div class=\"row\">\n                                <div class=\"form-group col-md-6\">\n                                    <label class=\"active\" for=\"date-init\">Od<\/label>\n                                    <input class=\"form-control\" name=\"date-init\" id=\"date-init\" type=\"date\" placeholder=\"gg\/mm\/aaaa\" value=\"\"lang=\"en-EN\">  \n                                <\/div>\n                                <div class=\"form-group col-md-6\">\n                                    <label class=\"active\" for=\"date-end\">Do<\/label>\n                                    <input class=\"form-control\" name=\"date-end\" id=\"date-end\" type=\"date\" placeholder=\"gg\/mm\/aaaa\" value=\"\">\n                                <\/div>\n                            <\/div>\n                        <\/div>\n                        <div class=\"form-group col-md-12 mt-3\">\n                            <label for=\"searchText\">Polje za slobodnu pretragu<\/label>\n                            <input type=\"text\" name=\"searchText\" class=\"form-control\" id=\"searchText\" value=\"\">\n                        <\/div>\n                        <div class=\"form-group col-md-4 offset-md-8 text-end\">\n                            <a href=\"https:\/\/iiczagabria.esteri.it\/hr\/gli_eventi\/archivio-eventi\/\" title=\"Form reset\" id=\"resetImput\" class=\"btn btn-outline-primary btn-xs\">Reset<\/a>\n                            <button type=\"submit\" class=\"btn btn-primary btn-xs\">Prika\u017ei rezultate<\/button>\n                        <\/div>\n                    <\/form>\n\t\t\t\t<\/div>\n\t\t\t<\/div>\n\t\t<\/div>\n                    \n            <div class=\"row\">\n                            <div class=\"col-12 mt-3\">\n                <!--start card-->\n                <div class=\"card-wrapper card-space\">\n                    <div class=\"card card-bg card-big border-bottom-card\">\n                        <div class=\"card-body row\">\n                                                    <div class=\"col-sm-3\">\n                                <div class=\"img-responsive\">\n                                    <figure class=\"img-wrapper\">\n                                        <a href=\"https:\/\/iiczagabria.esteri.it\/hr\/gli_eventi\/calendario\/proiezione-del-film-il-maestro\/\" title=\"Pro\u010ditaj \u010dlanak: Proiezione del film Il maestro\">\n                                                                                            <img loading=\"lazy\" decoding=\"async\" width=\"240\" height=\"300\" src=\"https:\/\/iiczagabria.esteri.it\/wp-content\/uploads\/2026\/07\/Il-maestro-240x300.jpg\" srcset=\"https:\/\/iiczagabria.esteri.it\/wp-content\/uploads\/2026\/07\/Il-maestro.jpg 1639w, https:\/\/iiczagabria.esteri.it\/wp-content\/uploads\/2026\/07\/Il-maestro-240x300.jpg 240w, https:\/\/iiczagabria.esteri.it\/wp-content\/uploads\/2026\/07\/Il-maestro-820x1024.jpg 820w, https:\/\/iiczagabria.esteri.it\/wp-content\/uploads\/2026\/07\/Il-maestro-768x960.jpg 768w\" sizes=\"auto, (max-width: 1639px) 100vw, 1639px\"  title=\"Il maestro\" alt=\"\" class=\"img-fluid\">\n                                                                                    <\/a>\n                                    <\/figure>\n                                <\/div>\n                            <\/div>\n                            <div class=\"col-sm-9\">\n                                                            <div class=\"category-top\">\n                                    <span class=\"fw-bold text-danger\">Gotovo<\/span>                                                                        <span class=\"data\">\n                                        <svg class=\"icon icon-secondary\">\n                                            <use xlink:href=\"https:\/\/iiczagabria.esteri.it\/wp-content\/themes\/sedi-tema\/assets\/svg\/sprites.svg#it-calendar\"><\/use>\n                                        <\/svg> Ned kol 30 2026                                    <\/span>\n                                                                    <\/div>\n                            <h5 class=\"card-title big-heading text-uppercase\"><a class=\"text-body text-decoration-none\" href=\"https:\/\/iiczagabria.esteri.it\/hr\/gli_eventi\/calendario\/proiezione-del-film-il-maestro\/\" title=\"Proiezione del film Il maestro\">Proiezione del film Il maestro<\/a><\/h5>\n                            <p class=\"card-text\">Nell&#8217;ambito della rassegna Cinehill a Zagabria proiezione del film Il maestro\u00a0 (2025) r. Andrea di Stefano Estate, fine anni Ottanta. Dopo anni di allenamenti duri e regole ferree, Felice, tredici anni e sulle spalle tutte le aspettative paterne, arriva finalmente ad affrontare i tornei nazionali di tennis. Per prepararlo al meglio, il padre lo affida [&hellip;]<\/p>\n                                <a title=\"Proiezione del film Il maestro\" class=\"read-more\" href=\"https:\/\/iiczagabria.esteri.it\/hr\/gli_eventi\/calendario\/proiezione-del-film-il-maestro\/\">\n                                    <span class=\"text\">\u010citaj vi\u0161e<\/span>\n                                    <svg class=\"icon\">\n                                    <use xlink:href=\"https:\/\/iiczagabria.esteri.it\/wp-content\/themes\/sedi-tema\/assets\/svg\/sprites.svg#it-arrow-right\"><\/use>\n                                    <\/svg>\n                                <\/a>\n                                                        <\/div>\n                                                    <\/div>\n                    <\/div>\n                <\/div>\n                <!--end card-->\n                <\/div><!-- col-12 .mt-3-->\n                            <div class=\"col-12 mt-3\">\n                <!--start card-->\n                <div class=\"card-wrapper card-space\">\n                    <div class=\"card card-bg card-big border-bottom-card\">\n                        <div class=\"card-body row\">\n                                                    <div class=\"col-sm-3\">\n                                <div class=\"img-responsive\">\n                                    <figure class=\"img-wrapper\">\n                                        <a href=\"https:\/\/iiczagabria.esteri.it\/hr\/gli_eventi\/calendario\/proiezione-del-film-il-maestro-2\/\" title=\"Pro\u010ditaj \u010dlanak: Projekcija talijanskog filma Maestro\">\n                                                                                            <img loading=\"lazy\" decoding=\"async\" width=\"240\" height=\"300\" src=\"https:\/\/iiczagabria.esteri.it\/wp-content\/uploads\/2026\/07\/Il-maestro-240x300.jpg\" srcset=\"https:\/\/iiczagabria.esteri.it\/wp-content\/uploads\/2026\/07\/Il-maestro.jpg 1639w, https:\/\/iiczagabria.esteri.it\/wp-content\/uploads\/2026\/07\/Il-maestro-240x300.jpg 240w, https:\/\/iiczagabria.esteri.it\/wp-content\/uploads\/2026\/07\/Il-maestro-820x1024.jpg 820w, https:\/\/iiczagabria.esteri.it\/wp-content\/uploads\/2026\/07\/Il-maestro-768x960.jpg 768w\" sizes=\"auto, (max-width: 1639px) 100vw, 1639px\"  title=\"Il maestro\" alt=\"\" class=\"img-fluid\">\n                                                                                    <\/a>\n                                    <\/figure>\n                                <\/div>\n                            <\/div>\n                            <div class=\"col-sm-9\">\n                                                            <div class=\"category-top\">\n                                    <span class=\"fw-bold text-danger\">Gotovo<\/span>                                                                        <span class=\"data\">\n                                        <svg class=\"icon icon-secondary\">\n                                            <use xlink:href=\"https:\/\/iiczagabria.esteri.it\/wp-content\/themes\/sedi-tema\/assets\/svg\/sprites.svg#it-calendar\"><\/use>\n                                        <\/svg> Ned kol 30 2026                                    <\/span>\n                                                                    <\/div>\n                            <h5 class=\"card-title big-heading text-uppercase\"><a class=\"text-body text-decoration-none\" href=\"https:\/\/iiczagabria.esteri.it\/hr\/gli_eventi\/calendario\/proiezione-del-film-il-maestro-2\/\" title=\"Projekcija talijanskog filma Maestro\">Projekcija talijanskog filma Maestro<\/a><\/h5>\n                            <p class=\"card-text\">U okviru manifestacije Cinehill u Zagrebu projekcija talijanskog filma Maestro (2025.) r. Andrea Di Stefano Ljeto, kraj osamdesetih godina. Nakon godina napornih treninga i strogih pravila, trinaestogodi\u0161nji Felice, kojeg optere\u0107uju sva o\u010deva o\u010dekivanja, napokon dolazi do nastupa na dr\u017eavnim teniskim turnirima. Kako bi ga \u0161to bolje pripremio, otac ga povjerava Raulu Gattiju, samozvanom biv\u0161em teniskom [&hellip;]<\/p>\n                                <a title=\"Projekcija talijanskog filma Maestro\" class=\"read-more\" href=\"https:\/\/iiczagabria.esteri.it\/hr\/gli_eventi\/calendario\/proiezione-del-film-il-maestro-2\/\">\n                                    <span class=\"text\">\u010citaj vi\u0161e<\/span>\n                                    <svg class=\"icon\">\n                                    <use xlink:href=\"https:\/\/iiczagabria.esteri.it\/wp-content\/themes\/sedi-tema\/assets\/svg\/sprites.svg#it-arrow-right\"><\/use>\n                                    <\/svg>\n                                <\/a>\n                                                        <\/div>\n                                                    <\/div>\n                    <\/div>\n                <\/div>\n                <!--end card-->\n                <\/div><!-- col-12 .mt-3-->\n                            <div class=\"col-12 mt-3\">\n                <!--start card-->\n                <div class=\"card-wrapper card-space\">\n                    <div class=\"card card-bg card-big border-bottom-card\">\n                        <div class=\"card-body row\">\n                                                    <div class=\"col-sm-3\">\n                                <div class=\"img-responsive\">\n                                    <figure class=\"img-wrapper\">\n                                        <a href=\"https:\/\/iiczagabria.esteri.it\/hr\/gli_eventi\/calendario\/proiezione-del-cortometraggio-honeymoon\/\" title=\"Pro\u010ditaj \u010dlanak: Projekcija kratkometra\u017enog filma Honeymoon\">\n                                                                                            <img loading=\"lazy\" decoding=\"async\" width=\"214\" height=\"300\" src=\"https:\/\/iiczagabria.esteri.it\/wp-content\/uploads\/2026\/07\/Honeymoon-214x300.jpg\" srcset=\"https:\/\/iiczagabria.esteri.it\/wp-content\/uploads\/2026\/07\/Honeymoon.jpg 571w, https:\/\/iiczagabria.esteri.it\/wp-content\/uploads\/2026\/07\/Honeymoon-214x300.jpg 214w\" sizes=\"auto, (max-width: 571px) 100vw, 571px\"  title=\"Honeymoon\" alt=\"\" class=\"img-fluid\">\n                                                                                    <\/a>\n                                    <\/figure>\n                                <\/div>\n                            <\/div>\n                            <div class=\"col-sm-9\">\n                                                            <div class=\"category-top\">\n                                    <span class=\"fw-bold text-danger\">Gotovo<\/span>                                                                        <span class=\"data\">\n                                        <svg class=\"icon icon-secondary\">\n                                            <use xlink:href=\"https:\/\/iiczagabria.esteri.it\/wp-content\/themes\/sedi-tema\/assets\/svg\/sprites.svg#it-calendar\"><\/use>\n                                        <\/svg> Pet kol 21 2026                                    <\/span>\n                                                                    <\/div>\n                            <h5 class=\"card-title big-heading text-uppercase\"><a class=\"text-body text-decoration-none\" href=\"https:\/\/iiczagabria.esteri.it\/hr\/gli_eventi\/calendario\/proiezione-del-cortometraggio-honeymoon\/\" title=\"Projekcija kratkometra\u017enog filma Honeymoon\">Projekcija kratkometra\u017enog filma Honeymoon<\/a><\/h5>\n                            <p class=\"card-text\">U okviru Star Film Festa Projekcija kratkometra\u017enog filma Honeymoon (2024.) re\u017eija: Mattia Parlati Pri\u010da prati dvoje mladih zaljubljenih ljudi koji su razdvojeni zbog ekolo\u0161ke katastrofe i karantene. Iako su izolirani u svojim domovima i udaljeni jedno od drugoga, povezani su nevidljivom \u201ecrvenom niti\u201c. Kako bi pobjegao od te\u0161ke stvarnosti i suo\u010dio se s razdvojeno\u0161\u0107u, redatelj [&hellip;]<\/p>\n                                <a title=\"Projekcija kratkometra\u017enog filma Honeymoon\" class=\"read-more\" href=\"https:\/\/iiczagabria.esteri.it\/hr\/gli_eventi\/calendario\/proiezione-del-cortometraggio-honeymoon\/\">\n                                    <span class=\"text\">\u010citaj vi\u0161e<\/span>\n                                    <svg class=\"icon\">\n                                    <use xlink:href=\"https:\/\/iiczagabria.esteri.it\/wp-content\/themes\/sedi-tema\/assets\/svg\/sprites.svg#it-arrow-right\"><\/use>\n                                    <\/svg>\n                                <\/a>\n                                                        <\/div>\n                                                    <\/div>\n                    <\/div>\n                <\/div>\n                <!--end card-->\n                <\/div><!-- col-12 .mt-3-->\n                            <div class=\"col-12 mt-3\">\n                <!--start card-->\n                <div class=\"card-wrapper card-space\">\n                    <div class=\"card card-bg card-big border-bottom-card\">\n                        <div class=\"card-body row\">\n                                                    <div class=\"col-sm-3\">\n                                <div class=\"img-responsive\">\n                                    <figure class=\"img-wrapper\">\n                                        <a href=\"https:\/\/iiczagabria.esteri.it\/hr\/gli_eventi\/calendario\/spettacolo-degli-sbandieratori-e-musici-di-borgovelino\/\" title=\"Pro\u010ditaj \u010dlanak: Predstava skupine Sbandieratori e Musici di Borgovelino\">\n                                                                                            <img loading=\"lazy\" decoding=\"async\" width=\"300\" height=\"200\" src=\"https:\/\/iiczagabria.esteri.it\/wp-content\/uploads\/2026\/07\/Sbandieratori-300x200.jpg\" srcset=\"https:\/\/iiczagabria.esteri.it\/wp-content\/uploads\/2026\/07\/Sbandieratori.jpg 1920w, https:\/\/iiczagabria.esteri.it\/wp-content\/uploads\/2026\/07\/Sbandieratori-300x200.jpg 300w, https:\/\/iiczagabria.esteri.it\/wp-content\/uploads\/2026\/07\/Sbandieratori-1024x683.jpg 1024w, https:\/\/iiczagabria.esteri.it\/wp-content\/uploads\/2026\/07\/Sbandieratori-768x512.jpg 768w\" sizes=\"auto, (max-width: 1920px) 100vw, 1920px\"  title=\"Sbandieratori\" alt=\"\" class=\"img-fluid\">\n                                                                                    <\/a>\n                                    <\/figure>\n                                <\/div>\n                            <\/div>\n                            <div class=\"col-sm-9\">\n                                                            <div class=\"category-top\">\n                                    <span class=\"fw-bold text-danger\">Gotovo<\/span>                                                                        <span class=\"data\">\n                                        <svg class=\"icon icon-secondary\">\n                                            <use xlink:href=\"https:\/\/iiczagabria.esteri.it\/wp-content\/themes\/sedi-tema\/assets\/svg\/sprites.svg#it-calendar\"><\/use>\n                                        <\/svg> Ned kol 16 2026                                    <\/span>\n                                                                    <\/div>\n                            <h5 class=\"card-title big-heading text-uppercase\"><a class=\"text-body text-decoration-none\" href=\"https:\/\/iiczagabria.esteri.it\/hr\/gli_eventi\/calendario\/spettacolo-degli-sbandieratori-e-musici-di-borgovelino\/\" title=\"Predstava skupine Sbandieratori e Musici di Borgovelino\">Predstava skupine Sbandieratori e Musici di Borgovelino<\/a><\/h5>\n                            <p class=\"card-text\">Skupina Sbandieratori e Musici di Borgovelino povijesna je talijanska folklorna udruga iz istoimenog mjesta u regiji Lazio, osnovana 1974. godine. Grupa nastupa s tradicionalnim zastavama i glazbenim instrumentima te promi\u010de talijansku kulturu i tradiciju diljem svijeta. Tijekom godina grupa je sudjelovala na brojnim presti\u017enim doga\u0111anjima u Italiji i inozemstvu. Njihovi \u010dlanovi, mladi i odrasli, s [&hellip;]<\/p>\n                                <a title=\"Predstava skupine Sbandieratori e Musici di Borgovelino\" class=\"read-more\" href=\"https:\/\/iiczagabria.esteri.it\/hr\/gli_eventi\/calendario\/spettacolo-degli-sbandieratori-e-musici-di-borgovelino\/\">\n                                    <span class=\"text\">\u010citaj vi\u0161e<\/span>\n                                    <svg class=\"icon\">\n                                    <use xlink:href=\"https:\/\/iiczagabria.esteri.it\/wp-content\/themes\/sedi-tema\/assets\/svg\/sprites.svg#it-arrow-right\"><\/use>\n                                    <\/svg>\n                                <\/a>\n                                                        <\/div>\n                                                    <\/div>\n                    <\/div>\n                <\/div>\n                <!--end card-->\n                <\/div><!-- col-12 .mt-3-->\n                            <div class=\"col-12 mt-3\">\n                <!--start card-->\n                <div class=\"card-wrapper card-space\">\n                    <div class=\"card card-bg card-big border-bottom-card\">\n                        <div class=\"card-body row\">\n                                                    <div class=\"col-sm-3\">\n                                <div class=\"img-responsive\">\n                                    <figure class=\"img-wrapper\">\n                                        <a href=\"https:\/\/iiczagabria.esteri.it\/hr\/gli_eventi\/calendario\/majstorski-tecaj-i-koncert-massimiliana-ferratija\/\" title=\"Pro\u010ditaj \u010dlanak: Majstorski te\u010daj i koncert Massimiliana Ferratija\">\n                                                                                            <img loading=\"lazy\" decoding=\"async\" width=\"300\" height=\"169\" src=\"https:\/\/iiczagabria.esteri.it\/wp-content\/uploads\/2026\/07\/Ferrati-theatre-300x169.jpg\" srcset=\"https:\/\/iiczagabria.esteri.it\/wp-content\/uploads\/2026\/07\/Ferrati-theatre.jpg 1920w, https:\/\/iiczagabria.esteri.it\/wp-content\/uploads\/2026\/07\/Ferrati-theatre-300x169.jpg 300w, https:\/\/iiczagabria.esteri.it\/wp-content\/uploads\/2026\/07\/Ferrati-theatre-1024x576.jpg 1024w, https:\/\/iiczagabria.esteri.it\/wp-content\/uploads\/2026\/07\/Ferrati-theatre-768x432.jpg 768w\" sizes=\"auto, (max-width: 1920px) 100vw, 1920px\"  title=\"Ferrati-theatre\" alt=\"\" class=\"img-fluid\">\n                                                                                    <\/a>\n                                    <\/figure>\n                                <\/div>\n                            <\/div>\n                            <div class=\"col-sm-9\">\n                                                            <div class=\"category-top\">\n                                    <span class=\"fw-bold text-danger\">Gotovo<\/span>                                                                        <span class=\"data\">\n                                        <svg class=\"icon icon-secondary\">\n                                            <use xlink:href=\"https:\/\/iiczagabria.esteri.it\/wp-content\/themes\/sedi-tema\/assets\/svg\/sprites.svg#it-calendar\"><\/use>\n                                        <\/svg> Sub kol 15 2026<svg class=\"icon icon-xs icon-secondary me-1 ms-1\"><use href=\"https:\/\/iiczagabria.esteri.it\/wp-content\/themes\/sedi-tema\/assets\/svg\/sprites.svg#it-arrow-right\"><\/use><\/svg>Pon kol 24 2026                                    <\/span>\n                                                                    <\/div>\n                            <h5 class=\"card-title big-heading text-uppercase\"><a class=\"text-body text-decoration-none\" href=\"https:\/\/iiczagabria.esteri.it\/hr\/gli_eventi\/calendario\/majstorski-tecaj-i-koncert-massimiliana-ferratija\/\" title=\"Majstorski te\u010daj i koncert Massimiliana Ferratija\">Majstorski te\u010daj i koncert Massimiliana Ferratija<\/a><\/h5>\n                            <p class=\"card-text\">U suradnji s Hrvatskom glazbenom mlade\u017ei u okviru Ljetne pijanisti\u010dke \u0161kole u Gro\u017enjanu Massimiliano Ferrati jedan je od najuglednijih talijanskih pijanista svoje generacije, poznat po iznimnoj muzikalnosti, vrhunskoj tehni\u010dkoj virtuoznosti i karizmati\u010dnim interpretacijama. Ro\u0111en u Adriji 1970. godine, diplomirao je na Dr\u017eavnom konzervatoriju \u201eA. Buzzolla\u201d u Adriji s najvi\u0161om ocjenom, pohvalom (summa cum laude) i [&hellip;]<\/p>\n                                <a title=\"Majstorski te\u010daj i koncert Massimiliana Ferratija\" class=\"read-more\" href=\"https:\/\/iiczagabria.esteri.it\/hr\/gli_eventi\/calendario\/majstorski-tecaj-i-koncert-massimiliana-ferratija\/\">\n                                    <span class=\"text\">\u010citaj vi\u0161e<\/span>\n                                    <svg class=\"icon\">\n                                    <use xlink:href=\"https:\/\/iiczagabria.esteri.it\/wp-content\/themes\/sedi-tema\/assets\/svg\/sprites.svg#it-arrow-right\"><\/use>\n                                    <\/svg>\n                                <\/a>\n                                                        <\/div>\n                                                    <\/div>\n                    <\/div>\n                <\/div>\n                <!--end card-->\n                <\/div><!-- col-12 .mt-3-->\n                            <div class=\"col-12 mt-3\">\n                <!--start card-->\n                <div class=\"card-wrapper card-space\">\n                    <div class=\"card card-bg card-big border-bottom-card\">\n                        <div class=\"card-body row\">\n                                                    <div class=\"col-sm-3\">\n                                <div class=\"img-responsive\">\n                                    <figure class=\"img-wrapper\">\n                                        <a href=\"https:\/\/iiczagabria.esteri.it\/hr\/gli_eventi\/calendario\/son-io-cosa-vostra-donne-maschere-e-musicagoldoni-oggi\/\" title=\"Pro\u010ditaj \u010dlanak: \u201eJesam li ja va\u0161a stvar? &#8211; \u017eene, maske i glazba&#8230; Goldoni danas\u201c\">\n                                                                                            <img loading=\"lazy\" decoding=\"async\" width=\"240\" height=\"300\" src=\"https:\/\/iiczagabria.esteri.it\/wp-content\/uploads\/2026\/07\/Sono-io-240x300.jpg\" srcset=\"https:\/\/iiczagabria.esteri.it\/wp-content\/uploads\/2026\/07\/Sono-io.jpg 680w, https:\/\/iiczagabria.esteri.it\/wp-content\/uploads\/2026\/07\/Sono-io-240x300.jpg 240w\" sizes=\"auto, (max-width: 680px) 100vw, 680px\"  title=\"Sono io\" alt=\"\" class=\"img-fluid\">\n                                                                                    <\/a>\n                                    <\/figure>\n                                <\/div>\n                            <\/div>\n                            <div class=\"col-sm-9\">\n                                                            <div class=\"category-top\">\n                                    <span class=\"fw-bold text-danger\">Gotovo<\/span>                                                                        <span class=\"data\">\n                                        <svg class=\"icon icon-secondary\">\n                                            <use xlink:href=\"https:\/\/iiczagabria.esteri.it\/wp-content\/themes\/sedi-tema\/assets\/svg\/sprites.svg#it-calendar\"><\/use>\n                                        <\/svg> \u010cet kol 13 2026                                    <\/span>\n                                                                    <\/div>\n                            <h5 class=\"card-title big-heading text-uppercase\"><a class=\"text-body text-decoration-none\" href=\"https:\/\/iiczagabria.esteri.it\/hr\/gli_eventi\/calendario\/son-io-cosa-vostra-donne-maschere-e-musicagoldoni-oggi\/\" title=\"\u201eJesam li ja va\u0161a stvar? &#8211; \u017eene, maske i glazba&#8230; Goldoni danas\u201c\">\u201eJesam li ja va\u0161a stvar? &#8211; \u017eene, maske i glazba&#8230; Goldoni danas\u201c<\/a><\/h5>\n                            <p class=\"card-text\">Predstava kazali\u0161ne dru\u017eine Hellequin (Pordenone) u okviru Bembo Festa re\u017eija: Ferruccio Merisi igraju: Lucia Zaghet, Giulia Colussi i Daria Sadovskaia glazbenici na sceni: Alice Gaspardo e Jacopo Pittino Ova predstava, kroz suvremeni pogled, ponovno otkriva svijet Carla Goldonija, velikog reformatora talijanskog kazali\u0161ta 18. stolje\u0107a. Ovo je posveta \u017eenama u Goldonijevim djelima \u2013 lagana u izrazu, [&hellip;]<\/p>\n                                <a title=\"\u201eJesam li ja va\u0161a stvar? &#8211; \u017eene, maske i glazba&#8230; Goldoni danas\u201c\" class=\"read-more\" href=\"https:\/\/iiczagabria.esteri.it\/hr\/gli_eventi\/calendario\/son-io-cosa-vostra-donne-maschere-e-musicagoldoni-oggi\/\">\n                                    <span class=\"text\">\u010citaj vi\u0161e<\/span>\n                                    <svg class=\"icon\">\n                                    <use xlink:href=\"https:\/\/iiczagabria.esteri.it\/wp-content\/themes\/sedi-tema\/assets\/svg\/sprites.svg#it-arrow-right\"><\/use>\n                                    <\/svg>\n                                <\/a>\n                                                        <\/div>\n                                                    <\/div>\n                    <\/div>\n                <\/div>\n                <!--end card-->\n                <\/div><!-- col-12 .mt-3-->\n                            <div class=\"col-12 mt-3\">\n                <!--start card-->\n                <div class=\"card-wrapper card-space\">\n                    <div class=\"card card-bg card-big border-bottom-card\">\n                        <div class=\"card-body row\">\n                                                    <div class=\"col-sm-3\">\n                                <div class=\"img-responsive\">\n                                    <figure class=\"img-wrapper\">\n                                        <a href=\"https:\/\/iiczagabria.esteri.it\/hr\/gli_eventi\/calendario\/proiezioni-del-film-italiano-il-maestro\/\" title=\"Pro\u010ditaj \u010dlanak: Projekcije talijanskog filma: Maestro\">\n                                                                                            <img loading=\"lazy\" decoding=\"async\" width=\"240\" height=\"300\" src=\"https:\/\/iiczagabria.esteri.it\/wp-content\/uploads\/2026\/07\/Il-maestro-240x300.jpg\" srcset=\"https:\/\/iiczagabria.esteri.it\/wp-content\/uploads\/2026\/07\/Il-maestro.jpg 1639w, https:\/\/iiczagabria.esteri.it\/wp-content\/uploads\/2026\/07\/Il-maestro-240x300.jpg 240w, https:\/\/iiczagabria.esteri.it\/wp-content\/uploads\/2026\/07\/Il-maestro-820x1024.jpg 820w, https:\/\/iiczagabria.esteri.it\/wp-content\/uploads\/2026\/07\/Il-maestro-768x960.jpg 768w\" sizes=\"auto, (max-width: 1639px) 100vw, 1639px\"  title=\"Il maestro\" alt=\"\" class=\"img-fluid\">\n                                                                                    <\/a>\n                                    <\/figure>\n                                <\/div>\n                            <\/div>\n                            <div class=\"col-sm-9\">\n                                                            <div class=\"category-top\">\n                                    <span class=\"fw-bold text-danger\">Gotovo<\/span>                                                                        <span class=\"data\">\n                                        <svg class=\"icon icon-secondary\">\n                                            <use xlink:href=\"https:\/\/iiczagabria.esteri.it\/wp-content\/themes\/sedi-tema\/assets\/svg\/sprites.svg#it-calendar\"><\/use>\n                                        <\/svg> Sub srp 25 2026<svg class=\"icon icon-xs icon-secondary me-1 ms-1\"><use href=\"https:\/\/iiczagabria.esteri.it\/wp-content\/themes\/sedi-tema\/assets\/svg\/sprites.svg#it-arrow-right\"><\/use><\/svg>Ned srp 26 2026                                    <\/span>\n                                                                    <\/div>\n                            <h5 class=\"card-title big-heading text-uppercase\"><a class=\"text-body text-decoration-none\" href=\"https:\/\/iiczagabria.esteri.it\/hr\/gli_eventi\/calendario\/proiezioni-del-film-italiano-il-maestro\/\" title=\"Projekcije talijanskog filma: Maestro\">Projekcije talijanskog filma: Maestro<\/a><\/h5>\n                            <p class=\"card-text\">U sklopu Cinehill festivala Maestro (2025.) redatelj: Andrea Di Stefano Ljeto, kraj osamdesetih. Nakon godina napornih treninga i strogih pravila, trinaestogodi\u0161nji Felice, na \u010dijim ramenima po\u010divaju sva o\u010deva o\u010dekivanja, napokon dolazi na nacionalne teniske turnire. Kako bi ga \u0161to bolje pripremio, otac ga povjerava samozvanom biv\u0161em prvaku Raulu Gattiju, koji se \u010dak hvali da je [&hellip;]<\/p>\n                                <a title=\"Projekcije talijanskog filma: Maestro\" class=\"read-more\" href=\"https:\/\/iiczagabria.esteri.it\/hr\/gli_eventi\/calendario\/proiezioni-del-film-italiano-il-maestro\/\">\n                                    <span class=\"text\">\u010citaj vi\u0161e<\/span>\n                                    <svg class=\"icon\">\n                                    <use xlink:href=\"https:\/\/iiczagabria.esteri.it\/wp-content\/themes\/sedi-tema\/assets\/svg\/sprites.svg#it-arrow-right\"><\/use>\n                                    <\/svg>\n                                <\/a>\n                                                        <\/div>\n                                                    <\/div>\n                    <\/div>\n                <\/div>\n                <!--end card-->\n                <\/div><!-- col-12 .mt-3-->\n                            <div class=\"col-12 mt-3\">\n                <!--start card-->\n                <div class=\"card-wrapper card-space\">\n                    <div class=\"card card-bg card-big border-bottom-card\">\n                        <div class=\"card-body row\">\n                                                    <div class=\"col-sm-3\">\n                                <div class=\"img-responsive\">\n                                    <figure class=\"img-wrapper\">\n                                        <a href=\"https:\/\/iiczagabria.esteri.it\/hr\/gli_eventi\/calendario\/proiezione-del-film-documentario-i-leoni-di-lissa\/\" title=\"Pro\u010ditaj \u010dlanak: projekcija dokumentarnog filma: Lavovi Visa\">\n                                                                                            <img loading=\"lazy\" decoding=\"async\" width=\"300\" height=\"201\" src=\"https:\/\/iiczagabria.esteri.it\/wp-content\/uploads\/2026\/06\/Leoni-di-Lissa-300x201.jpg\" srcset=\"https:\/\/iiczagabria.esteri.it\/wp-content\/uploads\/2026\/06\/Leoni-di-Lissa.jpg 1280w, https:\/\/iiczagabria.esteri.it\/wp-content\/uploads\/2026\/06\/Leoni-di-Lissa-300x201.jpg 300w, https:\/\/iiczagabria.esteri.it\/wp-content\/uploads\/2026\/06\/Leoni-di-Lissa-1024x685.jpg 1024w, https:\/\/iiczagabria.esteri.it\/wp-content\/uploads\/2026\/06\/Leoni-di-Lissa-768x514.jpg 768w\" sizes=\"auto, (max-width: 1280px) 100vw, 1280px\"  title=\"Leoni di Lissa\" alt=\"\" class=\"img-fluid\">\n                                                                                    <\/a>\n                                    <\/figure>\n                                <\/div>\n                            <\/div>\n                            <div class=\"col-sm-9\">\n                                                            <div class=\"category-top\">\n                                    <span class=\"fw-bold text-danger\">Gotovo<\/span>                                                                        <span class=\"data\">\n                                        <svg class=\"icon icon-secondary\">\n                                            <use xlink:href=\"https:\/\/iiczagabria.esteri.it\/wp-content\/themes\/sedi-tema\/assets\/svg\/sprites.svg#it-calendar\"><\/use>\n                                        <\/svg> Pon srp 20 2026                                    <\/span>\n                                                                    <\/div>\n                            <h5 class=\"card-title big-heading text-uppercase\"><a class=\"text-body text-decoration-none\" href=\"https:\/\/iiczagabria.esteri.it\/hr\/gli_eventi\/calendario\/proiezione-del-film-documentario-i-leoni-di-lissa\/\" title=\"projekcija dokumentarnog filma: Lavovi Visa\">projekcija dokumentarnog filma: Lavovi Visa<\/a><\/h5>\n                            <p class=\"card-text\">Povodom obilje\u017eavanja 160. obljetnice bitke kod Visa projekcija dokumentarnog filma Lavovi Visa (2019.) redatelj: Nicol\u00f2 Bongiorno \u201eLavovi Visa\u201c dokumentarni je akcijsko-avanturisti\u010dki film koji priziva pri\u010du o legendarnoj Vi\u0161koj bitci (1866.), simboli\u010dnom sukobu i ikoni moderne pomorske povijesti. Radnja se odvija u vodama oko Visa, stazama sje\u0107anja, u srcu Jadranskog mora koje je kolijevka junaka i [&hellip;]<\/p>\n                                <a title=\"projekcija dokumentarnog filma: Lavovi Visa\" class=\"read-more\" href=\"https:\/\/iiczagabria.esteri.it\/hr\/gli_eventi\/calendario\/proiezione-del-film-documentario-i-leoni-di-lissa\/\">\n                                    <span class=\"text\">\u010citaj vi\u0161e<\/span>\n                                    <svg class=\"icon\">\n                                    <use xlink:href=\"https:\/\/iiczagabria.esteri.it\/wp-content\/themes\/sedi-tema\/assets\/svg\/sprites.svg#it-arrow-right\"><\/use>\n                                    <\/svg>\n                                <\/a>\n                                                        <\/div>\n                                                    <\/div>\n                    <\/div>\n                <\/div>\n                <!--end card-->\n                <\/div><!-- col-12 .mt-3-->\n                            <div class=\"col-12 mt-3\">\n                <!--start card-->\n                <div class=\"card-wrapper card-space\">\n                    <div class=\"card card-bg card-big border-bottom-card\">\n                        <div class=\"card-body row\">\n                                                    <div class=\"col-sm-3\">\n                                <div class=\"img-responsive\">\n                                    <figure class=\"img-wrapper\">\n                                        <a href=\"https:\/\/iiczagabria.esteri.it\/hr\/gli_eventi\/calendario\/il-carro-di-tespi-il-teatro-italiano-in-piazza-11-25-luglio\/\" title=\"Pro\u010ditaj \u010dlanak: U sklopu kazali\u0161ne revije Il Carro di Tespi \u2013 Il teatro italiano in piazza (11. -25. srpnja)\">\n                                                                                            <img loading=\"lazy\" decoding=\"async\" width=\"300\" height=\"300\" src=\"https:\/\/iiczagabria.esteri.it\/wp-content\/uploads\/2026\/07\/0-Il-carro-di-Tespi-2026-Post-quadrato-1-300x300.jpg\" srcset=\"https:\/\/iiczagabria.esteri.it\/wp-content\/uploads\/2026\/07\/0-Il-carro-di-Tespi-2026-Post-quadrato-1.jpg 1749w, https:\/\/iiczagabria.esteri.it\/wp-content\/uploads\/2026\/07\/0-Il-carro-di-Tespi-2026-Post-quadrato-1-300x300.jpg 300w, https:\/\/iiczagabria.esteri.it\/wp-content\/uploads\/2026\/07\/0-Il-carro-di-Tespi-2026-Post-quadrato-1-1024x1024.jpg 1024w, https:\/\/iiczagabria.esteri.it\/wp-content\/uploads\/2026\/07\/0-Il-carro-di-Tespi-2026-Post-quadrato-1-150x150.jpg 150w, https:\/\/iiczagabria.esteri.it\/wp-content\/uploads\/2026\/07\/0-Il-carro-di-Tespi-2026-Post-quadrato-1-768x768.jpg 768w\" sizes=\"auto, (max-width: 1749px) 100vw, 1749px\"  title=\"0 &#8211; Il carro di Tespi &#8211; 2026 &#8211; Post quadrato\" alt=\"\" class=\"img-fluid\">\n                                                                                    <\/a>\n                                    <\/figure>\n                                <\/div>\n                            <\/div>\n                            <div class=\"col-sm-9\">\n                                                            <div class=\"category-top\">\n                                    <span class=\"fw-bold text-danger\">Gotovo<\/span>                                                                        <span class=\"data\">\n                                        <svg class=\"icon icon-secondary\">\n                                            <use xlink:href=\"https:\/\/iiczagabria.esteri.it\/wp-content\/themes\/sedi-tema\/assets\/svg\/sprites.svg#it-calendar\"><\/use>\n                                        <\/svg> Sub srp 11 2026<svg class=\"icon icon-xs icon-secondary me-1 ms-1\"><use href=\"https:\/\/iiczagabria.esteri.it\/wp-content\/themes\/sedi-tema\/assets\/svg\/sprites.svg#it-arrow-right\"><\/use><\/svg>Sub srp 25 2026                                    <\/span>\n                                                                    <\/div>\n                            <h5 class=\"card-title big-heading text-uppercase\"><a class=\"text-body text-decoration-none\" href=\"https:\/\/iiczagabria.esteri.it\/hr\/gli_eventi\/calendario\/il-carro-di-tespi-il-teatro-italiano-in-piazza-11-25-luglio\/\" title=\"U sklopu kazali\u0161ne revije Il Carro di Tespi \u2013 Il teatro italiano in piazza (11. -25. srpnja)\">U sklopu kazali\u0161ne revije Il Carro di Tespi \u2013 Il teatro italiano in piazza (11. -25. srpnja)<\/a><\/h5>\n                            <p class=\"card-text\">Mandragola Po tekstu Niccoloa Macchiavellija Stivalaccio Teatro iz Vicenze Opsjednut \u017eeljom da dobije nasljednika, Messer Nicia postaje \u017ertva spletke koju smi\u0161ljaju lukaviji od njega. Kroz prijevare, ambicije i licemjerje, Mandragola Niccol\u00f2a Machiavellija isprepli\u0107e humor i dru\u0161tvenu kritiku u jednom od remek-djela renesansnog kazali\u0161ta. Predstava reinterpretira ovaj klasik kroz jezik Commedije dell\u2019Arte, uz maske, dijalekte, glazbu [&hellip;]<\/p>\n                                <a title=\"U sklopu kazali\u0161ne revije Il Carro di Tespi \u2013 Il teatro italiano in piazza (11. -25. srpnja)\" class=\"read-more\" href=\"https:\/\/iiczagabria.esteri.it\/hr\/gli_eventi\/calendario\/il-carro-di-tespi-il-teatro-italiano-in-piazza-11-25-luglio\/\">\n                                    <span class=\"text\">\u010citaj vi\u0161e<\/span>\n                                    <svg class=\"icon\">\n                                    <use xlink:href=\"https:\/\/iiczagabria.esteri.it\/wp-content\/themes\/sedi-tema\/assets\/svg\/sprites.svg#it-arrow-right\"><\/use>\n                                    <\/svg>\n                                <\/a>\n                                                        <\/div>\n                                                    <\/div>\n                    <\/div>\n                <\/div>\n                <!--end card-->\n                <\/div><!-- col-12 .mt-3-->\n                            <div class=\"col-12 mt-3\">\n                <!--start card-->\n                <div class=\"card-wrapper card-space\">\n                    <div class=\"card card-bg card-big border-bottom-card\">\n                        <div class=\"card-body row\">\n                                                    <div class=\"col-sm-3\">\n                                <div class=\"img-responsive\">\n                                    <figure class=\"img-wrapper\">\n                                        <a href=\"https:\/\/iiczagabria.esteri.it\/hr\/gli_eventi\/calendario\/proiezioni-del-film-italiano-le-cose-non-dette\/\" title=\"Pro\u010ditaj \u010dlanak: Projekcije talijanskog filma: Ono \u0161to je ostalo neizre\u010deno\">\n                                                                                            <img loading=\"lazy\" decoding=\"async\" width=\"300\" height=\"169\" src=\"https:\/\/iiczagabria.esteri.it\/wp-content\/uploads\/2026\/06\/Le-cose-non-dette-300x169.jpg\" srcset=\"https:\/\/iiczagabria.esteri.it\/wp-content\/uploads\/2026\/06\/Le-cose-non-dette.jpg 1280w, https:\/\/iiczagabria.esteri.it\/wp-content\/uploads\/2026\/06\/Le-cose-non-dette-300x169.jpg 300w, https:\/\/iiczagabria.esteri.it\/wp-content\/uploads\/2026\/06\/Le-cose-non-dette-1024x576.jpg 1024w, https:\/\/iiczagabria.esteri.it\/wp-content\/uploads\/2026\/06\/Le-cose-non-dette-768x432.jpg 768w\" sizes=\"auto, (max-width: 1280px) 100vw, 1280px\"  title=\"Le cose non dette\" alt=\"\" class=\"img-fluid\">\n                                                                                    <\/a>\n                                    <\/figure>\n                                <\/div>\n                            <\/div>\n                            <div class=\"col-sm-9\">\n                                                            <div class=\"category-top\">\n                                    <span class=\"fw-bold text-danger\">Gotovo<\/span>                                                                        <span class=\"data\">\n                                        <svg class=\"icon icon-secondary\">\n                                            <use xlink:href=\"https:\/\/iiczagabria.esteri.it\/wp-content\/themes\/sedi-tema\/assets\/svg\/sprites.svg#it-calendar\"><\/use>\n                                        <\/svg> Pet srp 10 2026<svg class=\"icon icon-xs icon-secondary me-1 ms-1\"><use href=\"https:\/\/iiczagabria.esteri.it\/wp-content\/themes\/sedi-tema\/assets\/svg\/sprites.svg#it-arrow-right\"><\/use><\/svg>Uto srp 14 2026                                    <\/span>\n                                                                    <\/div>\n                            <h5 class=\"card-title big-heading text-uppercase\"><a class=\"text-body text-decoration-none\" href=\"https:\/\/iiczagabria.esteri.it\/hr\/gli_eventi\/calendario\/proiezioni-del-film-italiano-le-cose-non-dette\/\" title=\"Projekcije talijanskog filma: Ono \u0161to je ostalo neizre\u010deno\">Projekcije talijanskog filma: Ono \u0161to je ostalo neizre\u010deno<\/a><\/h5>\n                            <p class=\"card-text\">U sklopu Festivala europskog filma a u suradnji Eunic Cluster Croatia, projekcije talijanskog filma: Ono \u0161to je ostalo neizre\u010deno redatelj: Gabriele Muccino Izme\u0111u Tangera i Rima ispreple\u0107u se sudbine nekoliko likova \u010diji se odnosi postupno mijenjaju pod pritiskom \u017eelja, razo\u010daranja, obiteljskih veza i pre\u0161u\u0107enih istina. Carlo i Elisa putuju u Maroko s prijateljima Annom i [&hellip;]<\/p>\n                                <a title=\"Projekcije talijanskog filma: Ono \u0161to je ostalo neizre\u010deno\" class=\"read-more\" href=\"https:\/\/iiczagabria.esteri.it\/hr\/gli_eventi\/calendario\/proiezioni-del-film-italiano-le-cose-non-dette\/\">\n                                    <span class=\"text\">\u010citaj vi\u0161e<\/span>\n                                    <svg class=\"icon\">\n                                    <use xlink:href=\"https:\/\/iiczagabria.esteri.it\/wp-content\/themes\/sedi-tema\/assets\/svg\/sprites.svg#it-arrow-right\"><\/use>\n                                    <\/svg>\n                                <\/a>\n                                                        <\/div>\n                                                    <\/div>\n                    <\/div>\n                <\/div>\n                <!--end card-->\n                <\/div><!-- col-12 .mt-3-->\n            \n            <div class=\"col-md-12 mt-4 pb-4\">\n                <nav class=\"navigation col-md-12\" aria-label=\"Navigation\">\n                    <h2 class=\"screen-reader-text visually-hidden\">Stranica br<\/h2>\n                    <div class=\"nav-links\">\n                    <span aria-current=\"page\" class=\"page-numbers current\">1<\/span>\n<a class=\"page-numbers\" href=\"https:\/\/iiczagabria.esteri.it\/hr\/wp-json\/wp\/v2\/pages\/5585\/?pag=2\">2<\/a>\n<a class=\"page-numbers\" href=\"https:\/\/iiczagabria.esteri.it\/hr\/wp-json\/wp\/v2\/pages\/5585\/?pag=3\">3<\/a>\n<span class=\"page-numbers dots\">&hellip;<\/span>\n<a class=\"page-numbers\" href=\"https:\/\/iiczagabria.esteri.it\/hr\/wp-json\/wp\/v2\/pages\/5585\/?pag=90\">90<\/a>\n<a class=\"next page-numbers\" href=\"https:\/\/iiczagabria.esteri.it\/hr\/wp-json\/wp\/v2\/pages\/5585\/?pag=2\"><svg class=\"icon icon-primary\"><use xlink:href=\"https:\/\/iiczagabria.esteri.it\/wp-content\/themes\/sedi-tema\/assets\/svg\/sprites.svg#it-chevron-right\"><\/use><\/svg>\n                                    <span class=\"visually-hidden\">Sljede\u0107a stranica<\/span><\/a>                    <\/div>\n                <\/nav>\n            <\/div>   <!--.col-md-12 -->\n              <\/div><!--.row -->\n              \n","protected":false},"excerpt":{"rendered":"","protected":false},"author":1,"featured_media":0,"parent":94,"menu_order":0,"comment_status":"closed","ping_status":"closed","template":"","meta":{"footnotes":""},"class_list":["post-5585","page","type-page","status-publish","hentry"],"_links":{"self":[{"href":"https:\/\/iiczagabria.esteri.it\/hr\/wp-json\/wp\/v2\/pages\/5585","targetHints":{"allow":["GET"]}}],"collection":[{"href":"https:\/\/iiczagabria.esteri.it\/hr\/wp-json\/wp\/v2\/pages"}],"about":[{"href":"https:\/\/iiczagabria.esteri.it\/hr\/wp-json\/wp\/v2\/types\/page"}],"author":[{"embeddable":true,"href":"https:\/\/iiczagabria.esteri.it\/hr\/wp-json\/wp\/v2\/users\/1"}],"replies":[{"embeddable":true,"href":"https:\/\/iiczagabria.esteri.it\/hr\/wp-json\/wp\/v2\/comments?post=5585"}],"version-history":[{"count":1,"href":"https:\/\/iiczagabria.esteri.it\/hr\/wp-json\/wp\/v2\/pages\/5585\/revisions"}],"predecessor-version":[{"id":6585,"href":"https:\/\/iiczagabria.esteri.it\/hr\/wp-json\/wp\/v2\/pages\/5585\/revisions\/6585"}],"up":[{"embeddable":true,"href":"https:\/\/iiczagabria.esteri.it\/hr\/wp-json\/wp\/v2\/pages\/94"}],"wp:attachment":[{"href":"https:\/\/iiczagabria.esteri.it\/hr\/wp-json\/wp\/v2\/media?parent=5585"}],"curies":[{"name":"wp","href":"https:\/\/api.w.org\/{rel}","templated":true}]}}