{"id":17,"date":"2023-04-03T20:31:30","date_gmt":"2023-04-03T18:31:30","guid":{"rendered":"https:\/\/istitutobuenosaires.esteri.it\/?page_id=17"},"modified":"2023-04-04T19:05:48","modified_gmt":"2023-04-04T17:05:48","slug":"gli_eventi","status":"publish","type":"page","link":"https:\/\/iiczagabria.esteri.it\/it\/gli_eventi\/","title":{"rendered":"Eventi"},"content":{"rendered":"        <div class=\"row\">\n\t\t\t<!-- Ricerca sedi post -->\n\t\t\t<div class=\"col-12 mt-4\">\n\t\t\t  <div class=\"callout callout-highlight note ricerca-esteri p-4\">\n                    <div class=\"callout-title\">\n                        <svg class=\"icon\">\n                            <use xlink:href=\"https:\/\/iiczagabria.esteri.it\/wp-content\/themes\/sedi-tema\/assets\/svg\/sprites.svg#it-search\"><\/use>\n                        <\/svg>Inserisci i parametri di ricerca                    <\/div>\n                    <form id=\"searchFormPost\" name=\"form-search-post\" class=\"form-row align-items-center\" action=\"https:\/\/iiczagabria.esteri.it\/it\/wp-json\/wp\/v2\/pages\/17\/\" method=\"GET\"> \n                        <!-- <div class=\"form-group pt-5\"> -->\n                            <!-- <input type=\"hidden\" id=\"lang\" name=\"lang\" value=\"\"> --> <!-- <\/div> -->\n\n                        <div class=\"it-datepicker-wrapper\">\n                            <div class=\"row\">\n                                <div class=\"form-group col-md-6\">\n                                    <label class=\"active\" for=\"date-init\">Dal<\/label>\n                                    <input class=\"form-control\" name=\"date-init\" id=\"date-init\" type=\"date\" placeholder=\"gg\/mm\/aaaa\" value=\"\"lang=\"en-EN\">  \n                                <\/div>\n                                <div class=\"form-group col-md-6\">\n                                    <label class=\"active\" for=\"date-end\">Al<\/label>\n                                    <input class=\"form-control\" name=\"date-end\" id=\"date-end\" type=\"date\" placeholder=\"gg\/mm\/aaaa\" value=\"\">\n                                <\/div>\n                            <\/div>\n                        <\/div>\n                        <div class=\"form-group col-md-12 mt-3\">\n                            <label for=\"searchText\">Campo ricerca libera<\/label>\n                            <input type=\"text\" name=\"searchText\" class=\"form-control\" id=\"searchText\" value=\"\">\n                        <\/div>\n                        <div class=\"form-group col-md-4 offset-md-8 text-end\">\n                            <a href=\"https:\/\/iiczagabria.esteri.it\/it\/gli_eventi\/\" title=\"Form reset\" id=\"resetImput\" class=\"btn btn-outline-primary btn-xs\">Reset<\/a>\n                            <button type=\"submit\" class=\"btn btn-primary btn-xs\">Mostra risultati<\/button>\n                        <\/div>\n                    <\/form>\n\t\t\t\t<\/div>\n\t\t\t<\/div>\n\t\t<\/div>\n                    \n            <div class=\"row\">\n                            <div class=\"col-12 mt-3\">\n                <!--start card-->\n                <div class=\"card-wrapper card-space\">\n                    <div class=\"card card-bg card-big border-bottom-card\">\n                        <div class=\"card-body row\">\n                                                    <div class=\"col-sm-3\">\n                                <div class=\"img-responsive\">\n                                    <figure class=\"img-wrapper\">\n                                        <a href=\"https:\/\/iiczagabria.esteri.it\/it\/gli_eventi\/calendario\/mostra-fotografica-di-mario-boccia-sarajevo-1992-1996-lassedio-piu-lungo\/\" title=\"Leggi l'articolo: Mostra fotografica di Mario Boccia: Sarajevo 1992 \u2013 1996 \u2013 l\u2019assedio pi\u00f9 lungo\">\n                                                                                            <img loading=\"lazy\" decoding=\"async\" width=\"300\" height=\"212\" src=\"https:\/\/iiczagabria.esteri.it\/wp-content\/uploads\/2026\/04\/Sarajevo-300x212.jpg\" srcset=\"https:\/\/iiczagabria.esteri.it\/wp-content\/uploads\/2026\/04\/Sarajevo.jpg 1920w, https:\/\/iiczagabria.esteri.it\/wp-content\/uploads\/2026\/04\/Sarajevo-300x212.jpg 300w, https:\/\/iiczagabria.esteri.it\/wp-content\/uploads\/2026\/04\/Sarajevo-1024x723.jpg 1024w, https:\/\/iiczagabria.esteri.it\/wp-content\/uploads\/2026\/04\/Sarajevo-768x542.jpg 768w\" sizes=\"auto, (max-width: 1920px) 100vw, 1920px\"  title=\"Sarajevo\" alt=\"\" class=\"img-fluid\">\n                                                                                    <\/a>\n                                    <\/figure>\n                                <\/div>\n                            <\/div>\n                            <div class=\"col-sm-9\">\n                                                            <div class=\"category-top\">\n                                    <span class=\"fw-bold text-success\">In corso<\/span>                                                                        <span class=\"data\">\n                                        <svg class=\"icon icon-secondary\">\n                                            <use xlink:href=\"https:\/\/iiczagabria.esteri.it\/wp-content\/themes\/sedi-tema\/assets\/svg\/sprites.svg#it-calendar\"><\/use>\n                                        <\/svg> Mar 05 Mag 2026<svg class=\"icon icon-xs icon-secondary me-1 ms-1\"><use href=\"https:\/\/iiczagabria.esteri.it\/wp-content\/themes\/sedi-tema\/assets\/svg\/sprites.svg#it-arrow-right\"><\/use><\/svg>Mar 01 Set 2026                                    <\/span>\n                                                                    <\/div>\n                            <h5 class=\"card-title big-heading text-uppercase\"><a class=\"text-body text-decoration-none\" href=\"https:\/\/iiczagabria.esteri.it\/it\/gli_eventi\/calendario\/mostra-fotografica-di-mario-boccia-sarajevo-1992-1996-lassedio-piu-lungo\/\" title=\"Mostra fotografica di Mario Boccia: Sarajevo 1992 \u2013 1996 \u2013 l\u2019assedio pi\u00f9 lungo\">Mostra fotografica di Mario Boccia: Sarajevo 1992 \u2013 1996 \u2013 l\u2019assedio pi\u00f9 lungo<\/a><\/h5>\n                            <p class=\"card-text\">La mostra racconta attraverso scatti in bianco e nero la dura quotidianit\u00e0 degli abitanti di Sarajevo durante gli anni di distruzione della loro citt\u00e0. Queste fotografie non sono solo testimonianza di devastazione e perdita, ma anche di speranza, dignit\u00e0 e dei gesti invisibili di solidariet\u00e0 che hanno tenuto unita la comunit\u00e0 cittadina. Mario Boccia, fotogiornalista [&hellip;]<\/p>\n                                <a title=\"Mostra fotografica di Mario Boccia: Sarajevo 1992 \u2013 1996 \u2013 l\u2019assedio pi\u00f9 lungo\" class=\"read-more\" href=\"https:\/\/iiczagabria.esteri.it\/it\/gli_eventi\/calendario\/mostra-fotografica-di-mario-boccia-sarajevo-1992-1996-lassedio-piu-lungo\/\">\n                                    <span class=\"text\">Leggi di pi\u00f9<\/span>\n                                    <svg class=\"icon\">\n                                    <use xlink:href=\"https:\/\/iiczagabria.esteri.it\/wp-content\/themes\/sedi-tema\/assets\/svg\/sprites.svg#it-arrow-right\"><\/use>\n                                    <\/svg>\n                                <\/a>\n                                                        <\/div>\n                                                    <\/div>\n                    <\/div>\n                <\/div>\n                <!--end card-->\n                <\/div><!-- col-12 .mt-3-->\n                            <div class=\"col-12 mt-3\">\n                <!--start card-->\n                <div class=\"card-wrapper card-space\">\n                    <div class=\"card card-bg card-big border-bottom-card\">\n                        <div class=\"card-body row\">\n                                                    <div class=\"col-sm-3\">\n                                <div class=\"img-responsive\">\n                                    <figure class=\"img-wrapper\">\n                                        <a href=\"https:\/\/iiczagabria.esteri.it\/it\/gli_eventi\/calendario\/isolaria-mostra-fotografica-di-corinna-del-bianco-3\/\" title=\"Leggi l'articolo: ISOLARIA &#8211; mostra fotografica di Corinna Del Bianco\">\n                                                                                            <img loading=\"lazy\" decoding=\"async\" width=\"300\" height=\"300\" src=\"https:\/\/iiczagabria.esteri.it\/wp-content\/uploads\/2025\/11\/Isolaria-300x300.png\" srcset=\"https:\/\/iiczagabria.esteri.it\/wp-content\/uploads\/2025\/11\/Isolaria.png 500w, https:\/\/iiczagabria.esteri.it\/wp-content\/uploads\/2025\/11\/Isolaria-300x300.png 300w, https:\/\/iiczagabria.esteri.it\/wp-content\/uploads\/2025\/11\/Isolaria-150x150.png 150w\" sizes=\"auto, (max-width: 500px) 100vw, 500px\"  title=\"Isolaria\" alt=\"\" class=\"img-fluid\">\n                                                                                    <\/a>\n                                    <\/figure>\n                                <\/div>\n                            <\/div>\n                            <div class=\"col-sm-9\">\n                                                            <div class=\"category-top\">\n                                    <span class=\"fw-bold text-success\">In corso<\/span>                                                                        <span class=\"data\">\n                                        <svg class=\"icon icon-secondary\">\n                                            <use xlink:href=\"https:\/\/iiczagabria.esteri.it\/wp-content\/themes\/sedi-tema\/assets\/svg\/sprites.svg#it-calendar\"><\/use>\n                                        <\/svg> Mer 13 Mag 2026<svg class=\"icon icon-xs icon-secondary me-1 ms-1\"><use href=\"https:\/\/iiczagabria.esteri.it\/wp-content\/themes\/sedi-tema\/assets\/svg\/sprites.svg#it-arrow-right\"><\/use><\/svg>Mar 01 Set 2026                                    <\/span>\n                                                                    <\/div>\n                            <h5 class=\"card-title big-heading text-uppercase\"><a class=\"text-body text-decoration-none\" href=\"https:\/\/iiczagabria.esteri.it\/it\/gli_eventi\/calendario\/isolaria-mostra-fotografica-di-corinna-del-bianco-3\/\" title=\"ISOLARIA &#8211; mostra fotografica di Corinna Del Bianco\">ISOLARIA &#8211; mostra fotografica di Corinna Del Bianco<\/a><\/h5>\n                            <p class=\"card-text\">La mostra fa parte del progetto\u00a0Archipelago, un progetto di ricerca fotografica volto alla documentazione e alla valorizzazione della diversit\u00e0 delle isole del Mediterraneo e della loro identit\u00e0 culturale. Corinna Del Bianco, ricercatrice e fotografa analizza e documenta il paesaggio culturale dei luoghi. Ha conseguito un dottorato di ricerca con lode in progettazione architettonica, urbana e [&hellip;]<\/p>\n                                <a title=\"ISOLARIA &#8211; mostra fotografica di Corinna Del Bianco\" class=\"read-more\" href=\"https:\/\/iiczagabria.esteri.it\/it\/gli_eventi\/calendario\/isolaria-mostra-fotografica-di-corinna-del-bianco-3\/\">\n                                    <span class=\"text\">Leggi di pi\u00f9<\/span>\n                                    <svg class=\"icon\">\n                                    <use xlink:href=\"https:\/\/iiczagabria.esteri.it\/wp-content\/themes\/sedi-tema\/assets\/svg\/sprites.svg#it-arrow-right\"><\/use>\n                                    <\/svg>\n                                <\/a>\n                                                        <\/div>\n                                                    <\/div>\n                    <\/div>\n                <\/div>\n                <!--end card-->\n                <\/div><!-- col-12 .mt-3-->\n                            <div class=\"col-12 mt-3\">\n                <!--start card-->\n                <div class=\"card-wrapper card-space\">\n                    <div class=\"card card-bg card-big border-bottom-card\">\n                        <div class=\"card-body row\">\n                                                    <div class=\"col-sm-3\">\n                                <div class=\"img-responsive\">\n                                    <figure class=\"img-wrapper\">\n                                        <a href=\"https:\/\/iiczagabria.esteri.it\/it\/gli_eventi\/calendario\/concerto-vivaldi-in-love-dellorchestra-accademia-bizantina\/\" title=\"Leggi l'articolo: Concerto &#8220;Vivaldi In Love&#8221; dell\u2019orchestra Accademia Bizantina\">\n                                                                                            <img loading=\"lazy\" decoding=\"async\" width=\"300\" height=\"300\" src=\"https:\/\/iiczagabria.esteri.it\/wp-content\/uploads\/2026\/08\/korcula-300x300.jpg\" srcset=\"https:\/\/iiczagabria.esteri.it\/wp-content\/uploads\/2026\/08\/korcula.jpg 650w, https:\/\/iiczagabria.esteri.it\/wp-content\/uploads\/2026\/08\/korcula-300x300.jpg 300w, https:\/\/iiczagabria.esteri.it\/wp-content\/uploads\/2026\/08\/korcula-150x150.jpg 150w\" sizes=\"auto, (max-width: 650px) 100vw, 650px\"  title=\"kor\u010dula\" alt=\"\" class=\"img-fluid\">\n                                                                                    <\/a>\n                                    <\/figure>\n                                <\/div>\n                            <\/div>\n                            <div class=\"col-sm-9\">\n                                                            <div class=\"category-top\">\n                                    <span class=\"fw-bold \"><\/span>                                                                        <span class=\"\">\n                                        <svg class=\"icon icon-secondary\">\n                                            <use xlink:href=\"https:\/\/iiczagabria.esteri.it\/wp-content\/themes\/sedi-tema\/assets\/svg\/sprites.svg#it-calendar\"><\/use>\n                                        <\/svg> Mar 01 Set 2026                                    <\/span>\n                                                                    <\/div>\n                            <h5 class=\"card-title big-heading text-uppercase\"><a class=\"text-body text-decoration-none\" href=\"https:\/\/iiczagabria.esteri.it\/it\/gli_eventi\/calendario\/concerto-vivaldi-in-love-dellorchestra-accademia-bizantina\/\" title=\"Concerto &#8220;Vivaldi In Love&#8221; dell\u2019orchestra Accademia Bizantina\">Concerto &#8220;Vivaldi In Love&#8221; dell\u2019orchestra Accademia Bizantina<\/a><\/h5>\n                            <p class=\"card-text\">Nell\u2019ambito del Korkyra Baroque Festival concerto Vivaldi In Love dell\u2019orchestra Accademia Bizantina Ottavio Dantone (clavicembalo e direzione) Alessandro Tampieri (viola d\u2019amore) Franko Klisovi\u0107 (controtenore) In programma musiche di: Angelo Corelli, Georg Friedrich H\u00e4ndel, Antonio Vivaldi e Francesco Geminiani L&#8217;Accademia Bizantina, fondata a Ravenna nel 1984, \u00e8 un prestigioso ensemble italiano specializzato nella musica barocca. Sotto [&hellip;]<\/p>\n                                <a title=\"Concerto &#8220;Vivaldi In Love&#8221; dell\u2019orchestra Accademia Bizantina\" class=\"read-more\" href=\"https:\/\/iiczagabria.esteri.it\/it\/gli_eventi\/calendario\/concerto-vivaldi-in-love-dellorchestra-accademia-bizantina\/\">\n                                    <span class=\"text\">Leggi di pi\u00f9<\/span>\n                                    <svg class=\"icon\">\n                                    <use xlink:href=\"https:\/\/iiczagabria.esteri.it\/wp-content\/themes\/sedi-tema\/assets\/svg\/sprites.svg#it-arrow-right\"><\/use>\n                                    <\/svg>\n                                <\/a>\n                                                        <\/div>\n                                                    <\/div>\n                    <\/div>\n                <\/div>\n                <!--end card-->\n                <\/div><!-- col-12 .mt-3-->\n                            <div class=\"col-12 mt-3\">\n                <!--start card-->\n                <div class=\"card-wrapper card-space\">\n                    <div class=\"card card-bg card-big border-bottom-card\">\n                        <div class=\"card-body row\">\n                                                    <div class=\"col-sm-3\">\n                                <div class=\"img-responsive\">\n                                    <figure class=\"img-wrapper\">\n                                        <a href=\"https:\/\/iiczagabria.esteri.it\/it\/gli_eventi\/calendario\/translab-laboratorio-di-traduzione-letteraria-20\/\" title=\"Leggi l'articolo: Translab, laboratorio di traduzione letteraria\">\n                                                                                            <img loading=\"lazy\" decoding=\"async\" width=\"300\" height=\"189\" src=\"https:\/\/iiczagabria.esteri.it\/wp-content\/uploads\/2025\/02\/translab-logo-1-300x189.jpg\" srcset=\"https:\/\/iiczagabria.esteri.it\/wp-content\/uploads\/2025\/02\/translab-logo-1.jpg 577w, https:\/\/iiczagabria.esteri.it\/wp-content\/uploads\/2025\/02\/translab-logo-1-300x189.jpg 300w\" sizes=\"auto, (max-width: 577px) 100vw, 577px\"  title=\"translab logo (1)\" alt=\"\" class=\"img-fluid\">\n                                                                                    <\/a>\n                                    <\/figure>\n                                <\/div>\n                            <\/div>\n                            <div class=\"col-sm-9\">\n                                                            <div class=\"category-top\">\n                                    <span class=\"fw-bold \"><\/span>                                                                        <span class=\"\">\n                                        <svg class=\"icon icon-secondary\">\n                                            <use xlink:href=\"https:\/\/iiczagabria.esteri.it\/wp-content\/themes\/sedi-tema\/assets\/svg\/sprites.svg#it-calendar\"><\/use>\n                                        <\/svg> Ven 04 Set 2026                                    <\/span>\n                                                                    <\/div>\n                            <h5 class=\"card-title big-heading text-uppercase\"><a class=\"text-body text-decoration-none\" href=\"https:\/\/iiczagabria.esteri.it\/it\/gli_eventi\/calendario\/translab-laboratorio-di-traduzione-letteraria-20\/\" title=\"Translab, laboratorio di traduzione letteraria\">Translab, laboratorio di traduzione letteraria<\/a><\/h5>\n                            <p class=\"card-text\">con Katarina Pen\u0111er venerd\u00ec 4 settembre 2026 dalle 10 alle 15 \/\u00a0Istituto Italiano di Cultura, Preobra\u017eenska 4, Zagabria in collaborazione con l\u2019Associazione dei Traduttori Letterari Croati (DHKP) \u00a0 Dopo la pausa estiva, belli riposati (oppure no, non importa) continuiamo a tradurre il racconto Rane e girini di Niccol\u00f2 Ammaniti, tratto dalla sua raccolta narrativa Il [&hellip;]<\/p>\n                                <a title=\"Translab, laboratorio di traduzione letteraria\" class=\"read-more\" href=\"https:\/\/iiczagabria.esteri.it\/it\/gli_eventi\/calendario\/translab-laboratorio-di-traduzione-letteraria-20\/\">\n                                    <span class=\"text\">Leggi di pi\u00f9<\/span>\n                                    <svg class=\"icon\">\n                                    <use xlink:href=\"https:\/\/iiczagabria.esteri.it\/wp-content\/themes\/sedi-tema\/assets\/svg\/sprites.svg#it-arrow-right\"><\/use>\n                                    <\/svg>\n                                <\/a>\n                                                        <\/div>\n                                                    <\/div>\n                    <\/div>\n                <\/div>\n                <!--end card-->\n                <\/div><!-- col-12 .mt-3-->\n                            <div class=\"col-12 mt-3\">\n                <!--start card-->\n                <div class=\"card-wrapper card-space\">\n                    <div class=\"card card-bg card-big border-bottom-card\">\n                        <div class=\"card-body row\">\n                                                    <div class=\"col-sm-3\">\n                                <div class=\"img-responsive\">\n                                    <figure class=\"img-wrapper\">\n                                        <a href=\"https:\/\/iiczagabria.esteri.it\/it\/gli_eventi\/calendario\/progetto-silent-springs-di-michele-borzoni\/\" title=\"Leggi l'articolo: Progetto Silent Springs di Michele Borzoni\">\n                                                                                            <img loading=\"lazy\" decoding=\"async\" width=\"300\" height=\"225\" src=\"https:\/\/iiczagabria.esteri.it\/wp-content\/uploads\/2026\/08\/Resized_D2A0831-Migliorato-NR-300x225.jpg\" srcset=\"https:\/\/iiczagabria.esteri.it\/wp-content\/uploads\/2026\/08\/Resized_D2A0831-Migliorato-NR.jpg 1920w, https:\/\/iiczagabria.esteri.it\/wp-content\/uploads\/2026\/08\/Resized_D2A0831-Migliorato-NR-300x225.jpg 300w, https:\/\/iiczagabria.esteri.it\/wp-content\/uploads\/2026\/08\/Resized_D2A0831-Migliorato-NR-1024x768.jpg 1024w, https:\/\/iiczagabria.esteri.it\/wp-content\/uploads\/2026\/08\/Resized_D2A0831-Migliorato-NR-768x576.jpg 768w\" sizes=\"auto, (max-width: 1920px) 100vw, 1920px\"  title=\"Resized_D2A0831-Migliorato-NR\" alt=\"\" class=\"img-fluid\">\n                                                                                    <\/a>\n                                    <\/figure>\n                                <\/div>\n                            <\/div>\n                            <div class=\"col-sm-9\">\n                                                            <div class=\"category-top\">\n                                    <span class=\"fw-bold \"><\/span>                                                                        <span class=\"\">\n                                        <svg class=\"icon icon-secondary\">\n                                            <use xlink:href=\"https:\/\/iiczagabria.esteri.it\/wp-content\/themes\/sedi-tema\/assets\/svg\/sprites.svg#it-calendar\"><\/use>\n                                        <\/svg> Ven 04 Set 2026                                    <\/span>\n                                                                    <\/div>\n                            <h5 class=\"card-title big-heading text-uppercase\"><a class=\"text-body text-decoration-none\" href=\"https:\/\/iiczagabria.esteri.it\/it\/gli_eventi\/calendario\/progetto-silent-springs-di-michele-borzoni\/\" title=\"Progetto Silent Springs di Michele Borzoni\">Progetto Silent Springs di Michele Borzoni<\/a><\/h5>\n                            <p class=\"card-text\">Nell&#8217;ambito del XVII ZeGeVege Festival presentazione del progetto Silent Springs di Michele Borzoni ed esposizione dei suoi lavori fotografici Michele Borzoni \u00e8 nato nel 1979 a Firenze. Nel 2006 si \u00e8 diplomato presso l\u2019International Center of Photography di New York, nell\u2019ambito del programma di Documentary Photography and Photojournalism. \u00c8 uno dei fondatori del collettivo TerraProject [&hellip;]<\/p>\n                                <a title=\"Progetto Silent Springs di Michele Borzoni\" class=\"read-more\" href=\"https:\/\/iiczagabria.esteri.it\/it\/gli_eventi\/calendario\/progetto-silent-springs-di-michele-borzoni\/\">\n                                    <span class=\"text\">Leggi di pi\u00f9<\/span>\n                                    <svg class=\"icon\">\n                                    <use xlink:href=\"https:\/\/iiczagabria.esteri.it\/wp-content\/themes\/sedi-tema\/assets\/svg\/sprites.svg#it-arrow-right\"><\/use>\n                                    <\/svg>\n                                <\/a>\n                                                        <\/div>\n                                                    <\/div>\n                    <\/div>\n                <\/div>\n                <!--end card-->\n                <\/div><!-- col-12 .mt-3-->\n                            <div class=\"col-12 mt-3\">\n                <!--start card-->\n                <div class=\"card-wrapper card-space\">\n                    <div class=\"card card-bg card-big border-bottom-card\">\n                        <div class=\"card-body row\">\n                                                    <div class=\"col-sm-3\">\n                                <div class=\"img-responsive\">\n                                    <figure class=\"img-wrapper\">\n                                        <a href=\"https:\/\/iiczagabria.esteri.it\/it\/gli_eventi\/calendario\/3-edizione-della-corsa-dellamicizia\/\" title=\"Leggi l'articolo: 3\u00b0 edizione della Corsa dell\u2019Amicizia\">\n                                                                                            <img loading=\"lazy\" decoding=\"async\" width=\"300\" height=\"225\" src=\"https:\/\/iiczagabria.esteri.it\/wp-content\/uploads\/2026\/08\/Corsa-Amici-300x225.png\" srcset=\"https:\/\/iiczagabria.esteri.it\/wp-content\/uploads\/2026\/08\/Corsa-Amici.png 1024w, https:\/\/iiczagabria.esteri.it\/wp-content\/uploads\/2026\/08\/Corsa-Amici-300x225.png 300w, https:\/\/iiczagabria.esteri.it\/wp-content\/uploads\/2026\/08\/Corsa-Amici-768x576.png 768w\" sizes=\"auto, (max-width: 1024px) 100vw, 1024px\"  title=\"Corsa Amici\" alt=\"\" class=\"img-fluid\">\n                                                                                    <\/a>\n                                    <\/figure>\n                                <\/div>\n                            <\/div>\n                            <div class=\"col-sm-9\">\n                                                            <div class=\"category-top\">\n                                    <span class=\"fw-bold \"><\/span>                                                                        <span class=\"\">\n                                        <svg class=\"icon icon-secondary\">\n                                            <use xlink:href=\"https:\/\/iiczagabria.esteri.it\/wp-content\/themes\/sedi-tema\/assets\/svg\/sprites.svg#it-calendar\"><\/use>\n                                        <\/svg> Sab 05 Set 2026                                    <\/span>\n                                                                    <\/div>\n                            <h5 class=\"card-title big-heading text-uppercase\"><a class=\"text-body text-decoration-none\" href=\"https:\/\/iiczagabria.esteri.it\/it\/gli_eventi\/calendario\/3-edizione-della-corsa-dellamicizia\/\" title=\"3\u00b0 edizione della Corsa dell\u2019Amicizia\">3\u00b0 edizione della Corsa dell\u2019Amicizia<\/a><\/h5>\n                            <p class=\"card-text\">In occasione della celebrazione della Giornata dello sport italiano nel mondo e in collaborazione con l\u2019Ambasciata d\u2019Italia a Zagabria La corsa avr\u00e0 inizio sabato 5 settembre alle 10 al Lago di Jarun a Zagabria, nell\u2019area davanti al Club Triathlon. Grazie al sostegno di Unione italiana, FederEsuli, Istituto italiano di cultura, Associazione accademica sportiva croata e [&hellip;]<\/p>\n                                <a title=\"3\u00b0 edizione della Corsa dell\u2019Amicizia\" class=\"read-more\" href=\"https:\/\/iiczagabria.esteri.it\/it\/gli_eventi\/calendario\/3-edizione-della-corsa-dellamicizia\/\">\n                                    <span class=\"text\">Leggi di pi\u00f9<\/span>\n                                    <svg class=\"icon\">\n                                    <use xlink:href=\"https:\/\/iiczagabria.esteri.it\/wp-content\/themes\/sedi-tema\/assets\/svg\/sprites.svg#it-arrow-right\"><\/use>\n                                    <\/svg>\n                                <\/a>\n                                                        <\/div>\n                                                    <\/div>\n                    <\/div>\n                <\/div>\n                <!--end card-->\n                <\/div><!-- col-12 .mt-3-->\n                            <div class=\"col-12 mt-3\">\n                <!--start card-->\n                <div class=\"card-wrapper card-space\">\n                    <div class=\"card card-bg card-big border-bottom-card\">\n                        <div class=\"card-body row\">\n                                                    <div class=\"col-sm-3\">\n                                <div class=\"img-responsive\">\n                                    <figure class=\"img-wrapper\">\n                                        <a href=\"https:\/\/iiczagabria.esteri.it\/it\/gli_eventi\/calendario\/lopera-idomeneo-di-w-a-mozart-con-roberto-cresca\/\" title=\"Leggi l'articolo: L&#8217;opera Idomeneo di W.A. Mozart con Roberto Cresca\">\n                                                                                            <img loading=\"lazy\" decoding=\"async\" width=\"300\" height=\"197\" src=\"https:\/\/iiczagabria.esteri.it\/wp-content\/uploads\/2026\/08\/Roberto-Cresca-hello-magazin-intervju-dalibor-jakus-autor-1000x680-1-300x197.webp\" srcset=\"https:\/\/iiczagabria.esteri.it\/wp-content\/uploads\/2026\/08\/Roberto-Cresca-hello-magazin-intervju-dalibor-jakus-autor-1000x680-1.webp 800w, https:\/\/iiczagabria.esteri.it\/wp-content\/uploads\/2026\/08\/Roberto-Cresca-hello-magazin-intervju-dalibor-jakus-autor-1000x680-1-300x197.webp 300w, https:\/\/iiczagabria.esteri.it\/wp-content\/uploads\/2026\/08\/Roberto-Cresca-hello-magazin-intervju-dalibor-jakus-autor-1000x680-1-768x505.webp 768w\" sizes=\"auto, (max-width: 800px) 100vw, 800px\"  title=\"Roberto-Cresca-hello-magazin-intervju-dalibor-jakus-autor-1000&#215;680\" alt=\"\" class=\"img-fluid\">\n                                                                                    <\/a>\n                                    <\/figure>\n                                <\/div>\n                            <\/div>\n                            <div class=\"col-sm-9\">\n                                                            <div class=\"category-top\">\n                                    <span class=\"fw-bold \"><\/span>                                                                        <span class=\"\">\n                                        <svg class=\"icon icon-secondary\">\n                                            <use xlink:href=\"https:\/\/iiczagabria.esteri.it\/wp-content\/themes\/sedi-tema\/assets\/svg\/sprites.svg#it-calendar\"><\/use>\n                                        <\/svg> Mar 08 Set 2026<svg class=\"icon icon-xs icon-secondary me-1 ms-1\"><use href=\"https:\/\/iiczagabria.esteri.it\/wp-content\/themes\/sedi-tema\/assets\/svg\/sprites.svg#it-arrow-right\"><\/use><\/svg>Dom 13 Set 2026                                    <\/span>\n                                                                    <\/div>\n                            <h5 class=\"card-title big-heading text-uppercase\"><a class=\"text-body text-decoration-none\" href=\"https:\/\/iiczagabria.esteri.it\/it\/gli_eventi\/calendario\/lopera-idomeneo-di-w-a-mozart-con-roberto-cresca\/\" title=\"L&#8217;opera Idomeneo di W.A. Mozart con Roberto Cresca\">L&#8217;opera Idomeneo di W.A. Mozart con Roberto Cresca<\/a><\/h5>\n                            <p class=\"card-text\">Nell&#8217;ambito del Festival Noctes Aquae Iasae L&#8217;opera Idomeneo di Wolfang Amadeus Mozart con Roberto Cresca, tenore La prima: 8 settembre ore 19.30 Repliche: 11 e 13 settmbre ore 19.30 Sito archeologico Aquae Iasae Lavoslava Horvata 8 Vara\u017edinske toplice \u00a0<\/p>\n                                <a title=\"L&#8217;opera Idomeneo di W.A. Mozart con Roberto Cresca\" class=\"read-more\" href=\"https:\/\/iiczagabria.esteri.it\/it\/gli_eventi\/calendario\/lopera-idomeneo-di-w-a-mozart-con-roberto-cresca\/\">\n                                    <span class=\"text\">Leggi di pi\u00f9<\/span>\n                                    <svg class=\"icon\">\n                                    <use xlink:href=\"https:\/\/iiczagabria.esteri.it\/wp-content\/themes\/sedi-tema\/assets\/svg\/sprites.svg#it-arrow-right\"><\/use>\n                                    <\/svg>\n                                <\/a>\n                                                        <\/div>\n                                                    <\/div>\n                    <\/div>\n                <\/div>\n                <!--end card-->\n                <\/div><!-- col-12 .mt-3-->\n                            <div class=\"col-12 mt-3\">\n                <!--start card-->\n                <div class=\"card-wrapper card-space\">\n                    <div class=\"card card-bg card-big border-bottom-card\">\n                        <div class=\"card-body row\">\n                                                    <div class=\"col-sm-3\">\n                                <div class=\"img-responsive\">\n                                    <figure class=\"img-wrapper\">\n                                        <a href=\"https:\/\/iiczagabria.esteri.it\/it\/gli_eventi\/calendario\/xiv-festival-mondiale-della-letteratura\/\" title=\"Leggi l'articolo: XIV Festival mondiale della letteratura\">\n                                                                                            <img loading=\"lazy\" decoding=\"async\" width=\"300\" height=\"218\" src=\"https:\/\/iiczagabria.esteri.it\/wp-content\/uploads\/2026\/08\/Francesca-Melandri-by-Heike-Steinweg-300x218.jpg\" srcset=\"https:\/\/iiczagabria.esteri.it\/wp-content\/uploads\/2026\/08\/Francesca-Melandri-by-Heike-Steinweg.jpg 1920w, https:\/\/iiczagabria.esteri.it\/wp-content\/uploads\/2026\/08\/Francesca-Melandri-by-Heike-Steinweg-300x218.jpg 300w, https:\/\/iiczagabria.esteri.it\/wp-content\/uploads\/2026\/08\/Francesca-Melandri-by-Heike-Steinweg-1024x744.jpg 1024w, https:\/\/iiczagabria.esteri.it\/wp-content\/uploads\/2026\/08\/Francesca-Melandri-by-Heike-Steinweg-768x558.jpg 768w\" sizes=\"auto, (max-width: 1920px) 100vw, 1920px\"  title=\"Francesca-Melandri-by-Heike-Steinweg\" alt=\"\" class=\"img-fluid\">\n                                                                                    <\/a>\n                                    <\/figure>\n                                <\/div>\n                            <\/div>\n                            <div class=\"col-sm-9\">\n                                                            <div class=\"category-top\">\n                                    <span class=\"fw-bold \"><\/span>                                                                        <span class=\"\">\n                                        <svg class=\"icon icon-secondary\">\n                                            <use xlink:href=\"https:\/\/iiczagabria.esteri.it\/wp-content\/themes\/sedi-tema\/assets\/svg\/sprites.svg#it-calendar\"><\/use>\n                                        <\/svg> Mar 08 Set 2026<svg class=\"icon icon-xs icon-secondary me-1 ms-1\"><use href=\"https:\/\/iiczagabria.esteri.it\/wp-content\/themes\/sedi-tema\/assets\/svg\/sprites.svg#it-arrow-right\"><\/use><\/svg>Mer 09 Set 2026                                    <\/span>\n                                                                    <\/div>\n                            <h5 class=\"card-title big-heading text-uppercase\"><a class=\"text-body text-decoration-none\" href=\"https:\/\/iiczagabria.esteri.it\/it\/gli_eventi\/calendario\/xiv-festival-mondiale-della-letteratura\/\" title=\"XIV Festival mondiale della letteratura\">XIV Festival mondiale della letteratura<\/a><\/h5>\n                            <p class=\"card-text\">Nell&#8217;ambito del XIV Festival mondiale della letteratura *Programma Le fortune letterarie dei classici: Primo Levi con la partecipazione di Iva Grgi\u0107 Maroevi\u0107, Nenad Juda\u0161 e Sanja Roi\u0107; moderazione: Sanja Jovi\u010di\u0107 8 settembre ore 19.30 HNK2, Garden stage Ad\u017eijina 7a Zagabria \u00a0 *Incontro con la scrittrice \u00a0Francesca Melandri moderazione: Goran Gavranovi\u0107 8 settembre ore 20.00 HNK2, [&hellip;]<\/p>\n                                <a title=\"XIV Festival mondiale della letteratura\" class=\"read-more\" href=\"https:\/\/iiczagabria.esteri.it\/it\/gli_eventi\/calendario\/xiv-festival-mondiale-della-letteratura\/\">\n                                    <span class=\"text\">Leggi di pi\u00f9<\/span>\n                                    <svg class=\"icon\">\n                                    <use xlink:href=\"https:\/\/iiczagabria.esteri.it\/wp-content\/themes\/sedi-tema\/assets\/svg\/sprites.svg#it-arrow-right\"><\/use>\n                                    <\/svg>\n                                <\/a>\n                                                        <\/div>\n                                                    <\/div>\n                    <\/div>\n                <\/div>\n                <!--end card-->\n                <\/div><!-- col-12 .mt-3-->\n            \n            <div class=\"col-md-12 mt-4 pb-4\">\n                <nav class=\"navigation col-md-12\" aria-label=\"Navigation\">\n                    <h2 class=\"screen-reader-text visually-hidden\">Paginazione<\/h2>\n                    <div class=\"nav-links\">\n                                        <\/div>\n                <\/nav>\n            <\/div>   <!--.col-md-12 -->\n              <\/div><!--.row -->\n              \n","protected":false},"excerpt":{"rendered":"","protected":false},"author":1,"featured_media":0,"parent":0,"menu_order":6,"comment_status":"closed","ping_status":"closed","template":"","meta":{"footnotes":""},"class_list":["post-17","page","type-page","status-publish","hentry"],"_links":{"self":[{"href":"https:\/\/iiczagabria.esteri.it\/it\/wp-json\/wp\/v2\/pages\/17","targetHints":{"allow":["GET"]}}],"collection":[{"href":"https:\/\/iiczagabria.esteri.it\/it\/wp-json\/wp\/v2\/pages"}],"about":[{"href":"https:\/\/iiczagabria.esteri.it\/it\/wp-json\/wp\/v2\/types\/page"}],"author":[{"embeddable":true,"href":"https:\/\/iiczagabria.esteri.it\/it\/wp-json\/wp\/v2\/users\/1"}],"replies":[{"embeddable":true,"href":"https:\/\/iiczagabria.esteri.it\/it\/wp-json\/wp\/v2\/comments?post=17"}],"version-history":[{"count":1,"href":"https:\/\/iiczagabria.esteri.it\/it\/wp-json\/wp\/v2\/pages\/17\/revisions"}],"predecessor-version":[{"id":21,"href":"https:\/\/iiczagabria.esteri.it\/it\/wp-json\/wp\/v2\/pages\/17\/revisions\/21"}],"wp:attachment":[{"href":"https:\/\/iiczagabria.esteri.it\/it\/wp-json\/wp\/v2\/media?parent=17"}],"curies":[{"name":"wp","href":"https:\/\/api.w.org\/{rel}","templated":true}]}}