{"id":35,"date":"2023-04-03T20:52:42","date_gmt":"2023-04-03T18:52:42","guid":{"rendered":"https:\/\/istitutobuenosaires.esteri.it\/?page_id=35"},"modified":"2024-07-19T12:40:45","modified_gmt":"2024-07-19T10:40:45","slug":"calendario","status":"publish","type":"page","link":"https:\/\/iiczagabria.esteri.it\/it\/gli_eventi\/calendario\/","title":{"rendered":"Eventi in programma"},"content":{"rendered":"        <div class=\"row\">\n\t\t\t<!-- Ricerca sedi post -->\n\t\t\t<div class=\"col-12 mt-4\">\n\t\t\t  <div class=\"callout callout-highlight note ricerca-esteri p-4\">\n                    <div class=\"callout-title\">\n                        <svg class=\"icon\">\n                            <use xlink:href=\"https:\/\/iiczagabria.esteri.it\/wp-content\/themes\/sedi-tema\/assets\/svg\/sprites.svg#it-search\"><\/use>\n                        <\/svg>Inserisci i parametri di ricerca                    <\/div>\n                    <form id=\"searchFormPost\" name=\"form-search-post\" class=\"form-row align-items-center\" action=\"https:\/\/iiczagabria.esteri.it\/it\/wp-json\/wp\/v2\/pages\/35\/\" method=\"GET\"> \n                        <!-- <div class=\"form-group pt-5\"> -->\n                            <!-- <input type=\"hidden\" id=\"lang\" name=\"lang\" value=\"\"> --> <!-- <\/div> -->\n\n                        <div class=\"it-datepicker-wrapper\">\n                            <div class=\"row\">\n                                <div class=\"form-group col-md-6\">\n                                    <label class=\"active\" for=\"date-init\">Dal<\/label>\n                                    <input class=\"form-control\" name=\"date-init\" id=\"date-init\" type=\"date\" placeholder=\"gg\/mm\/aaaa\" value=\"\"lang=\"en-EN\">  \n                                <\/div>\n                                <div class=\"form-group col-md-6\">\n                                    <label class=\"active\" for=\"date-end\">Al<\/label>\n                                    <input class=\"form-control\" name=\"date-end\" id=\"date-end\" type=\"date\" placeholder=\"gg\/mm\/aaaa\" value=\"\">\n                                <\/div>\n                            <\/div>\n                        <\/div>\n                        <div class=\"form-group col-md-12 mt-3\">\n                            <label for=\"searchText\">Campo ricerca libera<\/label>\n                            <input type=\"text\" name=\"searchText\" class=\"form-control\" id=\"searchText\" value=\"\">\n                        <\/div>\n                        <div class=\"form-group col-md-4 offset-md-8 text-end\">\n                            <a href=\"https:\/\/iiczagabria.esteri.it\/it\/gli_eventi\/calendario\/\" title=\"Form reset\" id=\"resetImput\" class=\"btn btn-outline-primary btn-xs\">Reset<\/a>\n                            <button type=\"submit\" class=\"btn btn-primary btn-xs\">Mostra risultati<\/button>\n                        <\/div>\n                    <\/form>\n\t\t\t\t<\/div>\n\t\t\t<\/div>\n\t\t<\/div>\n                    \n            <div class=\"row\">\n                            <div class=\"col-12 mt-3\">\n                <!--start card-->\n                <div class=\"card-wrapper card-space\">\n                    <div class=\"card card-bg card-big border-bottom-card\">\n                        <div class=\"card-body row\">\n                                                    <div class=\"col-sm-3\">\n                                <div class=\"img-responsive\">\n                                    <figure class=\"img-wrapper\">\n                                        <a href=\"https:\/\/iiczagabria.esteri.it\/it\/gli_eventi\/calendario\/gli-etruschi-del-fiume-scomparso-volti-e-miti-dai-musei-di-chiusi-e-di-chianciano\/\" title=\"Leggi l'articolo: Gli Etruschi del fiume scomparso &#8211; Volti e Miti dai Musei di Chiusi e di Chianciano\">\n                                                                                            <img loading=\"lazy\" decoding=\"async\" width=\"211\" height=\"300\" src=\"https:\/\/iiczagabria.esteri.it\/wp-content\/uploads\/2026\/02\/Etruscani_plakat-211x300.jpg\" srcset=\"https:\/\/iiczagabria.esteri.it\/wp-content\/uploads\/2026\/02\/Etruscani_plakat.jpg 637w, https:\/\/iiczagabria.esteri.it\/wp-content\/uploads\/2026\/02\/Etruscani_plakat-211x300.jpg 211w\" sizes=\"auto, (max-width: 637px) 100vw, 637px\"  title=\"Etru\u0161\u010dani_plakat\" alt=\"\" class=\"img-fluid\">\n                                                                                    <\/a>\n                                    <\/figure>\n                                <\/div>\n                            <\/div>\n                            <div class=\"col-sm-9\">\n                                                            <div class=\"category-top\">\n                                    <span class=\"fw-bold text-success\">In corso<\/span>                                                                        <span class=\"data\">\n                                        <svg class=\"icon icon-secondary\">\n                                            <use xlink:href=\"https:\/\/iiczagabria.esteri.it\/wp-content\/themes\/sedi-tema\/assets\/svg\/sprites.svg#it-calendar\"><\/use>\n                                        <\/svg> Ven 20 Mar 2026<svg class=\"icon icon-xs icon-secondary me-1 ms-1\"><use href=\"https:\/\/iiczagabria.esteri.it\/wp-content\/themes\/sedi-tema\/assets\/svg\/sprites.svg#it-arrow-right\"><\/use><\/svg>Sab 04 Lug 2026                                    <\/span>\n                                                                    <\/div>\n                            <h5 class=\"card-title big-heading text-uppercase\"><a class=\"text-body text-decoration-none\" href=\"https:\/\/iiczagabria.esteri.it\/it\/gli_eventi\/calendario\/gli-etruschi-del-fiume-scomparso-volti-e-miti-dai-musei-di-chiusi-e-di-chianciano\/\" title=\"Gli Etruschi del fiume scomparso &#8211; Volti e Miti dai Musei di Chiusi e di Chianciano\">Gli Etruschi del fiume scomparso &#8211; Volti e Miti dai Musei di Chiusi e di Chianciano<\/a><\/h5>\n                            <p class=\"card-text\">\u201cQuesta mostra si inserisce in un consolidato filone di ricerca che indaga la civilt\u00e0 etrusca nel pi\u00f9 ampio quadro dei rapporti mediterranei e adriatici, restituendo piena centralit\u00e0 alle dinamiche di scambio culturale, economico e simbolico che caratterizzarono l\u2019Italia preromana\u2026. Il riferimento al \u201cfiume scomparso\u201d del titolo della mostra richiama un elemento caratterizzante del paesaggio e [&hellip;]<\/p>\n                                <a title=\"Gli Etruschi del fiume scomparso &#8211; Volti e Miti dai Musei di Chiusi e di Chianciano\" class=\"read-more\" href=\"https:\/\/iiczagabria.esteri.it\/it\/gli_eventi\/calendario\/gli-etruschi-del-fiume-scomparso-volti-e-miti-dai-musei-di-chiusi-e-di-chianciano\/\">\n                                    <span class=\"text\">Leggi di pi\u00f9<\/span>\n                                    <svg class=\"icon\">\n                                    <use xlink:href=\"https:\/\/iiczagabria.esteri.it\/wp-content\/themes\/sedi-tema\/assets\/svg\/sprites.svg#it-arrow-right\"><\/use>\n                                    <\/svg>\n                                <\/a>\n                                                        <\/div>\n                                                    <\/div>\n                    <\/div>\n                <\/div>\n                <!--end card-->\n                <\/div><!-- col-12 .mt-3-->\n                            <div class=\"col-12 mt-3\">\n                <!--start card-->\n                <div class=\"card-wrapper card-space\">\n                    <div class=\"card card-bg card-big border-bottom-card\">\n                        <div class=\"card-body row\">\n                                                    <div class=\"col-sm-3\">\n                                <div class=\"img-responsive\">\n                                    <figure class=\"img-wrapper\">\n                                        <a href=\"https:\/\/iiczagabria.esteri.it\/it\/gli_eventi\/calendario\/mostra-fotografica-di-mario-boccia-sarajevo-1992-1996-lassedio-piu-lungo\/\" title=\"Leggi l'articolo: Mostra fotografica di Mario Boccia: Sarajevo 1992 \u2013 1996 \u2013 l\u2019assedio pi\u00f9 lungo\">\n                                                                                            <img loading=\"lazy\" decoding=\"async\" width=\"300\" height=\"212\" src=\"https:\/\/iiczagabria.esteri.it\/wp-content\/uploads\/2026\/04\/Sarajevo-300x212.jpg\" srcset=\"https:\/\/iiczagabria.esteri.it\/wp-content\/uploads\/2026\/04\/Sarajevo.jpg 1920w, https:\/\/iiczagabria.esteri.it\/wp-content\/uploads\/2026\/04\/Sarajevo-300x212.jpg 300w, https:\/\/iiczagabria.esteri.it\/wp-content\/uploads\/2026\/04\/Sarajevo-1024x723.jpg 1024w, https:\/\/iiczagabria.esteri.it\/wp-content\/uploads\/2026\/04\/Sarajevo-768x542.jpg 768w\" sizes=\"auto, (max-width: 1920px) 100vw, 1920px\"  title=\"Sarajevo\" alt=\"\" class=\"img-fluid\">\n                                                                                    <\/a>\n                                    <\/figure>\n                                <\/div>\n                            <\/div>\n                            <div class=\"col-sm-9\">\n                                                            <div class=\"category-top\">\n                                    <span class=\"fw-bold \"><\/span>                                                                        <span class=\"\">\n                                        <svg class=\"icon icon-secondary\">\n                                            <use xlink:href=\"https:\/\/iiczagabria.esteri.it\/wp-content\/themes\/sedi-tema\/assets\/svg\/sprites.svg#it-calendar\"><\/use>\n                                        <\/svg> Mar 05 Mag 2026<svg class=\"icon icon-xs icon-secondary me-1 ms-1\"><use href=\"https:\/\/iiczagabria.esteri.it\/wp-content\/themes\/sedi-tema\/assets\/svg\/sprites.svg#it-arrow-right\"><\/use><\/svg>Mar 30 Giu 2026                                    <\/span>\n                                                                    <\/div>\n                            <h5 class=\"card-title big-heading text-uppercase\"><a class=\"text-body text-decoration-none\" href=\"https:\/\/iiczagabria.esteri.it\/it\/gli_eventi\/calendario\/mostra-fotografica-di-mario-boccia-sarajevo-1992-1996-lassedio-piu-lungo\/\" title=\"Mostra fotografica di Mario Boccia: Sarajevo 1992 \u2013 1996 \u2013 l\u2019assedio pi\u00f9 lungo\">Mostra fotografica di Mario Boccia: Sarajevo 1992 \u2013 1996 \u2013 l\u2019assedio pi\u00f9 lungo<\/a><\/h5>\n                            <p class=\"card-text\">La mostra racconta attraverso scatti in bianco e nero la dura quotidianit\u00e0 degli abitanti di Sarajevo durante gli anni di distruzione della loro citt\u00e0. Queste fotografie non sono solo testimonianza di devastazione e perdita, ma anche di speranza, dignit\u00e0 e dei gesti invisibili di solidariet\u00e0 che hanno tenuto unita la comunit\u00e0 cittadina. Mario Boccia, fotogiornalista [&hellip;]<\/p>\n                                <a title=\"Mostra fotografica di Mario Boccia: Sarajevo 1992 \u2013 1996 \u2013 l\u2019assedio pi\u00f9 lungo\" class=\"read-more\" href=\"https:\/\/iiczagabria.esteri.it\/it\/gli_eventi\/calendario\/mostra-fotografica-di-mario-boccia-sarajevo-1992-1996-lassedio-piu-lungo\/\">\n                                    <span class=\"text\">Leggi di pi\u00f9<\/span>\n                                    <svg class=\"icon\">\n                                    <use xlink:href=\"https:\/\/iiczagabria.esteri.it\/wp-content\/themes\/sedi-tema\/assets\/svg\/sprites.svg#it-arrow-right\"><\/use>\n                                    <\/svg>\n                                <\/a>\n                                                        <\/div>\n                                                    <\/div>\n                    <\/div>\n                <\/div>\n                <!--end card-->\n                <\/div><!-- col-12 .mt-3-->\n                            <div class=\"col-12 mt-3\">\n                <!--start card-->\n                <div class=\"card-wrapper card-space\">\n                    <div class=\"card card-bg card-big border-bottom-card\">\n                        <div class=\"card-body row\">\n                                                    <div class=\"col-sm-3\">\n                                <div class=\"img-responsive\">\n                                    <figure class=\"img-wrapper\">\n                                        <a href=\"https:\/\/iiczagabria.esteri.it\/it\/gli_eventi\/calendario\/concerto-di-giuseppe-marco-daniele-pianoforte\/\" title=\"Leggi l'articolo: Concerto per pianoforte di Giuseppe Marco Daniele\">\n                                                                                            <img loading=\"lazy\" decoding=\"async\" width=\"300\" height=\"200\" src=\"https:\/\/iiczagabria.esteri.it\/wp-content\/uploads\/2026\/04\/Giuseppe-Marco-Daniele-piano-300x200.jpeg\" srcset=\"https:\/\/iiczagabria.esteri.it\/wp-content\/uploads\/2026\/04\/Giuseppe-Marco-Daniele-piano.jpeg 1920w, https:\/\/iiczagabria.esteri.it\/wp-content\/uploads\/2026\/04\/Giuseppe-Marco-Daniele-piano-300x200.jpeg 300w, https:\/\/iiczagabria.esteri.it\/wp-content\/uploads\/2026\/04\/Giuseppe-Marco-Daniele-piano-1024x683.jpeg 1024w, https:\/\/iiczagabria.esteri.it\/wp-content\/uploads\/2026\/04\/Giuseppe-Marco-Daniele-piano-768x512.jpeg 768w\" sizes=\"auto, (max-width: 1920px) 100vw, 1920px\"  title=\"Giuseppe-Marco-Daniele-piano\" alt=\"\" class=\"img-fluid\">\n                                                                                    <\/a>\n                                    <\/figure>\n                                <\/div>\n                            <\/div>\n                            <div class=\"col-sm-9\">\n                                                            <div class=\"category-top\">\n                                    <span class=\"fw-bold \"><\/span>                                                                        <span class=\"\">\n                                        <svg class=\"icon icon-secondary\">\n                                            <use xlink:href=\"https:\/\/iiczagabria.esteri.it\/wp-content\/themes\/sedi-tema\/assets\/svg\/sprites.svg#it-calendar\"><\/use>\n                                        <\/svg> Gio 07 Mag 2026                                    <\/span>\n                                                                    <\/div>\n                            <h5 class=\"card-title big-heading text-uppercase\"><a class=\"text-body text-decoration-none\" href=\"https:\/\/iiczagabria.esteri.it\/it\/gli_eventi\/calendario\/concerto-di-giuseppe-marco-daniele-pianoforte\/\" title=\"Concerto per pianoforte di Giuseppe Marco Daniele\">Concerto per pianoforte di Giuseppe Marco Daniele<\/a><\/h5>\n                            <p class=\"card-text\">In programma musiche di L.V. Beethoven, V. Scaramuzza, M. Filotei e A. Scriabin. Nato nel 2001, Giuseppe Marco Daniele consegue presso il Conservatorio di Musica \u201cS. Giacomoantonio\u201d il Diploma Accademico di primo livello (2022) e il diploma accademico di secondo livello (2024). Si \u00e8 imposto in diversi concorsi pianistici nazionali ed internazionali. \u00c8 risultato numerose [&hellip;]<\/p>\n                                <a title=\"Concerto per pianoforte di Giuseppe Marco Daniele\" class=\"read-more\" href=\"https:\/\/iiczagabria.esteri.it\/it\/gli_eventi\/calendario\/concerto-di-giuseppe-marco-daniele-pianoforte\/\">\n                                    <span class=\"text\">Leggi di pi\u00f9<\/span>\n                                    <svg class=\"icon\">\n                                    <use xlink:href=\"https:\/\/iiczagabria.esteri.it\/wp-content\/themes\/sedi-tema\/assets\/svg\/sprites.svg#it-arrow-right\"><\/use>\n                                    <\/svg>\n                                <\/a>\n                                                        <\/div>\n                                                    <\/div>\n                    <\/div>\n                <\/div>\n                <!--end card-->\n                <\/div><!-- col-12 .mt-3-->\n                            <div class=\"col-12 mt-3\">\n                <!--start card-->\n                <div class=\"card-wrapper card-space\">\n                    <div class=\"card card-bg card-big border-bottom-card\">\n                        <div class=\"card-body row\">\n                                                    <div class=\"col-sm-3\">\n                                <div class=\"img-responsive\">\n                                    <figure class=\"img-wrapper\">\n                                        <a href=\"https:\/\/iiczagabria.esteri.it\/it\/gli_eventi\/calendario\/conferenza-di-irena-pecko\/\" title=\"Leggi l'articolo: Conferenza di Irena Pavlovi\u0107\">\n                                                                                            <img loading=\"lazy\" decoding=\"async\" width=\"295\" height=\"300\" src=\"https:\/\/iiczagabria.esteri.it\/wp-content\/uploads\/2026\/04\/Irena-Pecko-295x300.jpg\" srcset=\"https:\/\/iiczagabria.esteri.it\/wp-content\/uploads\/2026\/04\/Irena-Pecko.jpg 1920w, https:\/\/iiczagabria.esteri.it\/wp-content\/uploads\/2026\/04\/Irena-Pecko-295x300.jpg 295w, https:\/\/iiczagabria.esteri.it\/wp-content\/uploads\/2026\/04\/Irena-Pecko-1007x1024.jpg 1007w, https:\/\/iiczagabria.esteri.it\/wp-content\/uploads\/2026\/04\/Irena-Pecko-768x781.jpg 768w\" sizes=\"auto, (max-width: 1920px) 100vw, 1920px\"  title=\"Irena Pe\u010dko\" alt=\"\" class=\"img-fluid\">\n                                                                                    <\/a>\n                                    <\/figure>\n                                <\/div>\n                            <\/div>\n                            <div class=\"col-sm-9\">\n                                                            <div class=\"category-top\">\n                                    <span class=\"fw-bold \"><\/span>                                                                        <span class=\"\">\n                                        <svg class=\"icon icon-secondary\">\n                                            <use xlink:href=\"https:\/\/iiczagabria.esteri.it\/wp-content\/themes\/sedi-tema\/assets\/svg\/sprites.svg#it-calendar\"><\/use>\n                                        <\/svg> Mar 12 Mag 2026                                    <\/span>\n                                                                    <\/div>\n                            <h5 class=\"card-title big-heading text-uppercase\"><a class=\"text-body text-decoration-none\" href=\"https:\/\/iiczagabria.esteri.it\/it\/gli_eventi\/calendario\/conferenza-di-irena-pecko\/\" title=\"Conferenza di Irena Pavlovi\u0107\">Conferenza di Irena Pavlovi\u0107<\/a><\/h5>\n                            <p class=\"card-text\">Dal 12 al 26 luglio 2025 la zagabrese Irena Pavlovi\u0107 ha viaggiato in bicicletta da Zagabria, attraversando la Slovenia fino all\u2019Italia. Ha percorso da sola 1600 km, attraversando il nord Italia in direzione di Ancona, passando poi per gli Appennini, arrivando fino a Roma e proseguendo verso sud fino a Salerno. Da Salerno ha preso [&hellip;]<\/p>\n                                <a title=\"Conferenza di Irena Pavlovi\u0107\" class=\"read-more\" href=\"https:\/\/iiczagabria.esteri.it\/it\/gli_eventi\/calendario\/conferenza-di-irena-pecko\/\">\n                                    <span class=\"text\">Leggi di pi\u00f9<\/span>\n                                    <svg class=\"icon\">\n                                    <use xlink:href=\"https:\/\/iiczagabria.esteri.it\/wp-content\/themes\/sedi-tema\/assets\/svg\/sprites.svg#it-arrow-right\"><\/use>\n                                    <\/svg>\n                                <\/a>\n                                                        <\/div>\n                                                    <\/div>\n                    <\/div>\n                <\/div>\n                <!--end card-->\n                <\/div><!-- col-12 .mt-3-->\n                            <div class=\"col-12 mt-3\">\n                <!--start card-->\n                <div class=\"card-wrapper card-space\">\n                    <div class=\"card card-bg card-big border-bottom-card\">\n                        <div class=\"card-body row\">\n                                                    <div class=\"col-sm-3\">\n                                <div class=\"img-responsive\">\n                                    <figure class=\"img-wrapper\">\n                                        <a href=\"https:\/\/iiczagabria.esteri.it\/it\/gli_eventi\/calendario\/isolaria-mostra-fotografica-di-corinna-del-bianco-3\/\" title=\"Leggi l'articolo: ISOLARIA &#8211; mostra fotografica di Corinna Del Bianco\">\n                                                                                            <img loading=\"lazy\" decoding=\"async\" width=\"300\" height=\"300\" src=\"https:\/\/iiczagabria.esteri.it\/wp-content\/uploads\/2025\/11\/Isolaria-300x300.png\" srcset=\"https:\/\/iiczagabria.esteri.it\/wp-content\/uploads\/2025\/11\/Isolaria.png 500w, https:\/\/iiczagabria.esteri.it\/wp-content\/uploads\/2025\/11\/Isolaria-300x300.png 300w, https:\/\/iiczagabria.esteri.it\/wp-content\/uploads\/2025\/11\/Isolaria-150x150.png 150w\" sizes=\"auto, (max-width: 500px) 100vw, 500px\"  title=\"Isolaria\" alt=\"\" class=\"img-fluid\">\n                                                                                    <\/a>\n                                    <\/figure>\n                                <\/div>\n                            <\/div>\n                            <div class=\"col-sm-9\">\n                                                            <div class=\"category-top\">\n                                    <span class=\"fw-bold \"><\/span>                                                                        <span class=\"\">\n                                        <svg class=\"icon icon-secondary\">\n                                            <use xlink:href=\"https:\/\/iiczagabria.esteri.it\/wp-content\/themes\/sedi-tema\/assets\/svg\/sprites.svg#it-calendar\"><\/use>\n                                        <\/svg> Mer 13 Mag 2026<svg class=\"icon icon-xs icon-secondary me-1 ms-1\"><use href=\"https:\/\/iiczagabria.esteri.it\/wp-content\/themes\/sedi-tema\/assets\/svg\/sprites.svg#it-arrow-right\"><\/use><\/svg>Mer 10 Giu 2026                                    <\/span>\n                                                                    <\/div>\n                            <h5 class=\"card-title big-heading text-uppercase\"><a class=\"text-body text-decoration-none\" href=\"https:\/\/iiczagabria.esteri.it\/it\/gli_eventi\/calendario\/isolaria-mostra-fotografica-di-corinna-del-bianco-3\/\" title=\"ISOLARIA &#8211; mostra fotografica di Corinna Del Bianco\">ISOLARIA &#8211; mostra fotografica di Corinna Del Bianco<\/a><\/h5>\n                            <p class=\"card-text\">La mostra fa parte del progetto\u00a0Archipelago, un progetto di ricerca fotografica volto alla documentazione e alla valorizzazione della diversit\u00e0 delle isole del Mediterraneo e della loro identit\u00e0 culturale. Corinna Del Bianco, ricercatrice e fotografa analizza e documenta il paesaggio culturale dei luoghi. Ha conseguito un dottorato di ricerca con lode in progettazione architettonica, urbana e [&hellip;]<\/p>\n                                <a title=\"ISOLARIA &#8211; mostra fotografica di Corinna Del Bianco\" class=\"read-more\" href=\"https:\/\/iiczagabria.esteri.it\/it\/gli_eventi\/calendario\/isolaria-mostra-fotografica-di-corinna-del-bianco-3\/\">\n                                    <span class=\"text\">Leggi di pi\u00f9<\/span>\n                                    <svg class=\"icon\">\n                                    <use xlink:href=\"https:\/\/iiczagabria.esteri.it\/wp-content\/themes\/sedi-tema\/assets\/svg\/sprites.svg#it-arrow-right\"><\/use>\n                                    <\/svg>\n                                <\/a>\n                                                        <\/div>\n                                                    <\/div>\n                    <\/div>\n                <\/div>\n                <!--end card-->\n                <\/div><!-- col-12 .mt-3-->\n                            <div class=\"col-12 mt-3\">\n                <!--start card-->\n                <div class=\"card-wrapper card-space\">\n                    <div class=\"card card-bg card-big border-bottom-card\">\n                        <div class=\"card-body row\">\n                                                    <div class=\"col-sm-3\">\n                                <div class=\"img-responsive\">\n                                    <figure class=\"img-wrapper\">\n                                        <a href=\"https:\/\/iiczagabria.esteri.it\/it\/gli_eventi\/calendario\/mostra-fotografica-italia-giardino-del-mondo\/\" title=\"Leggi l'articolo: Mostra fotografica: Italia Giardino del Mondo\">\n                                                                                            <img loading=\"lazy\" decoding=\"async\" width=\"300\" height=\"168\" src=\"https:\/\/iiczagabria.esteri.it\/wp-content\/uploads\/2026\/04\/Visual-Banner-Italia-giardino-del-mondo-300x168.jpg\" srcset=\"https:\/\/iiczagabria.esteri.it\/wp-content\/uploads\/2026\/04\/Visual-Banner-Italia-giardino-del-mondo.jpg 1920w, https:\/\/iiczagabria.esteri.it\/wp-content\/uploads\/2026\/04\/Visual-Banner-Italia-giardino-del-mondo-300x168.jpg 300w, https:\/\/iiczagabria.esteri.it\/wp-content\/uploads\/2026\/04\/Visual-Banner-Italia-giardino-del-mondo-1024x574.jpg 1024w, https:\/\/iiczagabria.esteri.it\/wp-content\/uploads\/2026\/04\/Visual-Banner-Italia-giardino-del-mondo-768x430.jpg 768w\" sizes=\"auto, (max-width: 1920px) 100vw, 1920px\"  title=\"Visual-Banner-Italia-giardino-del-mondo\" alt=\"\" class=\"img-fluid\">\n                                                                                    <\/a>\n                                    <\/figure>\n                                <\/div>\n                            <\/div>\n                            <div class=\"col-sm-9\">\n                                                            <div class=\"category-top\">\n                                    <span class=\"fw-bold \"><\/span>                                                                        <span class=\"\">\n                                        <svg class=\"icon icon-secondary\">\n                                            <use xlink:href=\"https:\/\/iiczagabria.esteri.it\/wp-content\/themes\/sedi-tema\/assets\/svg\/sprites.svg#it-calendar\"><\/use>\n                                        <\/svg> Gio 14 Mag 2026<svg class=\"icon icon-xs icon-secondary me-1 ms-1\"><use href=\"https:\/\/iiczagabria.esteri.it\/wp-content\/themes\/sedi-tema\/assets\/svg\/sprites.svg#it-arrow-right\"><\/use><\/svg>Dom 17 Mag 2026                                    <\/span>\n                                                                    <\/div>\n                            <h5 class=\"card-title big-heading text-uppercase\"><a class=\"text-body text-decoration-none\" href=\"https:\/\/iiczagabria.esteri.it\/it\/gli_eventi\/calendario\/mostra-fotografica-italia-giardino-del-mondo\/\" title=\"Mostra fotografica: Italia Giardino del Mondo\">Mostra fotografica: Italia Giardino del Mondo<\/a><\/h5>\n                            <p class=\"card-text\">In collaborazione con l&#8217;Ambasciata d&#8217;Italia a Zagabria e l&#8217;Agenzia ICE \u2013 Italian Trade Agency, ufficio di Zagabria nell&#8217;ambito della Mostra internazionale di giardinaggio Floraart La Mostra internazionale di giardinaggio Floraart \u00e8 il pi\u00f9 grande evento orticolo a Zagabria, che riunisce numerosi espositori nazionali e internazionali, mentre la manifestazione attira diverse centinaia di migliaia di visitatori. [&hellip;]<\/p>\n                                <a title=\"Mostra fotografica: Italia Giardino del Mondo\" class=\"read-more\" href=\"https:\/\/iiczagabria.esteri.it\/it\/gli_eventi\/calendario\/mostra-fotografica-italia-giardino-del-mondo\/\">\n                                    <span class=\"text\">Leggi di pi\u00f9<\/span>\n                                    <svg class=\"icon\">\n                                    <use xlink:href=\"https:\/\/iiczagabria.esteri.it\/wp-content\/themes\/sedi-tema\/assets\/svg\/sprites.svg#it-arrow-right\"><\/use>\n                                    <\/svg>\n                                <\/a>\n                                                        <\/div>\n                                                    <\/div>\n                    <\/div>\n                <\/div>\n                <!--end card-->\n                <\/div><!-- col-12 .mt-3-->\n                            <div class=\"col-12 mt-3\">\n                <!--start card-->\n                <div class=\"card-wrapper card-space\">\n                    <div class=\"card card-bg card-big border-bottom-card\">\n                        <div class=\"card-body row\">\n                                                    <div class=\"col-sm-3\">\n                                <div class=\"img-responsive\">\n                                    <figure class=\"img-wrapper\">\n                                        <a href=\"https:\/\/iiczagabria.esteri.it\/it\/gli_eventi\/calendario\/conferenza-dellarchitetto-francesco-samassa-larchitettura-come-progetto-della-societa-linsegnamento-di-giancarlo-de-carlo\/\" title=\"Leggi l'articolo: Conferenza dell&#8217;architetto Francesco Samassa: L&#8217;architettura come progetto della societ\u00e0, l&#8217;insegnamento di Giancarlo De Carlo\">\n                                                                                            <img loading=\"lazy\" decoding=\"async\" width=\"297\" height=\"300\" src=\"https:\/\/iiczagabria.esteri.it\/wp-content\/uploads\/2026\/04\/Conferenza-Samassa-297x300.jpg\" srcset=\"https:\/\/iiczagabria.esteri.it\/wp-content\/uploads\/2026\/04\/Conferenza-Samassa.jpg 989w, https:\/\/iiczagabria.esteri.it\/wp-content\/uploads\/2026\/04\/Conferenza-Samassa-297x300.jpg 297w, https:\/\/iiczagabria.esteri.it\/wp-content\/uploads\/2026\/04\/Conferenza-Samassa-768x777.jpg 768w\" sizes=\"auto, (max-width: 989px) 100vw, 989px\"  title=\"Conferenza Samassa\" alt=\"\" class=\"img-fluid\">\n                                                                                    <\/a>\n                                    <\/figure>\n                                <\/div>\n                            <\/div>\n                            <div class=\"col-sm-9\">\n                                                            <div class=\"category-top\">\n                                    <span class=\"fw-bold \"><\/span>                                                                        <span class=\"\">\n                                        <svg class=\"icon icon-secondary\">\n                                            <use xlink:href=\"https:\/\/iiczagabria.esteri.it\/wp-content\/themes\/sedi-tema\/assets\/svg\/sprites.svg#it-calendar\"><\/use>\n                                        <\/svg> Gio 14 Mag 2026                                    <\/span>\n                                                                    <\/div>\n                            <h5 class=\"card-title big-heading text-uppercase\"><a class=\"text-body text-decoration-none\" href=\"https:\/\/iiczagabria.esteri.it\/it\/gli_eventi\/calendario\/conferenza-dellarchitetto-francesco-samassa-larchitettura-come-progetto-della-societa-linsegnamento-di-giancarlo-de-carlo\/\" title=\"Conferenza dell&#8217;architetto Francesco Samassa: L&#8217;architettura come progetto della societ\u00e0, l&#8217;insegnamento di Giancarlo De Carlo\">Conferenza dell&#8217;architetto Francesco Samassa: L&#8217;architettura come progetto della societ\u00e0, l&#8217;insegnamento di Giancarlo De Carlo<\/a><\/h5>\n                            <p class=\"card-text\">Francesco Samassa (Pordenone, 1963), si \u00e8 laureato e ha conseguito il PhD in Architettura negli Anni Novanta. Dopo aver svolto attivit\u00e0 didattica e di ricerca allo IUAV con Bernardo Secchi, si dedica come libero professionista all\u2019ordinamento, inventariazione e valorizzazione degli archivi storici. Nel campo degli archivi di architetti si \u00e8 occupato, tra altri, dei fondi [&hellip;]<\/p>\n                                <a title=\"Conferenza dell&#8217;architetto Francesco Samassa: L&#8217;architettura come progetto della societ\u00e0, l&#8217;insegnamento di Giancarlo De Carlo\" class=\"read-more\" href=\"https:\/\/iiczagabria.esteri.it\/it\/gli_eventi\/calendario\/conferenza-dellarchitetto-francesco-samassa-larchitettura-come-progetto-della-societa-linsegnamento-di-giancarlo-de-carlo\/\">\n                                    <span class=\"text\">Leggi di pi\u00f9<\/span>\n                                    <svg class=\"icon\">\n                                    <use xlink:href=\"https:\/\/iiczagabria.esteri.it\/wp-content\/themes\/sedi-tema\/assets\/svg\/sprites.svg#it-arrow-right\"><\/use>\n                                    <\/svg>\n                                <\/a>\n                                                        <\/div>\n                                                    <\/div>\n                    <\/div>\n                <\/div>\n                <!--end card-->\n                <\/div><!-- col-12 .mt-3-->\n                            <div class=\"col-12 mt-3\">\n                <!--start card-->\n                <div class=\"card-wrapper card-space\">\n                    <div class=\"card card-bg card-big border-bottom-card\">\n                        <div class=\"card-body row\">\n                                                    <div class=\"col-sm-3\">\n                                <div class=\"img-responsive\">\n                                    <figure class=\"img-wrapper\">\n                                        <a href=\"https:\/\/iiczagabria.esteri.it\/it\/gli_eventi\/calendario\/conferenza-dellarchitetto-martino-tattara-studio-dogma-the-urban-villa-from-speculation-to-cooperation\/\" title=\"Leggi l'articolo: Conferenza dell\u2019architetto Martino Tattara (Studio Dogma) &#8211; The Urban Villa: From Speculation to Cooperation\">\n                                                                                            <img loading=\"lazy\" decoding=\"async\" width=\"300\" height=\"225\" src=\"https:\/\/iiczagabria.esteri.it\/wp-content\/uploads\/2026\/04\/Dogma_Precedents-4-scaled-1-300x225.jpg\" srcset=\"https:\/\/iiczagabria.esteri.it\/wp-content\/uploads\/2026\/04\/Dogma_Precedents-4-scaled-1.jpg 1920w, https:\/\/iiczagabria.esteri.it\/wp-content\/uploads\/2026\/04\/Dogma_Precedents-4-scaled-1-300x225.jpg 300w, https:\/\/iiczagabria.esteri.it\/wp-content\/uploads\/2026\/04\/Dogma_Precedents-4-scaled-1-1024x768.jpg 1024w, https:\/\/iiczagabria.esteri.it\/wp-content\/uploads\/2026\/04\/Dogma_Precedents-4-scaled-1-768x576.jpg 768w\" sizes=\"auto, (max-width: 1920px) 100vw, 1920px\"  title=\"Dogma_Precedents-4-scaled\" alt=\"\" class=\"img-fluid\">\n                                                                                    <\/a>\n                                    <\/figure>\n                                <\/div>\n                            <\/div>\n                            <div class=\"col-sm-9\">\n                                                            <div class=\"category-top\">\n                                    <span class=\"fw-bold \"><\/span>                                                                        <span class=\"\">\n                                        <svg class=\"icon icon-secondary\">\n                                            <use xlink:href=\"https:\/\/iiczagabria.esteri.it\/wp-content\/themes\/sedi-tema\/assets\/svg\/sprites.svg#it-calendar\"><\/use>\n                                        <\/svg> Gio 14 Mag 2026                                    <\/span>\n                                                                    <\/div>\n                            <h5 class=\"card-title big-heading text-uppercase\"><a class=\"text-body text-decoration-none\" href=\"https:\/\/iiczagabria.esteri.it\/it\/gli_eventi\/calendario\/conferenza-dellarchitetto-martino-tattara-studio-dogma-the-urban-villa-from-speculation-to-cooperation\/\" title=\"Conferenza dell\u2019architetto Martino Tattara (Studio Dogma) &#8211; The Urban Villa: From Speculation to Cooperation\">Conferenza dell\u2019architetto Martino Tattara (Studio Dogma) &#8211; The Urban Villa: From Speculation to Cooperation<\/a><\/h5>\n                            <p class=\"card-text\">Martino Tattara \u00e8 professore presso la Technische Universit\u00e4t Darmstadt, dove dirige l\u2019Istituto di Progettazione e Abitare. In precedenza ha insegnato presso la Facolt\u00e0 di Architettura della KU Leuven e presso ETH Studio Basel. Tattara ha conseguito i suoi titoli di studio presso l\u2019Istituto Universitario di Architettura di Venezia IUAV e il Berlage Institute. La sua [&hellip;]<\/p>\n                                <a title=\"Conferenza dell\u2019architetto Martino Tattara (Studio Dogma) &#8211; The Urban Villa: From Speculation to Cooperation\" class=\"read-more\" href=\"https:\/\/iiczagabria.esteri.it\/it\/gli_eventi\/calendario\/conferenza-dellarchitetto-martino-tattara-studio-dogma-the-urban-villa-from-speculation-to-cooperation\/\">\n                                    <span class=\"text\">Leggi di pi\u00f9<\/span>\n                                    <svg class=\"icon\">\n                                    <use xlink:href=\"https:\/\/iiczagabria.esteri.it\/wp-content\/themes\/sedi-tema\/assets\/svg\/sprites.svg#it-arrow-right\"><\/use>\n                                    <\/svg>\n                                <\/a>\n                                                        <\/div>\n                                                    <\/div>\n                    <\/div>\n                <\/div>\n                <!--end card-->\n                <\/div><!-- col-12 .mt-3-->\n                            <div class=\"col-12 mt-3\">\n                <!--start card-->\n                <div class=\"card-wrapper card-space\">\n                    <div class=\"card card-bg card-big border-bottom-card\">\n                        <div class=\"card-body row\">\n                                                    <div class=\"col-sm-3\">\n                                <div class=\"img-responsive\">\n                                    <figure class=\"img-wrapper\">\n                                        <a href=\"https:\/\/iiczagabria.esteri.it\/it\/gli_eventi\/calendario\/concerto-di-piero-gaddi-quartet\/\" title=\"Leggi l'articolo: Concerto del Piero Gaddi Quartet\">\n                                                                                            <img loading=\"lazy\" decoding=\"async\" width=\"232\" height=\"300\" src=\"https:\/\/iiczagabria.esteri.it\/wp-content\/uploads\/2026\/04\/piero-Piano-Maputo-232x300.jpg\" srcset=\"https:\/\/iiczagabria.esteri.it\/wp-content\/uploads\/2026\/04\/piero-Piano-Maputo.jpg 742w, https:\/\/iiczagabria.esteri.it\/wp-content\/uploads\/2026\/04\/piero-Piano-Maputo-232x300.jpg 232w\" sizes=\"auto, (max-width: 742px) 100vw, 742px\"  title=\"piero-Piano-Maputo\" alt=\"\" class=\"img-fluid\">\n                                                                                    <\/a>\n                                    <\/figure>\n                                <\/div>\n                            <\/div>\n                            <div class=\"col-sm-9\">\n                                                            <div class=\"category-top\">\n                                    <span class=\"fw-bold \"><\/span>                                                                        <span class=\"\">\n                                        <svg class=\"icon icon-secondary\">\n                                            <use xlink:href=\"https:\/\/iiczagabria.esteri.it\/wp-content\/themes\/sedi-tema\/assets\/svg\/sprites.svg#it-calendar\"><\/use>\n                                        <\/svg> Ven 22 Mag 2026                                    <\/span>\n                                                                    <\/div>\n                            <h5 class=\"card-title big-heading text-uppercase\"><a class=\"text-body text-decoration-none\" href=\"https:\/\/iiczagabria.esteri.it\/it\/gli_eventi\/calendario\/concerto-di-piero-gaddi-quartet\/\" title=\"Concerto del Piero Gaddi Quartet\">Concerto del Piero Gaddi Quartet<\/a><\/h5>\n                            <p class=\"card-text\">Nell&#8217;ambito del JazzTime International Rijeka Festival Piero Gaddi \u00e8 un pianista e compositore jazz toscano che si esibisce in Italia e all\u2019estero. Sviluppa una propria estetica crossover nel jazz, composta da elementi diversi. Si \u00e8 esibito con numerosi musicisti di fama internazionale, tra cui Flavio Boltro, Paolo Fresu, Hans Mathisen, Paolino Dalla Porta, Raciel Torres, [&hellip;]<\/p>\n                                <a title=\"Concerto del Piero Gaddi Quartet\" class=\"read-more\" href=\"https:\/\/iiczagabria.esteri.it\/it\/gli_eventi\/calendario\/concerto-di-piero-gaddi-quartet\/\">\n                                    <span class=\"text\">Leggi di pi\u00f9<\/span>\n                                    <svg class=\"icon\">\n                                    <use xlink:href=\"https:\/\/iiczagabria.esteri.it\/wp-content\/themes\/sedi-tema\/assets\/svg\/sprites.svg#it-arrow-right\"><\/use>\n                                    <\/svg>\n                                <\/a>\n                                                        <\/div>\n                                                    <\/div>\n                    <\/div>\n                <\/div>\n                <!--end card-->\n                <\/div><!-- col-12 .mt-3-->\n                            <div class=\"col-12 mt-3\">\n                <!--start card-->\n                <div class=\"card-wrapper card-space\">\n                    <div class=\"card card-bg card-big border-bottom-card\">\n                        <div class=\"card-body row\">\n                                                    <div class=\"col-sm-3\">\n                                <div class=\"img-responsive\">\n                                    <figure class=\"img-wrapper\">\n                                        <a href=\"https:\/\/iiczagabria.esteri.it\/it\/gli_eventi\/calendario\/proiezione-del-film-my-fathers-diaries-i-diari-di-mio-padre-di-ado-hasanovic\/\" title=\"Leggi l'articolo: Proiezione del film documentario \u201cMy Father\u2019s Diaries\u201d (I diari di mio padre) di Ado Hasanovi\u0107\">\n                                                                                            <img loading=\"lazy\" decoding=\"async\" width=\"210\" height=\"300\" src=\"https:\/\/iiczagabria.esteri.it\/wp-content\/uploads\/2026\/04\/I-diari-di-mio-padre-210x300.png\" srcset=\"https:\/\/iiczagabria.esteri.it\/wp-content\/uploads\/2026\/04\/I-diari-di-mio-padre.png 600w, https:\/\/iiczagabria.esteri.it\/wp-content\/uploads\/2026\/04\/I-diari-di-mio-padre-210x300.png 210w\" sizes=\"auto, (max-width: 600px) 100vw, 600px\"  title=\"I-diari-di-mio-padre\" alt=\"\" class=\"img-fluid\">\n                                                                                    <\/a>\n                                    <\/figure>\n                                <\/div>\n                            <\/div>\n                            <div class=\"col-sm-9\">\n                                                            <div class=\"category-top\">\n                                    <span class=\"fw-bold \"><\/span>                                                                        <span class=\"\">\n                                        <svg class=\"icon icon-secondary\">\n                                            <use xlink:href=\"https:\/\/iiczagabria.esteri.it\/wp-content\/themes\/sedi-tema\/assets\/svg\/sprites.svg#it-calendar\"><\/use>\n                                        <\/svg> Mar 26 Mag 2026                                    <\/span>\n                                                                    <\/div>\n                            <h5 class=\"card-title big-heading text-uppercase\"><a class=\"text-body text-decoration-none\" href=\"https:\/\/iiczagabria.esteri.it\/it\/gli_eventi\/calendario\/proiezione-del-film-my-fathers-diaries-i-diari-di-mio-padre-di-ado-hasanovic\/\" title=\"Proiezione del film documentario \u201cMy Father\u2019s Diaries\u201d (I diari di mio padre) di Ado Hasanovi\u0107\">Proiezione del film documentario \u201cMy Father\u2019s Diaries\u201d (I diari di mio padre) di Ado Hasanovi\u0107<\/a><\/h5>\n                            <p class=\"card-text\">In collaborazione con l\u2019Ambasciata di Bosnia e Erzegovina e l\u2019Ambasciata d\u2019Italia a Zagabria \u00c8 il 1993 quando Bekir Hasanovi\u0107 scambia una moneta d\u2019oro con la videocamera che user\u00e0 per filmare la vita di ogni giorno a Srebrenica, nei giorni della guerra. Le immagini che registra con la sua troupe improvvisata, chiamata Dzon, Ben &amp; Boys, [&hellip;]<\/p>\n                                <a title=\"Proiezione del film documentario \u201cMy Father\u2019s Diaries\u201d (I diari di mio padre) di Ado Hasanovi\u0107\" class=\"read-more\" href=\"https:\/\/iiczagabria.esteri.it\/it\/gli_eventi\/calendario\/proiezione-del-film-my-fathers-diaries-i-diari-di-mio-padre-di-ado-hasanovic\/\">\n                                    <span class=\"text\">Leggi di pi\u00f9<\/span>\n                                    <svg class=\"icon\">\n                                    <use xlink:href=\"https:\/\/iiczagabria.esteri.it\/wp-content\/themes\/sedi-tema\/assets\/svg\/sprites.svg#it-arrow-right\"><\/use>\n                                    <\/svg>\n                                <\/a>\n                                                        <\/div>\n                                                    <\/div>\n                    <\/div>\n                <\/div>\n                <!--end card-->\n                <\/div><!-- col-12 .mt-3-->\n            \n            <div class=\"col-md-12 mt-4 pb-4\">\n                <nav class=\"navigation col-md-12\" aria-label=\"Navigation\">\n                    <h2 class=\"screen-reader-text visually-hidden\">Paginazione<\/h2>\n                    <div class=\"nav-links\">\n                    <span aria-current=\"page\" class=\"page-numbers current\">1<\/span>\n<a class=\"page-numbers\" href=\"https:\/\/iiczagabria.esteri.it\/it\/wp-json\/wp\/v2\/pages\/35\/?pag=2\">2<\/a>\n<a class=\"next page-numbers\" href=\"https:\/\/iiczagabria.esteri.it\/it\/wp-json\/wp\/v2\/pages\/35\/?pag=2\"><svg class=\"icon icon-primary\"><use xlink:href=\"https:\/\/iiczagabria.esteri.it\/wp-content\/themes\/sedi-tema\/assets\/svg\/sprites.svg#it-chevron-right\"><\/use><\/svg>\n                                    <span class=\"visually-hidden\">Pagina successiva<\/span><\/a>                    <\/div>\n                <\/nav>\n            <\/div>   <!--.col-md-12 -->\n              <\/div><!--.row -->\n              \n","protected":false},"excerpt":{"rendered":"","protected":false},"author":1,"featured_media":0,"parent":17,"menu_order":0,"comment_status":"closed","ping_status":"closed","template":"","meta":{"footnotes":""},"class_list":["post-35","page","type-page","status-publish","hentry"],"_links":{"self":[{"href":"https:\/\/iiczagabria.esteri.it\/it\/wp-json\/wp\/v2\/pages\/35","targetHints":{"allow":["GET"]}}],"collection":[{"href":"https:\/\/iiczagabria.esteri.it\/it\/wp-json\/wp\/v2\/pages"}],"about":[{"href":"https:\/\/iiczagabria.esteri.it\/it\/wp-json\/wp\/v2\/types\/page"}],"author":[{"embeddable":true,"href":"https:\/\/iiczagabria.esteri.it\/it\/wp-json\/wp\/v2\/users\/1"}],"replies":[{"embeddable":true,"href":"https:\/\/iiczagabria.esteri.it\/it\/wp-json\/wp\/v2\/comments?post=35"}],"version-history":[{"count":2,"href":"https:\/\/iiczagabria.esteri.it\/it\/wp-json\/wp\/v2\/pages\/35\/revisions"}],"predecessor-version":[{"id":5580,"href":"https:\/\/iiczagabria.esteri.it\/it\/wp-json\/wp\/v2\/pages\/35\/revisions\/5580"}],"up":[{"embeddable":true,"href":"https:\/\/iiczagabria.esteri.it\/it\/wp-json\/wp\/v2\/pages\/17"}],"wp:attachment":[{"href":"https:\/\/iiczagabria.esteri.it\/it\/wp-json\/wp\/v2\/media?parent=35"}],"curies":[{"name":"wp","href":"https:\/\/api.w.org\/{rel}","templated":true}]}}