{"id":5582,"date":"2024-07-19T12:44:23","date_gmt":"2024-07-19T10:44:23","guid":{"rendered":"https:\/\/iiczagabria.esteri.it\/?page_id=5582"},"modified":"2024-07-19T12:44:23","modified_gmt":"2024-07-19T10:44:23","slug":"archivio-eventi","status":"publish","type":"page","link":"https:\/\/iiczagabria.esteri.it\/it\/gli_eventi\/archivio-eventi\/","title":{"rendered":"Archivio eventi"},"content":{"rendered":"        <div class=\"row\">\n\t\t\t<!-- Ricerca sedi post -->\n\t\t\t<div class=\"col-12 mt-4\">\n\t\t\t  <div class=\"callout callout-highlight note ricerca-esteri p-4\">\n                    <div class=\"callout-title\">\n                        <svg class=\"icon\">\n                            <use xlink:href=\"https:\/\/iiczagabria.esteri.it\/wp-content\/themes\/sedi-tema\/assets\/svg\/sprites.svg#it-search\"><\/use>\n                        <\/svg>Inserisci i parametri di ricerca                    <\/div>\n                    <form id=\"searchFormPost\" name=\"form-search-post\" class=\"form-row align-items-center\" action=\"https:\/\/iiczagabria.esteri.it\/it\/wp-json\/wp\/v2\/pages\/5582\/\" method=\"GET\"> \n                        <!-- <div class=\"form-group pt-5\"> -->\n                            <!-- <input type=\"hidden\" id=\"lang\" name=\"lang\" value=\"\"> --> <!-- <\/div> -->\n\n                        <div class=\"it-datepicker-wrapper\">\n                            <div class=\"row\">\n                                <div class=\"form-group col-md-6\">\n                                    <label class=\"active\" for=\"date-init\">Dal<\/label>\n                                    <input class=\"form-control\" name=\"date-init\" id=\"date-init\" type=\"date\" placeholder=\"gg\/mm\/aaaa\" value=\"\"lang=\"en-EN\">  \n                                <\/div>\n                                <div class=\"form-group col-md-6\">\n                                    <label class=\"active\" for=\"date-end\">Al<\/label>\n                                    <input class=\"form-control\" name=\"date-end\" id=\"date-end\" type=\"date\" placeholder=\"gg\/mm\/aaaa\" value=\"\">\n                                <\/div>\n                            <\/div>\n                        <\/div>\n                        <div class=\"form-group col-md-12 mt-3\">\n                            <label for=\"searchText\">Campo ricerca libera<\/label>\n                            <input type=\"text\" name=\"searchText\" class=\"form-control\" id=\"searchText\" value=\"\">\n                        <\/div>\n                        <div class=\"form-group col-md-4 offset-md-8 text-end\">\n                            <a href=\"https:\/\/iiczagabria.esteri.it\/it\/gli_eventi\/archivio-eventi\/\" title=\"Form reset\" id=\"resetImput\" class=\"btn btn-outline-primary btn-xs\">Reset<\/a>\n                            <button type=\"submit\" class=\"btn btn-primary btn-xs\">Mostra risultati<\/button>\n                        <\/div>\n                    <\/form>\n\t\t\t\t<\/div>\n\t\t\t<\/div>\n\t\t<\/div>\n                    \n            <div class=\"row\">\n                            <div class=\"col-12 mt-3\">\n                <!--start card-->\n                <div class=\"card-wrapper card-space\">\n                    <div class=\"card card-bg card-big border-bottom-card\">\n                        <div class=\"card-body row\">\n                                                    <div class=\"col-sm-3\">\n                                <div class=\"img-responsive\">\n                                    <figure class=\"img-wrapper\">\n                                        <a href=\"https:\/\/iiczagabria.esteri.it\/it\/gli_eventi\/calendario\/proiezione-del-film-il-maestro\/\" title=\"Leggi l'articolo: Proiezione del film Il maestro\u00a0\">\n                                                                                            <img loading=\"lazy\" decoding=\"async\" width=\"240\" height=\"300\" src=\"https:\/\/iiczagabria.esteri.it\/wp-content\/uploads\/2026\/07\/Il-maestro-240x300.jpg\" srcset=\"https:\/\/iiczagabria.esteri.it\/wp-content\/uploads\/2026\/07\/Il-maestro.jpg 1639w, https:\/\/iiczagabria.esteri.it\/wp-content\/uploads\/2026\/07\/Il-maestro-240x300.jpg 240w, https:\/\/iiczagabria.esteri.it\/wp-content\/uploads\/2026\/07\/Il-maestro-820x1024.jpg 820w, https:\/\/iiczagabria.esteri.it\/wp-content\/uploads\/2026\/07\/Il-maestro-768x960.jpg 768w\" sizes=\"auto, (max-width: 1639px) 100vw, 1639px\"  title=\"Il maestro\" alt=\"\" class=\"img-fluid\">\n                                                                                    <\/a>\n                                    <\/figure>\n                                <\/div>\n                            <\/div>\n                            <div class=\"col-sm-9\">\n                                                            <div class=\"category-top\">\n                                    <span class=\"fw-bold text-danger\">Concluso<\/span>                                                                        <span class=\"data\">\n                                        <svg class=\"icon icon-secondary\">\n                                            <use xlink:href=\"https:\/\/iiczagabria.esteri.it\/wp-content\/themes\/sedi-tema\/assets\/svg\/sprites.svg#it-calendar\"><\/use>\n                                        <\/svg> Dom 30 Ago 2026                                    <\/span>\n                                                                    <\/div>\n                            <h5 class=\"card-title big-heading text-uppercase\"><a class=\"text-body text-decoration-none\" href=\"https:\/\/iiczagabria.esteri.it\/it\/gli_eventi\/calendario\/proiezione-del-film-il-maestro\/\" title=\"Proiezione del film Il maestro\u00a0\">Proiezione del film Il maestro\u00a0<\/a><\/h5>\n                            <p class=\"card-text\">Nell&#8217;ambito della rassegna Cinehill a Zagabria proiezione del film Il maestro\u00a0 (2025) r. Andrea di Stefano Estate, fine anni Ottanta. Dopo anni di allenamenti duri e regole ferree, Felice, tredici anni e sulle spalle tutte le aspettative paterne, arriva finalmente ad affrontare i tornei nazionali di tennis. Per prepararlo al meglio, il padre lo affida [&hellip;]<\/p>\n                                <a title=\"Proiezione del film Il maestro\u00a0\" class=\"read-more\" href=\"https:\/\/iiczagabria.esteri.it\/it\/gli_eventi\/calendario\/proiezione-del-film-il-maestro\/\">\n                                    <span class=\"text\">Leggi di pi\u00f9<\/span>\n                                    <svg class=\"icon\">\n                                    <use xlink:href=\"https:\/\/iiczagabria.esteri.it\/wp-content\/themes\/sedi-tema\/assets\/svg\/sprites.svg#it-arrow-right\"><\/use>\n                                    <\/svg>\n                                <\/a>\n                                                        <\/div>\n                                                    <\/div>\n                    <\/div>\n                <\/div>\n                <!--end card-->\n                <\/div><!-- col-12 .mt-3-->\n                            <div class=\"col-12 mt-3\">\n                <!--start card-->\n                <div class=\"card-wrapper card-space\">\n                    <div class=\"card card-bg card-big border-bottom-card\">\n                        <div class=\"card-body row\">\n                                                    <div class=\"col-sm-3\">\n                                <div class=\"img-responsive\">\n                                    <figure class=\"img-wrapper\">\n                                        <a href=\"https:\/\/iiczagabria.esteri.it\/it\/gli_eventi\/calendario\/proiezione-del-cortometraggio-honeymoon\/\" title=\"Leggi l'articolo: Proiezione del cortometraggio Honeymoon\">\n                                                                                            <img loading=\"lazy\" decoding=\"async\" width=\"214\" height=\"300\" src=\"https:\/\/iiczagabria.esteri.it\/wp-content\/uploads\/2026\/07\/Honeymoon-214x300.jpg\" srcset=\"https:\/\/iiczagabria.esteri.it\/wp-content\/uploads\/2026\/07\/Honeymoon.jpg 571w, https:\/\/iiczagabria.esteri.it\/wp-content\/uploads\/2026\/07\/Honeymoon-214x300.jpg 214w\" sizes=\"auto, (max-width: 571px) 100vw, 571px\"  title=\"Honeymoon\" alt=\"\" class=\"img-fluid\">\n                                                                                    <\/a>\n                                    <\/figure>\n                                <\/div>\n                            <\/div>\n                            <div class=\"col-sm-9\">\n                                                            <div class=\"category-top\">\n                                    <span class=\"fw-bold text-danger\">Concluso<\/span>                                                                        <span class=\"data\">\n                                        <svg class=\"icon icon-secondary\">\n                                            <use xlink:href=\"https:\/\/iiczagabria.esteri.it\/wp-content\/themes\/sedi-tema\/assets\/svg\/sprites.svg#it-calendar\"><\/use>\n                                        <\/svg> Ven 21 Ago 2026                                    <\/span>\n                                                                    <\/div>\n                            <h5 class=\"card-title big-heading text-uppercase\"><a class=\"text-body text-decoration-none\" href=\"https:\/\/iiczagabria.esteri.it\/it\/gli_eventi\/calendario\/proiezione-del-cortometraggio-honeymoon\/\" title=\"Proiezione del cortometraggio Honeymoon\">Proiezione del cortometraggio Honeymoon<\/a><\/h5>\n                            <p class=\"card-text\">Nell&#8217;ambito dello Star Film Fest Proiezione del cortometraggio Honeymoon (2024) r. Mattia Parlati La storia segue due giovani innamorati separati a causa di una catastrofe ambientale e della quarantena. Sebbene siano isolati nelle loro case e lontani l\u2019uno dall\u2019altra, sono uniti da un invisibile \u201cfilo rosso\u201d. Per sfuggire alla dura realt\u00e0 e affrontare la separazione, [&hellip;]<\/p>\n                                <a title=\"Proiezione del cortometraggio Honeymoon\" class=\"read-more\" href=\"https:\/\/iiczagabria.esteri.it\/it\/gli_eventi\/calendario\/proiezione-del-cortometraggio-honeymoon\/\">\n                                    <span class=\"text\">Leggi di pi\u00f9<\/span>\n                                    <svg class=\"icon\">\n                                    <use xlink:href=\"https:\/\/iiczagabria.esteri.it\/wp-content\/themes\/sedi-tema\/assets\/svg\/sprites.svg#it-arrow-right\"><\/use>\n                                    <\/svg>\n                                <\/a>\n                                                        <\/div>\n                                                    <\/div>\n                    <\/div>\n                <\/div>\n                <!--end card-->\n                <\/div><!-- col-12 .mt-3-->\n                            <div class=\"col-12 mt-3\">\n                <!--start card-->\n                <div class=\"card-wrapper card-space\">\n                    <div class=\"card card-bg card-big border-bottom-card\">\n                        <div class=\"card-body row\">\n                                                    <div class=\"col-sm-3\">\n                                <div class=\"img-responsive\">\n                                    <figure class=\"img-wrapper\">\n                                        <a href=\"https:\/\/iiczagabria.esteri.it\/it\/gli_eventi\/calendario\/spettacolo-degli-sbandieratori-e-musici-di-borgovelino\/\" title=\"Leggi l'articolo: Spettacolo degli Sbandieratori e Musici di Borgovelino\">\n                                                                                            <img loading=\"lazy\" decoding=\"async\" width=\"300\" height=\"200\" src=\"https:\/\/iiczagabria.esteri.it\/wp-content\/uploads\/2026\/07\/Sbandieratori-300x200.jpg\" srcset=\"https:\/\/iiczagabria.esteri.it\/wp-content\/uploads\/2026\/07\/Sbandieratori.jpg 1920w, https:\/\/iiczagabria.esteri.it\/wp-content\/uploads\/2026\/07\/Sbandieratori-300x200.jpg 300w, https:\/\/iiczagabria.esteri.it\/wp-content\/uploads\/2026\/07\/Sbandieratori-1024x683.jpg 1024w, https:\/\/iiczagabria.esteri.it\/wp-content\/uploads\/2026\/07\/Sbandieratori-768x512.jpg 768w\" sizes=\"auto, (max-width: 1920px) 100vw, 1920px\"  title=\"Sbandieratori\" alt=\"\" class=\"img-fluid\">\n                                                                                    <\/a>\n                                    <\/figure>\n                                <\/div>\n                            <\/div>\n                            <div class=\"col-sm-9\">\n                                                            <div class=\"category-top\">\n                                    <span class=\"fw-bold text-danger\">Concluso<\/span>                                                                        <span class=\"data\">\n                                        <svg class=\"icon icon-secondary\">\n                                            <use xlink:href=\"https:\/\/iiczagabria.esteri.it\/wp-content\/themes\/sedi-tema\/assets\/svg\/sprites.svg#it-calendar\"><\/use>\n                                        <\/svg> Dom 16 Ago 2026                                    <\/span>\n                                                                    <\/div>\n                            <h5 class=\"card-title big-heading text-uppercase\"><a class=\"text-body text-decoration-none\" href=\"https:\/\/iiczagabria.esteri.it\/it\/gli_eventi\/calendario\/spettacolo-degli-sbandieratori-e-musici-di-borgovelino\/\" title=\"Spettacolo degli Sbandieratori e Musici di Borgovelino\">Spettacolo degli Sbandieratori e Musici di Borgovelino<\/a><\/h5>\n                            <p class=\"card-text\">Il Gruppo Sbandieratori e Musici di Borgovelino \u00e8 una storica associazione folkloristica italiana dell&#8217;omonimo paese della Regione Lazio, fondata nel 1974. Il gruppo si esibisce con le bandiere e gli strumenti musicali della tradizione, promuovendo la cultura e le tradizioni italiane in tutto il mondo. Nel corso degli anni ha partecipato a numerosi eventi di [&hellip;]<\/p>\n                                <a title=\"Spettacolo degli Sbandieratori e Musici di Borgovelino\" class=\"read-more\" href=\"https:\/\/iiczagabria.esteri.it\/it\/gli_eventi\/calendario\/spettacolo-degli-sbandieratori-e-musici-di-borgovelino\/\">\n                                    <span class=\"text\">Leggi di pi\u00f9<\/span>\n                                    <svg class=\"icon\">\n                                    <use xlink:href=\"https:\/\/iiczagabria.esteri.it\/wp-content\/themes\/sedi-tema\/assets\/svg\/sprites.svg#it-arrow-right\"><\/use>\n                                    <\/svg>\n                                <\/a>\n                                                        <\/div>\n                                                    <\/div>\n                    <\/div>\n                <\/div>\n                <!--end card-->\n                <\/div><!-- col-12 .mt-3-->\n                            <div class=\"col-12 mt-3\">\n                <!--start card-->\n                <div class=\"card-wrapper card-space\">\n                    <div class=\"card card-bg card-big border-bottom-card\">\n                        <div class=\"card-body row\">\n                                                    <div class=\"col-sm-3\">\n                                <div class=\"img-responsive\">\n                                    <figure class=\"img-wrapper\">\n                                        <a href=\"https:\/\/iiczagabria.esteri.it\/it\/gli_eventi\/calendario\/masterclass-e-concerto-di-massimiliano-ferrati\/\" title=\"Leggi l'articolo: Masterclass e concerto di Massimiliano Ferrati\">\n                                                                                            <img loading=\"lazy\" decoding=\"async\" width=\"300\" height=\"169\" src=\"https:\/\/iiczagabria.esteri.it\/wp-content\/uploads\/2026\/07\/Ferrati-theatre-300x169.jpg\" srcset=\"https:\/\/iiczagabria.esteri.it\/wp-content\/uploads\/2026\/07\/Ferrati-theatre.jpg 1920w, https:\/\/iiczagabria.esteri.it\/wp-content\/uploads\/2026\/07\/Ferrati-theatre-300x169.jpg 300w, https:\/\/iiczagabria.esteri.it\/wp-content\/uploads\/2026\/07\/Ferrati-theatre-1024x576.jpg 1024w, https:\/\/iiczagabria.esteri.it\/wp-content\/uploads\/2026\/07\/Ferrati-theatre-768x432.jpg 768w\" sizes=\"auto, (max-width: 1920px) 100vw, 1920px\"  title=\"Ferrati-theatre\" alt=\"\" class=\"img-fluid\">\n                                                                                    <\/a>\n                                    <\/figure>\n                                <\/div>\n                            <\/div>\n                            <div class=\"col-sm-9\">\n                                                            <div class=\"category-top\">\n                                    <span class=\"fw-bold text-danger\">Concluso<\/span>                                                                        <span class=\"data\">\n                                        <svg class=\"icon icon-secondary\">\n                                            <use xlink:href=\"https:\/\/iiczagabria.esteri.it\/wp-content\/themes\/sedi-tema\/assets\/svg\/sprites.svg#it-calendar\"><\/use>\n                                        <\/svg> Sab 15 Ago 2026<svg class=\"icon icon-xs icon-secondary me-1 ms-1\"><use href=\"https:\/\/iiczagabria.esteri.it\/wp-content\/themes\/sedi-tema\/assets\/svg\/sprites.svg#it-arrow-right\"><\/use><\/svg>Lun 24 Ago 2026                                    <\/span>\n                                                                    <\/div>\n                            <h5 class=\"card-title big-heading text-uppercase\"><a class=\"text-body text-decoration-none\" href=\"https:\/\/iiczagabria.esteri.it\/it\/gli_eventi\/calendario\/masterclass-e-concerto-di-massimiliano-ferrati\/\" title=\"Masterclass e concerto di Massimiliano Ferrati\">Masterclass e concerto di Massimiliano Ferrati<\/a><\/h5>\n                            <p class=\"card-text\">In collaborazione con Jeunesses Musicales Croatie nell\u2019ambito dell\u2019International Summer Piano School a Grisignana\/Gro\u017enjan Massimiliano Ferrati \u00e8 uno dei pi\u00f9 illustri pianisti italiani della sua generazione, rinomato per la sua straordinaria musicalit\u00e0, la padronanza tecnica e le sue interpretazioni carismatiche. Nato ad Adria nel 1970, si \u00e8 diplomato con il massimo dei voti, la lode e [&hellip;]<\/p>\n                                <a title=\"Masterclass e concerto di Massimiliano Ferrati\" class=\"read-more\" href=\"https:\/\/iiczagabria.esteri.it\/it\/gli_eventi\/calendario\/masterclass-e-concerto-di-massimiliano-ferrati\/\">\n                                    <span class=\"text\">Leggi di pi\u00f9<\/span>\n                                    <svg class=\"icon\">\n                                    <use xlink:href=\"https:\/\/iiczagabria.esteri.it\/wp-content\/themes\/sedi-tema\/assets\/svg\/sprites.svg#it-arrow-right\"><\/use>\n                                    <\/svg>\n                                <\/a>\n                                                        <\/div>\n                                                    <\/div>\n                    <\/div>\n                <\/div>\n                <!--end card-->\n                <\/div><!-- col-12 .mt-3-->\n                            <div class=\"col-12 mt-3\">\n                <!--start card-->\n                <div class=\"card-wrapper card-space\">\n                    <div class=\"card card-bg card-big border-bottom-card\">\n                        <div class=\"card-body row\">\n                                                    <div class=\"col-sm-3\">\n                                <div class=\"img-responsive\">\n                                    <figure class=\"img-wrapper\">\n                                        <a href=\"https:\/\/iiczagabria.esteri.it\/it\/gli_eventi\/calendario\/son-io-cosa-vostra-donne-maschere-e-musicagoldoni-oggi\/\" title=\"Leggi l'articolo: \u201cSon io cosa vostra? \u2013 Donne, maschere e musica\u2026Goldoni oggi\u201d\">\n                                                                                            <img loading=\"lazy\" decoding=\"async\" width=\"240\" height=\"300\" src=\"https:\/\/iiczagabria.esteri.it\/wp-content\/uploads\/2026\/07\/Sono-io-240x300.jpg\" srcset=\"https:\/\/iiczagabria.esteri.it\/wp-content\/uploads\/2026\/07\/Sono-io.jpg 680w, https:\/\/iiczagabria.esteri.it\/wp-content\/uploads\/2026\/07\/Sono-io-240x300.jpg 240w\" sizes=\"auto, (max-width: 680px) 100vw, 680px\"  title=\"Sono io\" alt=\"\" class=\"img-fluid\">\n                                                                                    <\/a>\n                                    <\/figure>\n                                <\/div>\n                            <\/div>\n                            <div class=\"col-sm-9\">\n                                                            <div class=\"category-top\">\n                                    <span class=\"fw-bold text-danger\">Concluso<\/span>                                                                        <span class=\"data\">\n                                        <svg class=\"icon icon-secondary\">\n                                            <use xlink:href=\"https:\/\/iiczagabria.esteri.it\/wp-content\/themes\/sedi-tema\/assets\/svg\/sprites.svg#it-calendar\"><\/use>\n                                        <\/svg> Gio 13 Ago 2026                                    <\/span>\n                                                                    <\/div>\n                            <h5 class=\"card-title big-heading text-uppercase\"><a class=\"text-body text-decoration-none\" href=\"https:\/\/iiczagabria.esteri.it\/it\/gli_eventi\/calendario\/son-io-cosa-vostra-donne-maschere-e-musicagoldoni-oggi\/\" title=\"\u201cSon io cosa vostra? \u2013 Donne, maschere e musica\u2026Goldoni oggi\u201d\">\u201cSon io cosa vostra? \u2013 Donne, maschere e musica\u2026Goldoni oggi\u201d<\/a><\/h5>\n                            <p class=\"card-text\">spettacolo della Compagnia Hellequin (Pordenone) nell\u2019ambito del Bembo Fest regia: Ferruccio Merisi con: Lucia Zaghet, Giulia Colussi e Daria Sadovskaia musicisti in scena: Alice Gaspardo e Jacopo Pittino Questo spettacolo, attraverso uno sguardo contemporaneo, riscopre il mondo di Carlo Goldoni, il grande riformatore del teatro italiano del XVIII secolo. \u00c8 un omaggio alle donne nelle [&hellip;]<\/p>\n                                <a title=\"\u201cSon io cosa vostra? \u2013 Donne, maschere e musica\u2026Goldoni oggi\u201d\" class=\"read-more\" href=\"https:\/\/iiczagabria.esteri.it\/it\/gli_eventi\/calendario\/son-io-cosa-vostra-donne-maschere-e-musicagoldoni-oggi\/\">\n                                    <span class=\"text\">Leggi di pi\u00f9<\/span>\n                                    <svg class=\"icon\">\n                                    <use xlink:href=\"https:\/\/iiczagabria.esteri.it\/wp-content\/themes\/sedi-tema\/assets\/svg\/sprites.svg#it-arrow-right\"><\/use>\n                                    <\/svg>\n                                <\/a>\n                                                        <\/div>\n                                                    <\/div>\n                    <\/div>\n                <\/div>\n                <!--end card-->\n                <\/div><!-- col-12 .mt-3-->\n                            <div class=\"col-12 mt-3\">\n                <!--start card-->\n                <div class=\"card-wrapper card-space\">\n                    <div class=\"card card-bg card-big border-bottom-card\">\n                        <div class=\"card-body row\">\n                                                    <div class=\"col-sm-3\">\n                                <div class=\"img-responsive\">\n                                    <figure class=\"img-wrapper\">\n                                        <a href=\"https:\/\/iiczagabria.esteri.it\/it\/gli_eventi\/calendario\/proiezioni-del-film-italiano-il-maestro\/\" title=\"Leggi l'articolo: Proiezioni del film italiano: Il maestro\">\n                                                                                            <img loading=\"lazy\" decoding=\"async\" width=\"240\" height=\"300\" src=\"https:\/\/iiczagabria.esteri.it\/wp-content\/uploads\/2026\/07\/Il-maestro-240x300.jpg\" srcset=\"https:\/\/iiczagabria.esteri.it\/wp-content\/uploads\/2026\/07\/Il-maestro.jpg 1639w, https:\/\/iiczagabria.esteri.it\/wp-content\/uploads\/2026\/07\/Il-maestro-240x300.jpg 240w, https:\/\/iiczagabria.esteri.it\/wp-content\/uploads\/2026\/07\/Il-maestro-820x1024.jpg 820w, https:\/\/iiczagabria.esteri.it\/wp-content\/uploads\/2026\/07\/Il-maestro-768x960.jpg 768w\" sizes=\"auto, (max-width: 1639px) 100vw, 1639px\"  title=\"Il maestro\" alt=\"\" class=\"img-fluid\">\n                                                                                    <\/a>\n                                    <\/figure>\n                                <\/div>\n                            <\/div>\n                            <div class=\"col-sm-9\">\n                                                            <div class=\"category-top\">\n                                    <span class=\"fw-bold text-danger\">Concluso<\/span>                                                                        <span class=\"data\">\n                                        <svg class=\"icon icon-secondary\">\n                                            <use xlink:href=\"https:\/\/iiczagabria.esteri.it\/wp-content\/themes\/sedi-tema\/assets\/svg\/sprites.svg#it-calendar\"><\/use>\n                                        <\/svg> Sab 25 Lug 2026<svg class=\"icon icon-xs icon-secondary me-1 ms-1\"><use href=\"https:\/\/iiczagabria.esteri.it\/wp-content\/themes\/sedi-tema\/assets\/svg\/sprites.svg#it-arrow-right\"><\/use><\/svg>Dom 26 Lug 2026                                    <\/span>\n                                                                    <\/div>\n                            <h5 class=\"card-title big-heading text-uppercase\"><a class=\"text-body text-decoration-none\" href=\"https:\/\/iiczagabria.esteri.it\/it\/gli_eventi\/calendario\/proiezioni-del-film-italiano-il-maestro\/\" title=\"Proiezioni del film italiano: Il maestro\">Proiezioni del film italiano: Il maestro<\/a><\/h5>\n                            <p class=\"card-text\">Nell&#8217;ambito del Cinehill festival Il maestro\u00a0 (2025) regia: Andrea Di Stefano &nbsp; Estate, fine anni Ottanta. Dopo anni di allenamenti duri e regole ferree, Felice, tredici anni e sulle spalle tutte le aspettative paterne, arriva finalmente ad affrontare i tornei nazionali di tennis. Per prepararlo al meglio, il padre lo affida al sedicente ex campione [&hellip;]<\/p>\n                                <a title=\"Proiezioni del film italiano: Il maestro\" class=\"read-more\" href=\"https:\/\/iiczagabria.esteri.it\/it\/gli_eventi\/calendario\/proiezioni-del-film-italiano-il-maestro\/\">\n                                    <span class=\"text\">Leggi di pi\u00f9<\/span>\n                                    <svg class=\"icon\">\n                                    <use xlink:href=\"https:\/\/iiczagabria.esteri.it\/wp-content\/themes\/sedi-tema\/assets\/svg\/sprites.svg#it-arrow-right\"><\/use>\n                                    <\/svg>\n                                <\/a>\n                                                        <\/div>\n                                                    <\/div>\n                    <\/div>\n                <\/div>\n                <!--end card-->\n                <\/div><!-- col-12 .mt-3-->\n                            <div class=\"col-12 mt-3\">\n                <!--start card-->\n                <div class=\"card-wrapper card-space\">\n                    <div class=\"card card-bg card-big border-bottom-card\">\n                        <div class=\"card-body row\">\n                                                    <div class=\"col-sm-3\">\n                                <div class=\"img-responsive\">\n                                    <figure class=\"img-wrapper\">\n                                        <a href=\"https:\/\/iiczagabria.esteri.it\/it\/gli_eventi\/calendario\/proiezione-del-film-documentario-i-leoni-di-lissa\/\" title=\"Leggi l'articolo: Proiezione del film documentario: I leoni di Lissa\">\n                                                                                            <img loading=\"lazy\" decoding=\"async\" width=\"300\" height=\"201\" src=\"https:\/\/iiczagabria.esteri.it\/wp-content\/uploads\/2026\/06\/Leoni-di-Lissa-300x201.jpg\" srcset=\"https:\/\/iiczagabria.esteri.it\/wp-content\/uploads\/2026\/06\/Leoni-di-Lissa.jpg 1280w, https:\/\/iiczagabria.esteri.it\/wp-content\/uploads\/2026\/06\/Leoni-di-Lissa-300x201.jpg 300w, https:\/\/iiczagabria.esteri.it\/wp-content\/uploads\/2026\/06\/Leoni-di-Lissa-1024x685.jpg 1024w, https:\/\/iiczagabria.esteri.it\/wp-content\/uploads\/2026\/06\/Leoni-di-Lissa-768x514.jpg 768w\" sizes=\"auto, (max-width: 1280px) 100vw, 1280px\"  title=\"Leoni di Lissa\" alt=\"\" class=\"img-fluid\">\n                                                                                    <\/a>\n                                    <\/figure>\n                                <\/div>\n                            <\/div>\n                            <div class=\"col-sm-9\">\n                                                            <div class=\"category-top\">\n                                    <span class=\"fw-bold text-danger\">Concluso<\/span>                                                                        <span class=\"data\">\n                                        <svg class=\"icon icon-secondary\">\n                                            <use xlink:href=\"https:\/\/iiczagabria.esteri.it\/wp-content\/themes\/sedi-tema\/assets\/svg\/sprites.svg#it-calendar\"><\/use>\n                                        <\/svg> Lun 20 Lug 2026                                    <\/span>\n                                                                    <\/div>\n                            <h5 class=\"card-title big-heading text-uppercase\"><a class=\"text-body text-decoration-none\" href=\"https:\/\/iiczagabria.esteri.it\/it\/gli_eventi\/calendario\/proiezione-del-film-documentario-i-leoni-di-lissa\/\" title=\"Proiezione del film documentario: I leoni di Lissa\">Proiezione del film documentario: I leoni di Lissa<\/a><\/h5>\n                            <p class=\"card-text\">Nell\u2019ambito delle celebrazioni per i 160 anni dalla Battaglia di Lissa proiezione del film documentario I leoni di Lissa (2019) regia: Nicol\u00f2 Bongiorno &#8220;I leoni di Lissa&#8221; \u00e8 un film documentario d\u2019azione e d\u2019avventura che evoca la storia della leggendaria battaglia navale di Lissa (1866), scontro simbolo e icona della marineria moderna. Il racconto si [&hellip;]<\/p>\n                                <a title=\"Proiezione del film documentario: I leoni di Lissa\" class=\"read-more\" href=\"https:\/\/iiczagabria.esteri.it\/it\/gli_eventi\/calendario\/proiezione-del-film-documentario-i-leoni-di-lissa\/\">\n                                    <span class=\"text\">Leggi di pi\u00f9<\/span>\n                                    <svg class=\"icon\">\n                                    <use xlink:href=\"https:\/\/iiczagabria.esteri.it\/wp-content\/themes\/sedi-tema\/assets\/svg\/sprites.svg#it-arrow-right\"><\/use>\n                                    <\/svg>\n                                <\/a>\n                                                        <\/div>\n                                                    <\/div>\n                    <\/div>\n                <\/div>\n                <!--end card-->\n                <\/div><!-- col-12 .mt-3-->\n                            <div class=\"col-12 mt-3\">\n                <!--start card-->\n                <div class=\"card-wrapper card-space\">\n                    <div class=\"card card-bg card-big border-bottom-card\">\n                        <div class=\"card-body row\">\n                                                    <div class=\"col-sm-3\">\n                                <div class=\"img-responsive\">\n                                    <figure class=\"img-wrapper\">\n                                        <a href=\"https:\/\/iiczagabria.esteri.it\/it\/gli_eventi\/calendario\/il-carro-di-tespi-il-teatro-italiano-in-piazza-11-25-luglio\/\" title=\"Leggi l'articolo: Il Carro di Tespi \u2013 Il teatro italiano in piazza (11-25 luglio)\">\n                                                                                            <img loading=\"lazy\" decoding=\"async\" width=\"300\" height=\"300\" src=\"https:\/\/iiczagabria.esteri.it\/wp-content\/uploads\/2026\/07\/0-Il-carro-di-Tespi-2026-Post-quadrato-1-300x300.jpg\" srcset=\"https:\/\/iiczagabria.esteri.it\/wp-content\/uploads\/2026\/07\/0-Il-carro-di-Tespi-2026-Post-quadrato-1.jpg 1749w, https:\/\/iiczagabria.esteri.it\/wp-content\/uploads\/2026\/07\/0-Il-carro-di-Tespi-2026-Post-quadrato-1-300x300.jpg 300w, https:\/\/iiczagabria.esteri.it\/wp-content\/uploads\/2026\/07\/0-Il-carro-di-Tespi-2026-Post-quadrato-1-1024x1024.jpg 1024w, https:\/\/iiczagabria.esteri.it\/wp-content\/uploads\/2026\/07\/0-Il-carro-di-Tespi-2026-Post-quadrato-1-150x150.jpg 150w, https:\/\/iiczagabria.esteri.it\/wp-content\/uploads\/2026\/07\/0-Il-carro-di-Tespi-2026-Post-quadrato-1-768x768.jpg 768w\" sizes=\"auto, (max-width: 1749px) 100vw, 1749px\"  title=\"0 &#8211; Il carro di Tespi &#8211; 2026 &#8211; Post quadrato\" alt=\"\" class=\"img-fluid\">\n                                                                                    <\/a>\n                                    <\/figure>\n                                <\/div>\n                            <\/div>\n                            <div class=\"col-sm-9\">\n                                                            <div class=\"category-top\">\n                                    <span class=\"fw-bold text-danger\">Concluso<\/span>                                                                        <span class=\"data\">\n                                        <svg class=\"icon icon-secondary\">\n                                            <use xlink:href=\"https:\/\/iiczagabria.esteri.it\/wp-content\/themes\/sedi-tema\/assets\/svg\/sprites.svg#it-calendar\"><\/use>\n                                        <\/svg> Sab 11 Lug 2026<svg class=\"icon icon-xs icon-secondary me-1 ms-1\"><use href=\"https:\/\/iiczagabria.esteri.it\/wp-content\/themes\/sedi-tema\/assets\/svg\/sprites.svg#it-arrow-right\"><\/use><\/svg>Sab 25 Lug 2026                                    <\/span>\n                                                                    <\/div>\n                            <h5 class=\"card-title big-heading text-uppercase\"><a class=\"text-body text-decoration-none\" href=\"https:\/\/iiczagabria.esteri.it\/it\/gli_eventi\/calendario\/il-carro-di-tespi-il-teatro-italiano-in-piazza-11-25-luglio\/\" title=\"Il Carro di Tespi \u2013 Il teatro italiano in piazza (11-25 luglio)\">Il Carro di Tespi \u2013 Il teatro italiano in piazza (11-25 luglio)<\/a><\/h5>\n                            <p class=\"card-text\">La Mandragola di Niccol\u00f2 Machiavelli Stivalaccio Teatro di Vicenza Ossessionato dall\u2019idea di avere un erede, Messer Nicia cade vittima di una beffa orchestrata da chi si dimostra pi\u00f9 astuto di lui. Tra inganni, ambizioni e ipocrisie, La mandragola di Machiavelli intreccia comicit\u00e0 e critica sociale in uno dei capolavori del teatro rinascimentale. Lo spettacolo reinterpreta [&hellip;]<\/p>\n                                <a title=\"Il Carro di Tespi \u2013 Il teatro italiano in piazza (11-25 luglio)\" class=\"read-more\" href=\"https:\/\/iiczagabria.esteri.it\/it\/gli_eventi\/calendario\/il-carro-di-tespi-il-teatro-italiano-in-piazza-11-25-luglio\/\">\n                                    <span class=\"text\">Leggi di pi\u00f9<\/span>\n                                    <svg class=\"icon\">\n                                    <use xlink:href=\"https:\/\/iiczagabria.esteri.it\/wp-content\/themes\/sedi-tema\/assets\/svg\/sprites.svg#it-arrow-right\"><\/use>\n                                    <\/svg>\n                                <\/a>\n                                                        <\/div>\n                                                    <\/div>\n                    <\/div>\n                <\/div>\n                <!--end card-->\n                <\/div><!-- col-12 .mt-3-->\n                            <div class=\"col-12 mt-3\">\n                <!--start card-->\n                <div class=\"card-wrapper card-space\">\n                    <div class=\"card card-bg card-big border-bottom-card\">\n                        <div class=\"card-body row\">\n                                                    <div class=\"col-sm-3\">\n                                <div class=\"img-responsive\">\n                                    <figure class=\"img-wrapper\">\n                                        <a href=\"https:\/\/iiczagabria.esteri.it\/it\/gli_eventi\/calendario\/proiezioni-del-film-italiano-le-cose-non-dette\/\" title=\"Leggi l'articolo: Proiezioni del film italiano &#8211; Le cose non dette\">\n                                                                                            <img loading=\"lazy\" decoding=\"async\" width=\"300\" height=\"169\" src=\"https:\/\/iiczagabria.esteri.it\/wp-content\/uploads\/2026\/06\/Le-cose-non-dette-300x169.jpg\" srcset=\"https:\/\/iiczagabria.esteri.it\/wp-content\/uploads\/2026\/06\/Le-cose-non-dette.jpg 1280w, https:\/\/iiczagabria.esteri.it\/wp-content\/uploads\/2026\/06\/Le-cose-non-dette-300x169.jpg 300w, https:\/\/iiczagabria.esteri.it\/wp-content\/uploads\/2026\/06\/Le-cose-non-dette-1024x576.jpg 1024w, https:\/\/iiczagabria.esteri.it\/wp-content\/uploads\/2026\/06\/Le-cose-non-dette-768x432.jpg 768w\" sizes=\"auto, (max-width: 1280px) 100vw, 1280px\"  title=\"Le cose non dette\" alt=\"\" class=\"img-fluid\">\n                                                                                    <\/a>\n                                    <\/figure>\n                                <\/div>\n                            <\/div>\n                            <div class=\"col-sm-9\">\n                                                            <div class=\"category-top\">\n                                    <span class=\"fw-bold text-danger\">Concluso<\/span>                                                                        <span class=\"data\">\n                                        <svg class=\"icon icon-secondary\">\n                                            <use xlink:href=\"https:\/\/iiczagabria.esteri.it\/wp-content\/themes\/sedi-tema\/assets\/svg\/sprites.svg#it-calendar\"><\/use>\n                                        <\/svg> Ven 10 Lug 2026<svg class=\"icon icon-xs icon-secondary me-1 ms-1\"><use href=\"https:\/\/iiczagabria.esteri.it\/wp-content\/themes\/sedi-tema\/assets\/svg\/sprites.svg#it-arrow-right\"><\/use><\/svg>Mar 14 Lug 2026                                    <\/span>\n                                                                    <\/div>\n                            <h5 class=\"card-title big-heading text-uppercase\"><a class=\"text-body text-decoration-none\" href=\"https:\/\/iiczagabria.esteri.it\/it\/gli_eventi\/calendario\/proiezioni-del-film-italiano-le-cose-non-dette\/\" title=\"Proiezioni del film italiano &#8211; Le cose non dette\">Proiezioni del film italiano &#8211; Le cose non dette<\/a><\/h5>\n                            <p class=\"card-text\">Le cose non dette (2026) regia: Gabriele Muccino Tra Tangeri e Roma si intrecciano i destini di diversi personaggi, i cui rapporti cambiano gradualmente sotto la pressione dei desideri, delle delusioni, dei legami familiari e delle verit\u00e0 taciute. Carlo ed Elisa viaggiano in Marocco con gli amici Anna e Paolo e la loro figlia Vittoria, [&hellip;]<\/p>\n                                <a title=\"Proiezioni del film italiano &#8211; Le cose non dette\" class=\"read-more\" href=\"https:\/\/iiczagabria.esteri.it\/it\/gli_eventi\/calendario\/proiezioni-del-film-italiano-le-cose-non-dette\/\">\n                                    <span class=\"text\">Leggi di pi\u00f9<\/span>\n                                    <svg class=\"icon\">\n                                    <use xlink:href=\"https:\/\/iiczagabria.esteri.it\/wp-content\/themes\/sedi-tema\/assets\/svg\/sprites.svg#it-arrow-right\"><\/use>\n                                    <\/svg>\n                                <\/a>\n                                                        <\/div>\n                                                    <\/div>\n                    <\/div>\n                <\/div>\n                <!--end card-->\n                <\/div><!-- col-12 .mt-3-->\n                            <div class=\"col-12 mt-3\">\n                <!--start card-->\n                <div class=\"card-wrapper card-space\">\n                    <div class=\"card card-bg card-big border-bottom-card\">\n                        <div class=\"card-body row\">\n                                                    <div class=\"col-sm-3\">\n                                <div class=\"img-responsive\">\n                                    <figure class=\"img-wrapper\">\n                                        <a href=\"https:\/\/iiczagabria.esteri.it\/it\/gli_eventi\/calendario\/73-pula-film-festival-9-16-luglio\/\" title=\"Leggi l'articolo: 73\u00b0 Pula Film Festival (9-16 luglio)\">\n                                                                                            <img loading=\"lazy\" decoding=\"async\" width=\"210\" height=\"300\" src=\"https:\/\/iiczagabria.esteri.it\/wp-content\/uploads\/2026\/06\/gioia-mia_locandina-210x300.jpg\" srcset=\"https:\/\/iiczagabria.esteri.it\/wp-content\/uploads\/2026\/06\/gioia-mia_locandina.jpg 420w, https:\/\/iiczagabria.esteri.it\/wp-content\/uploads\/2026\/06\/gioia-mia_locandina-210x300.jpg 210w\" sizes=\"auto, (max-width: 420px) 100vw, 420px\"  title=\"gioia-mia_locandina\" alt=\"\" class=\"img-fluid\">\n                                                                                    <\/a>\n                                    <\/figure>\n                                <\/div>\n                            <\/div>\n                            <div class=\"col-sm-9\">\n                                                            <div class=\"category-top\">\n                                    <span class=\"fw-bold text-danger\">Concluso<\/span>                                                                        <span class=\"data\">\n                                        <svg class=\"icon icon-secondary\">\n                                            <use xlink:href=\"https:\/\/iiczagabria.esteri.it\/wp-content\/themes\/sedi-tema\/assets\/svg\/sprites.svg#it-calendar\"><\/use>\n                                        <\/svg> Gio 09 Lug 2026<svg class=\"icon icon-xs icon-secondary me-1 ms-1\"><use href=\"https:\/\/iiczagabria.esteri.it\/wp-content\/themes\/sedi-tema\/assets\/svg\/sprites.svg#it-arrow-right\"><\/use><\/svg>Dom 12 Lug 2026                                    <\/span>\n                                                                    <\/div>\n                            <h5 class=\"card-title big-heading text-uppercase\"><a class=\"text-body text-decoration-none\" href=\"https:\/\/iiczagabria.esteri.it\/it\/gli_eventi\/calendario\/73-pula-film-festival-9-16-luglio\/\" title=\"73\u00b0 Pula Film Festival (9-16 luglio)\">73\u00b0 Pula Film Festival (9-16 luglio)<\/a><\/h5>\n                            <p class=\"card-text\">Nell\u2019ambito del 73\u00b0 Pula Film Festival (9-16 luglio) proiezione dei film Gioia mia (2025) regia: Margherita Spampinato Nico, un bambino vivace, scontroso e impertinente, cresciuto in una famiglia laica, in un mondo moderno, tecnologico e iperconnesso, \u00e8 costretto a passare l\u2019estate in Sicilia, ospite di un\u2019 anziana zia signorina religiosissima e scorbutica che vive sola, [&hellip;]<\/p>\n                                <a title=\"73\u00b0 Pula Film Festival (9-16 luglio)\" class=\"read-more\" href=\"https:\/\/iiczagabria.esteri.it\/it\/gli_eventi\/calendario\/73-pula-film-festival-9-16-luglio\/\">\n                                    <span class=\"text\">Leggi di pi\u00f9<\/span>\n                                    <svg class=\"icon\">\n                                    <use xlink:href=\"https:\/\/iiczagabria.esteri.it\/wp-content\/themes\/sedi-tema\/assets\/svg\/sprites.svg#it-arrow-right\"><\/use>\n                                    <\/svg>\n                                <\/a>\n                                                        <\/div>\n                                                    <\/div>\n                    <\/div>\n                <\/div>\n                <!--end card-->\n                <\/div><!-- col-12 .mt-3-->\n            \n            <div class=\"col-md-12 mt-4 pb-4\">\n                <nav class=\"navigation col-md-12\" aria-label=\"Navigation\">\n                    <h2 class=\"screen-reader-text visually-hidden\">Paginazione<\/h2>\n                    <div class=\"nav-links\">\n                    <span aria-current=\"page\" class=\"page-numbers current\">1<\/span>\n<a class=\"page-numbers\" href=\"https:\/\/iiczagabria.esteri.it\/it\/wp-json\/wp\/v2\/pages\/5582\/?pag=2\">2<\/a>\n<a class=\"page-numbers\" href=\"https:\/\/iiczagabria.esteri.it\/it\/wp-json\/wp\/v2\/pages\/5582\/?pag=3\">3<\/a>\n<span class=\"page-numbers dots\">&hellip;<\/span>\n<a class=\"page-numbers\" href=\"https:\/\/iiczagabria.esteri.it\/it\/wp-json\/wp\/v2\/pages\/5582\/?pag=116\">116<\/a>\n<a class=\"next page-numbers\" href=\"https:\/\/iiczagabria.esteri.it\/it\/wp-json\/wp\/v2\/pages\/5582\/?pag=2\"><svg class=\"icon icon-primary\"><use xlink:href=\"https:\/\/iiczagabria.esteri.it\/wp-content\/themes\/sedi-tema\/assets\/svg\/sprites.svg#it-chevron-right\"><\/use><\/svg>\n                                    <span class=\"visually-hidden\">Pagina successiva<\/span><\/a>                    <\/div>\n                <\/nav>\n            <\/div>   <!--.col-md-12 -->\n              <\/div><!--.row -->\n              \n","protected":false},"excerpt":{"rendered":"","protected":false},"author":1,"featured_media":0,"parent":17,"menu_order":0,"comment_status":"closed","ping_status":"closed","template":"","meta":{"footnotes":""},"class_list":["post-5582","page","type-page","status-publish","hentry"],"_links":{"self":[{"href":"https:\/\/iiczagabria.esteri.it\/it\/wp-json\/wp\/v2\/pages\/5582","targetHints":{"allow":["GET"]}}],"collection":[{"href":"https:\/\/iiczagabria.esteri.it\/it\/wp-json\/wp\/v2\/pages"}],"about":[{"href":"https:\/\/iiczagabria.esteri.it\/it\/wp-json\/wp\/v2\/types\/page"}],"author":[{"embeddable":true,"href":"https:\/\/iiczagabria.esteri.it\/it\/wp-json\/wp\/v2\/users\/1"}],"replies":[{"embeddable":true,"href":"https:\/\/iiczagabria.esteri.it\/it\/wp-json\/wp\/v2\/comments?post=5582"}],"version-history":[{"count":1,"href":"https:\/\/iiczagabria.esteri.it\/it\/wp-json\/wp\/v2\/pages\/5582\/revisions"}],"predecessor-version":[{"id":5584,"href":"https:\/\/iiczagabria.esteri.it\/it\/wp-json\/wp\/v2\/pages\/5582\/revisions\/5584"}],"up":[{"embeddable":true,"href":"https:\/\/iiczagabria.esteri.it\/it\/wp-json\/wp\/v2\/pages\/17"}],"wp:attachment":[{"href":"https:\/\/iiczagabria.esteri.it\/it\/wp-json\/wp\/v2\/media?parent=5582"}],"curies":[{"name":"wp","href":"https:\/\/api.w.org\/{rel}","templated":true}]}}