{"id":5582,"date":"2024-07-19T12:44:23","date_gmt":"2024-07-19T10:44:23","guid":{"rendered":"https:\/\/iiczagabria.esteri.it\/?page_id=5582"},"modified":"2024-07-19T12:44:23","modified_gmt":"2024-07-19T10:44:23","slug":"archivio-eventi","status":"publish","type":"page","link":"https:\/\/iiczagabria.esteri.it\/it\/gli_eventi\/archivio-eventi\/","title":{"rendered":"Archivio eventi"},"content":{"rendered":"        <div class=\"row\">\n\t\t\t<!-- Ricerca sedi post -->\n\t\t\t<div class=\"col-12 mt-4\">\n\t\t\t  <div class=\"callout callout-highlight note ricerca-esteri p-4\">\n                    <div class=\"callout-title\">\n                        <svg class=\"icon\">\n                            <use xlink:href=\"https:\/\/iiczagabria.esteri.it\/wp-content\/themes\/sedi-tema\/assets\/svg\/sprites.svg#it-search\"><\/use>\n                        <\/svg>Inserisci i parametri di ricerca                    <\/div>\n                    <form id=\"searchFormPost\" name=\"form-search-post\" class=\"form-row align-items-center\" action=\"https:\/\/iiczagabria.esteri.it\/it\/wp-json\/wp\/v2\/pages\/5582\/\" method=\"GET\"> \n                        <!-- <div class=\"form-group pt-5\"> -->\n                            <!-- <input type=\"hidden\" id=\"lang\" name=\"lang\" value=\"\"> --> <!-- <\/div> -->\n\n                        <div class=\"it-datepicker-wrapper\">\n                            <div class=\"row\">\n                                <div class=\"form-group col-md-6\">\n                                    <label class=\"active\" for=\"date-init\">Dal<\/label>\n                                    <input class=\"form-control\" name=\"date-init\" id=\"date-init\" type=\"date\" placeholder=\"gg\/mm\/aaaa\" value=\"\"lang=\"en-EN\">  \n                                <\/div>\n                                <div class=\"form-group col-md-6\">\n                                    <label class=\"active\" for=\"date-end\">Al<\/label>\n                                    <input class=\"form-control\" name=\"date-end\" id=\"date-end\" type=\"date\" placeholder=\"gg\/mm\/aaaa\" value=\"\">\n                                <\/div>\n                            <\/div>\n                        <\/div>\n                        <div class=\"form-group col-md-12 mt-3\">\n                            <label for=\"searchText\">Campo ricerca libera<\/label>\n                            <input type=\"text\" name=\"searchText\" class=\"form-control\" id=\"searchText\" value=\"\">\n                        <\/div>\n                        <div class=\"form-group col-md-4 offset-md-8 text-end\">\n                            <a href=\"https:\/\/iiczagabria.esteri.it\/it\/gli_eventi\/archivio-eventi\/\" title=\"Form reset\" id=\"resetImput\" class=\"btn btn-outline-primary btn-xs\">Reset<\/a>\n                            <button type=\"submit\" class=\"btn btn-primary btn-xs\">Mostra risultati<\/button>\n                        <\/div>\n                    <\/form>\n\t\t\t\t<\/div>\n\t\t\t<\/div>\n\t\t<\/div>\n                    \n            <div class=\"row\">\n                            <div class=\"col-12 mt-3\">\n                <!--start card-->\n                <div class=\"card-wrapper card-space\">\n                    <div class=\"card card-bg card-big border-bottom-card\">\n                        <div class=\"card-body row\">\n                                                    <div class=\"col-sm-3\">\n                                <div class=\"img-responsive\">\n                                    <figure class=\"img-wrapper\">\n                                        <a href=\"https:\/\/iiczagabria.esteri.it\/it\/gli_eventi\/calendario\/concerto-per-fisarmonica-di-renzo-ruggieri\/\" title=\"Leggi l'articolo: Concerto di Renzo Ruggieri &#8211; fisarmonica\">\n                                                                                            <img loading=\"lazy\" decoding=\"async\" width=\"300\" height=\"300\" src=\"https:\/\/iiczagabria.esteri.it\/wp-content\/uploads\/2026\/03\/Renzo_Ruggieri_concerto_Bari_2020-300x300.jpg\" srcset=\"https:\/\/iiczagabria.esteri.it\/wp-content\/uploads\/2026\/03\/Renzo_Ruggieri_concerto_Bari_2020.jpg 1000w, https:\/\/iiczagabria.esteri.it\/wp-content\/uploads\/2026\/03\/Renzo_Ruggieri_concerto_Bari_2020-300x300.jpg 300w, https:\/\/iiczagabria.esteri.it\/wp-content\/uploads\/2026\/03\/Renzo_Ruggieri_concerto_Bari_2020-150x150.jpg 150w, https:\/\/iiczagabria.esteri.it\/wp-content\/uploads\/2026\/03\/Renzo_Ruggieri_concerto_Bari_2020-768x768.jpg 768w\" sizes=\"auto, (max-width: 1000px) 100vw, 1000px\"  title=\"Renzo_Ruggieri_concerto_Bari_2020\" alt=\"\" class=\"img-fluid\">\n                                                                                    <\/a>\n                                    <\/figure>\n                                <\/div>\n                            <\/div>\n                            <div class=\"col-sm-9\">\n                                                            <div class=\"category-top\">\n                                    <span class=\"fw-bold text-danger\">Concluso<\/span>                                                                        <span class=\"data\">\n                                        <svg class=\"icon icon-secondary\">\n                                            <use xlink:href=\"https:\/\/iiczagabria.esteri.it\/wp-content\/themes\/sedi-tema\/assets\/svg\/sprites.svg#it-calendar\"><\/use>\n                                        <\/svg> Ven 24 Apr 2026                                    <\/span>\n                                                                    <\/div>\n                            <h5 class=\"card-title big-heading text-uppercase\"><a class=\"text-body text-decoration-none\" href=\"https:\/\/iiczagabria.esteri.it\/it\/gli_eventi\/calendario\/concerto-per-fisarmonica-di-renzo-ruggieri\/\" title=\"Concerto di Renzo Ruggieri &#8211; fisarmonica\">Concerto di Renzo Ruggieri &#8211; fisarmonica<\/a><\/h5>\n                            <p class=\"card-text\">Nell&#8217;ambito del Festival internazionale della fisarmonica Concerto di Renzo Ruggieri &#8211; fisarmonica<\/p>\n                                <a title=\"Concerto di Renzo Ruggieri &#8211; fisarmonica\" class=\"read-more\" href=\"https:\/\/iiczagabria.esteri.it\/it\/gli_eventi\/calendario\/concerto-per-fisarmonica-di-renzo-ruggieri\/\">\n                                    <span class=\"text\">Leggi di pi\u00f9<\/span>\n                                    <svg class=\"icon\">\n                                    <use xlink:href=\"https:\/\/iiczagabria.esteri.it\/wp-content\/themes\/sedi-tema\/assets\/svg\/sprites.svg#it-arrow-right\"><\/use>\n                                    <\/svg>\n                                <\/a>\n                                                        <\/div>\n                                                    <\/div>\n                    <\/div>\n                <\/div>\n                <!--end card-->\n                <\/div><!-- col-12 .mt-3-->\n                            <div class=\"col-12 mt-3\">\n                <!--start card-->\n                <div class=\"card-wrapper card-space\">\n                    <div class=\"card card-bg card-big border-bottom-card\">\n                        <div class=\"card-body row\">\n                                                    <div class=\"col-sm-3\">\n                                <div class=\"img-responsive\">\n                                    <figure class=\"img-wrapper\">\n                                        <a href=\"https:\/\/iiczagabria.esteri.it\/it\/gli_eventi\/calendario\/giornata-internazionale-del-libro\/\" title=\"Leggi l'articolo: Giornata internazionale del libro\">\n                                                                                            <img loading=\"lazy\" decoding=\"async\" width=\"300\" height=\"300\" src=\"https:\/\/iiczagabria.esteri.it\/wp-content\/uploads\/2026\/04\/Noc-knjige-300x300.jpg\" srcset=\"https:\/\/iiczagabria.esteri.it\/wp-content\/uploads\/2026\/04\/Noc-knjige.jpg 1080w, https:\/\/iiczagabria.esteri.it\/wp-content\/uploads\/2026\/04\/Noc-knjige-300x300.jpg 300w, https:\/\/iiczagabria.esteri.it\/wp-content\/uploads\/2026\/04\/Noc-knjige-1024x1024.jpg 1024w, https:\/\/iiczagabria.esteri.it\/wp-content\/uploads\/2026\/04\/Noc-knjige-150x150.jpg 150w, https:\/\/iiczagabria.esteri.it\/wp-content\/uploads\/2026\/04\/Noc-knjige-768x768.jpg 768w\" sizes=\"auto, (max-width: 1080px) 100vw, 1080px\"  title=\"No\u0107 knjige\" alt=\"\" class=\"img-fluid\">\n                                                                                    <\/a>\n                                    <\/figure>\n                                <\/div>\n                            <\/div>\n                            <div class=\"col-sm-9\">\n                                                            <div class=\"category-top\">\n                                    <span class=\"fw-bold text-danger\">Concluso<\/span>                                                                        <span class=\"data\">\n                                        <svg class=\"icon icon-secondary\">\n                                            <use xlink:href=\"https:\/\/iiczagabria.esteri.it\/wp-content\/themes\/sedi-tema\/assets\/svg\/sprites.svg#it-calendar\"><\/use>\n                                        <\/svg> Gio 23 Apr 2026                                    <\/span>\n                                                                    <\/div>\n                            <h5 class=\"card-title big-heading text-uppercase\"><a class=\"text-body text-decoration-none\" href=\"https:\/\/iiczagabria.esteri.it\/it\/gli_eventi\/calendario\/giornata-internazionale-del-libro\/\" title=\"Giornata internazionale del libro\">Giornata internazionale del libro<\/a><\/h5>\n                            <p class=\"card-text\">In collaborazione con EUNIC Cluster Croazia Nell&#8217;ambito della Giornata internazionale del libro Pubblica lettura di brani tratti dai libri italiani, in traduzione croata, &#8216;Caro Pierpaolo&#8217; di Dacia Maraini, &#8216;Tasmania&#8217; di Paolo Giordano e &#8216;Alma&#8217; di Federica Manzon<\/p>\n                                <a title=\"Giornata internazionale del libro\" class=\"read-more\" href=\"https:\/\/iiczagabria.esteri.it\/it\/gli_eventi\/calendario\/giornata-internazionale-del-libro\/\">\n                                    <span class=\"text\">Leggi di pi\u00f9<\/span>\n                                    <svg class=\"icon\">\n                                    <use xlink:href=\"https:\/\/iiczagabria.esteri.it\/wp-content\/themes\/sedi-tema\/assets\/svg\/sprites.svg#it-arrow-right\"><\/use>\n                                    <\/svg>\n                                <\/a>\n                                                        <\/div>\n                                                    <\/div>\n                    <\/div>\n                <\/div>\n                <!--end card-->\n                <\/div><!-- col-12 .mt-3-->\n                            <div class=\"col-12 mt-3\">\n                <!--start card-->\n                <div class=\"card-wrapper card-space\">\n                    <div class=\"card card-bg card-big border-bottom-card\">\n                        <div class=\"card-body row\">\n                                                    <div class=\"col-sm-3\">\n                                <div class=\"img-responsive\">\n                                    <figure class=\"img-wrapper\">\n                                        <a href=\"https:\/\/iiczagabria.esteri.it\/it\/gli_eventi\/calendario\/translab-laboratorio-di-traduzione-letteraria-16\/\" title=\"Leggi l'articolo: Translab, laboratorio di traduzione letteraria\">\n                                                                                            <img loading=\"lazy\" decoding=\"async\" width=\"300\" height=\"189\" src=\"https:\/\/iiczagabria.esteri.it\/wp-content\/uploads\/2025\/10\/translab-logo-1-300x189.jpg\" srcset=\"https:\/\/iiczagabria.esteri.it\/wp-content\/uploads\/2025\/10\/translab-logo-1.jpg 577w, https:\/\/iiczagabria.esteri.it\/wp-content\/uploads\/2025\/10\/translab-logo-1-300x189.jpg 300w\" sizes=\"auto, (max-width: 577px) 100vw, 577px\"  title=\"translab logo (1)\" alt=\"\" class=\"img-fluid\">\n                                                                                    <\/a>\n                                    <\/figure>\n                                <\/div>\n                            <\/div>\n                            <div class=\"col-sm-9\">\n                                                            <div class=\"category-top\">\n                                    <span class=\"fw-bold text-danger\">Concluso<\/span>                                                                        <span class=\"data\">\n                                        <svg class=\"icon icon-secondary\">\n                                            <use xlink:href=\"https:\/\/iiczagabria.esteri.it\/wp-content\/themes\/sedi-tema\/assets\/svg\/sprites.svg#it-calendar\"><\/use>\n                                        <\/svg> Ven 17 Apr 2026                                    <\/span>\n                                                                    <\/div>\n                            <h5 class=\"card-title big-heading text-uppercase\"><a class=\"text-body text-decoration-none\" href=\"https:\/\/iiczagabria.esteri.it\/it\/gli_eventi\/calendario\/translab-laboratorio-di-traduzione-letteraria-16\/\" title=\"Translab, laboratorio di traduzione letteraria\">Translab, laboratorio di traduzione letteraria<\/a><\/h5>\n                            <p class=\"card-text\">con Katarina Pen\u0111er venerd\u00ec 17 aprile 2026 dalle 10 alle 15 Associazione dei Traduttori Letterari Croati (DHKP), Sva\u010di\u0107ev trg 15, Zagabria organizzato dall\u2019Istituto Italiano di Cultura Il nuovo ciclo di Translab, laboratorio di traduzione letteraria dall\u2019italiano in croato, inizia questo venerd\u00ec 17 aprile, ma in un certo senso \u2013 continua, perch\u00e9 proseguiamo con la traduzione [&hellip;]<\/p>\n                                <a title=\"Translab, laboratorio di traduzione letteraria\" class=\"read-more\" href=\"https:\/\/iiczagabria.esteri.it\/it\/gli_eventi\/calendario\/translab-laboratorio-di-traduzione-letteraria-16\/\">\n                                    <span class=\"text\">Leggi di pi\u00f9<\/span>\n                                    <svg class=\"icon\">\n                                    <use xlink:href=\"https:\/\/iiczagabria.esteri.it\/wp-content\/themes\/sedi-tema\/assets\/svg\/sprites.svg#it-arrow-right\"><\/use>\n                                    <\/svg>\n                                <\/a>\n                                                        <\/div>\n                                                    <\/div>\n                    <\/div>\n                <\/div>\n                <!--end card-->\n                <\/div><!-- col-12 .mt-3-->\n                            <div class=\"col-12 mt-3\">\n                <!--start card-->\n                <div class=\"card-wrapper card-space\">\n                    <div class=\"card card-bg card-big border-bottom-card\">\n                        <div class=\"card-body row\">\n                                                    <div class=\"col-sm-3\">\n                                <div class=\"img-responsive\">\n                                    <figure class=\"img-wrapper\">\n                                        <a href=\"https:\/\/iiczagabria.esteri.it\/it\/gli_eventi\/calendario\/29-festival-del-fumetto-di-zagabria\/\" title=\"Leggi l'articolo: 29\u00b0 Festival del fumetto di Zagabria\">\n                                                                                            <img loading=\"lazy\" decoding=\"async\" width=\"300\" height=\"300\" src=\"https:\/\/iiczagabria.esteri.it\/wp-content\/uploads\/2026\/03\/Michele_Rubini-300x300.jpg\" srcset=\"https:\/\/iiczagabria.esteri.it\/wp-content\/uploads\/2026\/03\/Michele_Rubini.jpg 1440w, https:\/\/iiczagabria.esteri.it\/wp-content\/uploads\/2026\/03\/Michele_Rubini-300x300.jpg 300w, https:\/\/iiczagabria.esteri.it\/wp-content\/uploads\/2026\/03\/Michele_Rubini-1024x1024.jpg 1024w, https:\/\/iiczagabria.esteri.it\/wp-content\/uploads\/2026\/03\/Michele_Rubini-150x150.jpg 150w, https:\/\/iiczagabria.esteri.it\/wp-content\/uploads\/2026\/03\/Michele_Rubini-768x768.jpg 768w\" sizes=\"auto, (max-width: 1440px) 100vw, 1440px\"  title=\"Michele_Rubini\" alt=\"\" class=\"img-fluid\">\n                                                                                    <\/a>\n                                    <\/figure>\n                                <\/div>\n                            <\/div>\n                            <div class=\"col-sm-9\">\n                                                            <div class=\"category-top\">\n                                    <span class=\"fw-bold text-danger\">Concluso<\/span>                                                                        <span class=\"data\">\n                                        <svg class=\"icon icon-secondary\">\n                                            <use xlink:href=\"https:\/\/iiczagabria.esteri.it\/wp-content\/themes\/sedi-tema\/assets\/svg\/sprites.svg#it-calendar\"><\/use>\n                                        <\/svg> Ven 17 Apr 2026<svg class=\"icon icon-xs icon-secondary me-1 ms-1\"><use href=\"https:\/\/iiczagabria.esteri.it\/wp-content\/themes\/sedi-tema\/assets\/svg\/sprites.svg#it-arrow-right\"><\/use><\/svg>Dom 19 Apr 2026                                    <\/span>\n                                                                    <\/div>\n                            <h5 class=\"card-title big-heading text-uppercase\"><a class=\"text-body text-decoration-none\" href=\"https:\/\/iiczagabria.esteri.it\/it\/gli_eventi\/calendario\/29-festival-del-fumetto-di-zagabria\/\" title=\"29\u00b0 Festival del fumetto di Zagabria\">29\u00b0 Festival del fumetto di Zagabria<\/a><\/h5>\n                            <p class=\"card-text\">In collaborazione con Crtani romani \u0161ou 29\u00b0 Festival del fumetto di Zagabria Partecipano gli illustratori italiani: Michele Rubini e Giorgio Pontrelli Vi invitiamo all&#8217;incontro Meet &amp; greet con Michele Rubini (Zagor, Dampyr, Tex Willer&#8230;) e Giorgio Pontrelli (Dylan Dog, Lucky Red&#8230;) che avr\u00e0 luogo il 17 aprile alle ore 13:00 presso l\u2019Istituto Italiano di Cultura [&hellip;]<\/p>\n                                <a title=\"29\u00b0 Festival del fumetto di Zagabria\" class=\"read-more\" href=\"https:\/\/iiczagabria.esteri.it\/it\/gli_eventi\/calendario\/29-festival-del-fumetto-di-zagabria\/\">\n                                    <span class=\"text\">Leggi di pi\u00f9<\/span>\n                                    <svg class=\"icon\">\n                                    <use xlink:href=\"https:\/\/iiczagabria.esteri.it\/wp-content\/themes\/sedi-tema\/assets\/svg\/sprites.svg#it-arrow-right\"><\/use>\n                                    <\/svg>\n                                <\/a>\n                                                        <\/div>\n                                                    <\/div>\n                    <\/div>\n                <\/div>\n                <!--end card-->\n                <\/div><!-- col-12 .mt-3-->\n                            <div class=\"col-12 mt-3\">\n                <!--start card-->\n                <div class=\"card-wrapper card-space\">\n                    <div class=\"card card-bg card-big border-bottom-card\">\n                        <div class=\"card-body row\">\n                                                    <div class=\"col-sm-3\">\n                                <div class=\"img-responsive\">\n                                    <figure class=\"img-wrapper\">\n                                        <a href=\"https:\/\/iiczagabria.esteri.it\/it\/gli_eventi\/calendario\/tavola-rotonda-artificial-intelligence-beyond-the-hype-limits-innovations-and-perspectives\/\" title=\"Leggi l'articolo: Tavola rotonda &#8211; Artificial Intelligence Beyond the Hype: Limits, Innovations and Perspectives\">\n                                                                                            <img loading=\"lazy\" decoding=\"async\" width=\"300\" height=\"150\" src=\"https:\/\/iiczagabria.esteri.it\/wp-content\/uploads\/2026\/03\/gri_ita_oriz_min-300x150.png\" srcset=\"https:\/\/iiczagabria.esteri.it\/wp-content\/uploads\/2026\/03\/gri_ita_oriz_min.png 476w, https:\/\/iiczagabria.esteri.it\/wp-content\/uploads\/2026\/03\/gri_ita_oriz_min-300x150.png 300w\" sizes=\"auto, (max-width: 476px) 100vw, 476px\"  title=\"gri_ita_oriz_min\" alt=\"\" class=\"img-fluid\">\n                                                                                    <\/a>\n                                    <\/figure>\n                                <\/div>\n                            <\/div>\n                            <div class=\"col-sm-9\">\n                                                            <div class=\"category-top\">\n                                    <span class=\"fw-bold text-danger\">Concluso<\/span>                                                                        <span class=\"data\">\n                                        <svg class=\"icon icon-secondary\">\n                                            <use xlink:href=\"https:\/\/iiczagabria.esteri.it\/wp-content\/themes\/sedi-tema\/assets\/svg\/sprites.svg#it-calendar\"><\/use>\n                                        <\/svg> Gio 16 Apr 2026                                    <\/span>\n                                                                    <\/div>\n                            <h5 class=\"card-title big-heading text-uppercase\"><a class=\"text-body text-decoration-none\" href=\"https:\/\/iiczagabria.esteri.it\/it\/gli_eventi\/calendario\/tavola-rotonda-artificial-intelligence-beyond-the-hype-limits-innovations-and-perspectives\/\" title=\"Tavola rotonda &#8211; Artificial Intelligence Beyond the Hype: Limits, Innovations and Perspectives\">Tavola rotonda &#8211; Artificial Intelligence Beyond the Hype: Limits, Innovations and Perspectives<\/a><\/h5>\n                            <p class=\"card-text\">Nell\u2019ambito della Giornata della ricerca italiana nel mondo In collaborazione con l\u2019Ambasciata d\u2019Italia in Croazia Tavola rotonda Artificial Intelligence Beyond the Hype: Limits, Innovations and Perspectives con Linda Ottoboni (Universit\u00e0 di Milano), Federica Gerace (Universit\u00e0 di Bologna) e Luisa Spairani (CEO Net Surfing s.r.l., Ivrea) Linda Ottoboni \u00e8 ricercatrice in Tenure-Track presso l\u2019Universit\u00e0 degli Studi [&hellip;]<\/p>\n                                <a title=\"Tavola rotonda &#8211; Artificial Intelligence Beyond the Hype: Limits, Innovations and Perspectives\" class=\"read-more\" href=\"https:\/\/iiczagabria.esteri.it\/it\/gli_eventi\/calendario\/tavola-rotonda-artificial-intelligence-beyond-the-hype-limits-innovations-and-perspectives\/\">\n                                    <span class=\"text\">Leggi di pi\u00f9<\/span>\n                                    <svg class=\"icon\">\n                                    <use xlink:href=\"https:\/\/iiczagabria.esteri.it\/wp-content\/themes\/sedi-tema\/assets\/svg\/sprites.svg#it-arrow-right\"><\/use>\n                                    <\/svg>\n                                <\/a>\n                                                        <\/div>\n                                                    <\/div>\n                    <\/div>\n                <\/div>\n                <!--end card-->\n                <\/div><!-- col-12 .mt-3-->\n                            <div class=\"col-12 mt-3\">\n                <!--start card-->\n                <div class=\"card-wrapper card-space\">\n                    <div class=\"card card-bg card-big border-bottom-card\">\n                        <div class=\"card-body row\">\n                                                    <div class=\"col-sm-3\">\n                                <div class=\"img-responsive\">\n                                    <figure class=\"img-wrapper\">\n                                        <a href=\"https:\/\/iiczagabria.esteri.it\/it\/gli_eventi\/calendario\/concerto-per-chitarra-di-paolo-angeli\/\" title=\"Leggi l'articolo: Concerto per chitarra di Paolo Angeli\">\n                                                                                            <img loading=\"lazy\" decoding=\"async\" width=\"240\" height=\"300\" src=\"https:\/\/iiczagabria.esteri.it\/wp-content\/uploads\/2026\/03\/Paolo_Angeli_instudio_Trudel-240x300.jpg\" srcset=\"https:\/\/iiczagabria.esteri.it\/wp-content\/uploads\/2026\/03\/Paolo_Angeli_instudio_Trudel.jpg 1488w, https:\/\/iiczagabria.esteri.it\/wp-content\/uploads\/2026\/03\/Paolo_Angeli_instudio_Trudel-240x300.jpg 240w, https:\/\/iiczagabria.esteri.it\/wp-content\/uploads\/2026\/03\/Paolo_Angeli_instudio_Trudel-819x1024.jpg 819w, https:\/\/iiczagabria.esteri.it\/wp-content\/uploads\/2026\/03\/Paolo_Angeli_instudio_Trudel-768x960.jpg 768w\" sizes=\"auto, (max-width: 1488px) 100vw, 1488px\"  title=\"Paolo_Angeli_instudio_Trudel\" alt=\"\" class=\"img-fluid\">\n                                                                                    <\/a>\n                                    <\/figure>\n                                <\/div>\n                            <\/div>\n                            <div class=\"col-sm-9\">\n                                                            <div class=\"category-top\">\n                                    <span class=\"fw-bold text-danger\">Concluso<\/span>                                                                        <span class=\"data\">\n                                        <svg class=\"icon icon-secondary\">\n                                            <use xlink:href=\"https:\/\/iiczagabria.esteri.it\/wp-content\/themes\/sedi-tema\/assets\/svg\/sprites.svg#it-calendar\"><\/use>\n                                        <\/svg> Mer 15 Apr 2026                                    <\/span>\n                                                                    <\/div>\n                            <h5 class=\"card-title big-heading text-uppercase\"><a class=\"text-body text-decoration-none\" href=\"https:\/\/iiczagabria.esteri.it\/it\/gli_eventi\/calendario\/concerto-per-chitarra-di-paolo-angeli\/\" title=\"Concerto per chitarra di Paolo Angeli\">Concerto per chitarra di Paolo Angeli<\/a><\/h5>\n                            <p class=\"card-text\">Paolo Angeli \u00e8 un chitarrista, compositore e improvvisatore italiano originario della Sardegna, noto per il suo strumento unico che egli stesso definisce chitarra sarda preparata. Si tratta di una chitarra radicalmente modificata che presenta circa una ventina di corde, corde risonanti aggiuntive, ponti, martelletti e pedali. La sua musica unisce la tradizione sarda, l\u2019improvvisazione, il [&hellip;]<\/p>\n                                <a title=\"Concerto per chitarra di Paolo Angeli\" class=\"read-more\" href=\"https:\/\/iiczagabria.esteri.it\/it\/gli_eventi\/calendario\/concerto-per-chitarra-di-paolo-angeli\/\">\n                                    <span class=\"text\">Leggi di pi\u00f9<\/span>\n                                    <svg class=\"icon\">\n                                    <use xlink:href=\"https:\/\/iiczagabria.esteri.it\/wp-content\/themes\/sedi-tema\/assets\/svg\/sprites.svg#it-arrow-right\"><\/use>\n                                    <\/svg>\n                                <\/a>\n                                                        <\/div>\n                                                    <\/div>\n                    <\/div>\n                <\/div>\n                <!--end card-->\n                <\/div><!-- col-12 .mt-3-->\n                            <div class=\"col-12 mt-3\">\n                <!--start card-->\n                <div class=\"card-wrapper card-space\">\n                    <div class=\"card card-bg card-big border-bottom-card\">\n                        <div class=\"card-body row\">\n                                                    <div class=\"col-sm-3\">\n                                <div class=\"img-responsive\">\n                                    <figure class=\"img-wrapper\">\n                                        <a href=\"https:\/\/iiczagabria.esteri.it\/it\/gli_eventi\/calendario\/book-club-delliic-3\/\" title=\"Leggi l'articolo: Book Club dell\u2019IIC\">\n                                                                                            <img loading=\"lazy\" decoding=\"async\" width=\"193\" height=\"300\" src=\"https:\/\/iiczagabria.esteri.it\/wp-content\/uploads\/2026\/02\/Fedelta-193x300.jpg\" srcset=\"https:\/\/iiczagabria.esteri.it\/wp-content\/uploads\/2026\/02\/Fedelta.jpg 536w, https:\/\/iiczagabria.esteri.it\/wp-content\/uploads\/2026\/02\/Fedelta-193x300.jpg 193w\" sizes=\"auto, (max-width: 536px) 100vw, 536px\"  title=\"Fedelta\" alt=\"\" class=\"img-fluid\">\n                                                                                    <\/a>\n                                    <\/figure>\n                                <\/div>\n                            <\/div>\n                            <div class=\"col-sm-9\">\n                                                            <div class=\"category-top\">\n                                    <span class=\"fw-bold text-danger\">Concluso<\/span>                                                                        <span class=\"data\">\n                                        <svg class=\"icon icon-secondary\">\n                                            <use xlink:href=\"https:\/\/iiczagabria.esteri.it\/wp-content\/themes\/sedi-tema\/assets\/svg\/sprites.svg#it-calendar\"><\/use>\n                                        <\/svg> Lun 30 Mar 2026                                    <\/span>\n                                                                    <\/div>\n                            <h5 class=\"card-title big-heading text-uppercase\"><a class=\"text-body text-decoration-none\" href=\"https:\/\/iiczagabria.esteri.it\/it\/gli_eventi\/calendario\/book-club-delliic-3\/\" title=\"Book Club dell\u2019IIC\">Book Club dell\u2019IIC<\/a><\/h5>\n                            <p class=\"card-text\">Conversazione intorno a \u201cFedelt\u00e0\u201d di Marco Missiroli Romanzo vincitore del Premio Strega Giovani 2019. Il bestseller internazionale di Marco Missiroli, Fedelt\u00e0, \u00e8 un romanzo intenso ed emozionante, ambientato tra le strade, i palazzi e le case della Milano contemporanea, che cerca di rispondere a una domanda universale: possiamo essere fedeli a noi stessi senza tradire [&hellip;]<\/p>\n                                <a title=\"Book Club dell\u2019IIC\" class=\"read-more\" href=\"https:\/\/iiczagabria.esteri.it\/it\/gli_eventi\/calendario\/book-club-delliic-3\/\">\n                                    <span class=\"text\">Leggi di pi\u00f9<\/span>\n                                    <svg class=\"icon\">\n                                    <use xlink:href=\"https:\/\/iiczagabria.esteri.it\/wp-content\/themes\/sedi-tema\/assets\/svg\/sprites.svg#it-arrow-right\"><\/use>\n                                    <\/svg>\n                                <\/a>\n                                                        <\/div>\n                                                    <\/div>\n                    <\/div>\n                <\/div>\n                <!--end card-->\n                <\/div><!-- col-12 .mt-3-->\n                            <div class=\"col-12 mt-3\">\n                <!--start card-->\n                <div class=\"card-wrapper card-space\">\n                    <div class=\"card card-bg card-big border-bottom-card\">\n                        <div class=\"card-body row\">\n                                                    <div class=\"col-sm-3\">\n                                <div class=\"img-responsive\">\n                                    <figure class=\"img-wrapper\">\n                                        <a href=\"https:\/\/iiczagabria.esteri.it\/it\/gli_eventi\/calendario\/irrational-di-e-con-lorenzo-caviglia\/\" title=\"Leggi l'articolo: Irrational di e con Lorenzo Caviglia\">\n                                                                                            <img loading=\"lazy\" decoding=\"async\" width=\"300\" height=\"300\" src=\"https:\/\/iiczagabria.esteri.it\/wp-content\/uploads\/2026\/02\/Lorenzo-Caviglia-Italy-300x300.jpg\" srcset=\"https:\/\/iiczagabria.esteri.it\/wp-content\/uploads\/2026\/02\/Lorenzo-Caviglia-Italy.jpg 997w, https:\/\/iiczagabria.esteri.it\/wp-content\/uploads\/2026\/02\/Lorenzo-Caviglia-Italy-300x300.jpg 300w, https:\/\/iiczagabria.esteri.it\/wp-content\/uploads\/2026\/02\/Lorenzo-Caviglia-Italy-150x150.jpg 150w, https:\/\/iiczagabria.esteri.it\/wp-content\/uploads\/2026\/02\/Lorenzo-Caviglia-Italy-768x768.jpg 768w\" sizes=\"auto, (max-width: 997px) 100vw, 997px\"  title=\"Lorenzo-Caviglia-Italy\" alt=\"\" class=\"img-fluid\">\n                                                                                    <\/a>\n                                    <\/figure>\n                                <\/div>\n                            <\/div>\n                            <div class=\"col-sm-9\">\n                                                            <div class=\"category-top\">\n                                    <span class=\"fw-bold text-danger\">Concluso<\/span>                                                                        <span class=\"data\">\n                                        <svg class=\"icon icon-secondary\">\n                                            <use xlink:href=\"https:\/\/iiczagabria.esteri.it\/wp-content\/themes\/sedi-tema\/assets\/svg\/sprites.svg#it-calendar\"><\/use>\n                                        <\/svg> Sab 28 Mar 2026                                    <\/span>\n                                                                    <\/div>\n                            <h5 class=\"card-title big-heading text-uppercase\"><a class=\"text-body text-decoration-none\" href=\"https:\/\/iiczagabria.esteri.it\/it\/gli_eventi\/calendario\/irrational-di-e-con-lorenzo-caviglia\/\" title=\"Irrational di e con Lorenzo Caviglia\">Irrational di e con Lorenzo Caviglia<\/a><\/h5>\n                            <p class=\"card-text\">Nell\u2019ambito del Festival internazionale di Storytelling Una storia insolita e avvincente che ci conduce attraverso un\u2019antica leggenda italiana sul conflitto tra il giovane allievo Ippaso e il suo mentore Pitagora. Questa misteriosa leggenda dell\u2019antica citt\u00e0 italiana di Metaponto viene intrecciata con abilit\u00e0 e creativit\u00e0 da Lorenzo Caviglia a in un\u2019autentica narrazione personale sul proprio percorso [&hellip;]<\/p>\n                                <a title=\"Irrational di e con Lorenzo Caviglia\" class=\"read-more\" href=\"https:\/\/iiczagabria.esteri.it\/it\/gli_eventi\/calendario\/irrational-di-e-con-lorenzo-caviglia\/\">\n                                    <span class=\"text\">Leggi di pi\u00f9<\/span>\n                                    <svg class=\"icon\">\n                                    <use xlink:href=\"https:\/\/iiczagabria.esteri.it\/wp-content\/themes\/sedi-tema\/assets\/svg\/sprites.svg#it-arrow-right\"><\/use>\n                                    <\/svg>\n                                <\/a>\n                                                        <\/div>\n                                                    <\/div>\n                    <\/div>\n                <\/div>\n                <!--end card-->\n                <\/div><!-- col-12 .mt-3-->\n                            <div class=\"col-12 mt-3\">\n                <!--start card-->\n                <div class=\"card-wrapper card-space\">\n                    <div class=\"card card-bg card-big border-bottom-card\">\n                        <div class=\"card-body row\">\n                                                    <div class=\"col-sm-3\">\n                                <div class=\"img-responsive\">\n                                    <figure class=\"img-wrapper\">\n                                        <a href=\"https:\/\/iiczagabria.esteri.it\/it\/gli_eventi\/calendario\/proiezione-del-film-dante-di-pupi-avati\/\" title=\"Leggi l'articolo: DANTED\u00cc &#8211; Proiezione del film \u201cDante\u201d di Pupi Avati\">\n                                                                                            <img loading=\"lazy\" decoding=\"async\" width=\"210\" height=\"300\" src=\"https:\/\/iiczagabria.esteri.it\/wp-content\/uploads\/2026\/03\/Dante_plakat-210x300.jpg\" srcset=\"https:\/\/iiczagabria.esteri.it\/wp-content\/uploads\/2026\/03\/Dante_plakat-scaled.jpg 1793w, https:\/\/iiczagabria.esteri.it\/wp-content\/uploads\/2026\/03\/Dante_plakat-210x300.jpg 210w, https:\/\/iiczagabria.esteri.it\/wp-content\/uploads\/2026\/03\/Dante_plakat-717x1024.jpg 717w, https:\/\/iiczagabria.esteri.it\/wp-content\/uploads\/2026\/03\/Dante_plakat-768x1097.jpg 768w\" sizes=\"auto, (max-width: 1793px) 100vw, 1793px\"  title=\"Dante_plakat\" alt=\"\" class=\"img-fluid\">\n                                                                                    <\/a>\n                                    <\/figure>\n                                <\/div>\n                            <\/div>\n                            <div class=\"col-sm-9\">\n                                                            <div class=\"category-top\">\n                                    <span class=\"fw-bold text-danger\">Concluso<\/span>                                                                        <span class=\"data\">\n                                        <svg class=\"icon icon-secondary\">\n                                            <use xlink:href=\"https:\/\/iiczagabria.esteri.it\/wp-content\/themes\/sedi-tema\/assets\/svg\/sprites.svg#it-calendar\"><\/use>\n                                        <\/svg> Mer 25 Mar 2026                                    <\/span>\n                                                                    <\/div>\n                            <h5 class=\"card-title big-heading text-uppercase\"><a class=\"text-body text-decoration-none\" href=\"https:\/\/iiczagabria.esteri.it\/it\/gli_eventi\/calendario\/proiezione-del-film-dante-di-pupi-avati\/\" title=\"DANTED\u00cc &#8211; Proiezione del film \u201cDante\u201d di Pupi Avati\">DANTED\u00cc &#8211; Proiezione del film \u201cDante\u201d di Pupi Avati<\/a><\/h5>\n                            <p class=\"card-text\">Dante Alighieri, unanimemente riconosciuto come il padre della lingua italiana, \u00e8 una delle figure che hanno maggiormente influenzato la storia e la cultura dell\u2019Italia, del continente europeo e dell\u2019intero mondo occidentale. In occasione del Danted\u00ec che si celebra il 25 marzo, l\u2019Istituto Italiano di Cultura di Zagabria \u00e8 lieto di presentare il film \u201cDante\u201d di [&hellip;]<\/p>\n                                <a title=\"DANTED\u00cc &#8211; Proiezione del film \u201cDante\u201d di Pupi Avati\" class=\"read-more\" href=\"https:\/\/iiczagabria.esteri.it\/it\/gli_eventi\/calendario\/proiezione-del-film-dante-di-pupi-avati\/\">\n                                    <span class=\"text\">Leggi di pi\u00f9<\/span>\n                                    <svg class=\"icon\">\n                                    <use xlink:href=\"https:\/\/iiczagabria.esteri.it\/wp-content\/themes\/sedi-tema\/assets\/svg\/sprites.svg#it-arrow-right\"><\/use>\n                                    <\/svg>\n                                <\/a>\n                                                        <\/div>\n                                                    <\/div>\n                    <\/div>\n                <\/div>\n                <!--end card-->\n                <\/div><!-- col-12 .mt-3-->\n                            <div class=\"col-12 mt-3\">\n                <!--start card-->\n                <div class=\"card-wrapper card-space\">\n                    <div class=\"card card-bg card-big border-bottom-card\">\n                        <div class=\"card-body row\">\n                                                    <div class=\"col-sm-3\">\n                                <div class=\"img-responsive\">\n                                    <figure class=\"img-wrapper\">\n                                        <a href=\"https:\/\/iiczagabria.esteri.it\/it\/gli_eventi\/calendario\/concerto-dei-solisti-di-zagabria-con-giovanni-gnocchi-violoncello\/\" title=\"Leggi l'articolo: Concerto dei Solisti di Zagabria con Giovanni Gnocchi, violoncello\">\n                                                                                            <img loading=\"lazy\" decoding=\"async\" width=\"300\" height=\"169\" src=\"https:\/\/iiczagabria.esteri.it\/wp-content\/uploads\/2026\/02\/LCD-1920x1080-1-300x169.jpg\" srcset=\"https:\/\/iiczagabria.esteri.it\/wp-content\/uploads\/2026\/02\/LCD-1920x1080-1.jpg 1920w, https:\/\/iiczagabria.esteri.it\/wp-content\/uploads\/2026\/02\/LCD-1920x1080-1-300x169.jpg 300w, https:\/\/iiczagabria.esteri.it\/wp-content\/uploads\/2026\/02\/LCD-1920x1080-1-1024x576.jpg 1024w, https:\/\/iiczagabria.esteri.it\/wp-content\/uploads\/2026\/02\/LCD-1920x1080-1-768x432.jpg 768w\" sizes=\"auto, (max-width: 1920px) 100vw, 1920px\"  title=\"LCD-1920&#215;1080\" alt=\"\" class=\"img-fluid\">\n                                                                                    <\/a>\n                                    <\/figure>\n                                <\/div>\n                            <\/div>\n                            <div class=\"col-sm-9\">\n                                                            <div class=\"category-top\">\n                                    <span class=\"fw-bold text-danger\">Concluso<\/span>                                                                        <span class=\"data\">\n                                        <svg class=\"icon icon-secondary\">\n                                            <use xlink:href=\"https:\/\/iiczagabria.esteri.it\/wp-content\/themes\/sedi-tema\/assets\/svg\/sprites.svg#it-calendar\"><\/use>\n                                        <\/svg> Sab 14 Mar 2026                                    <\/span>\n                                                                    <\/div>\n                            <h5 class=\"card-title big-heading text-uppercase\"><a class=\"text-body text-decoration-none\" href=\"https:\/\/iiczagabria.esteri.it\/it\/gli_eventi\/calendario\/concerto-dei-solisti-di-zagabria-con-giovanni-gnocchi-violoncello\/\" title=\"Concerto dei Solisti di Zagabria con Giovanni Gnocchi, violoncello\">Concerto dei Solisti di Zagabria con Giovanni Gnocchi, violoncello<\/a><\/h5>\n                            <p class=\"card-text\">In programma: Ante Kne\u0161aurek: Dialoghi \u2013 prima esecuzione assoluta Antonio Vivaldi: Concerto per archi in re minore, RV 128 Antonio Vivaldi: Concerto per violoncello, archi e basso continuo in do minore, RV 401 Mieczys\u0142aw Weinberg: Concertino per violoncello e archi in do minore, op. 48 *** Gioachino Rossini: Une larme, tema con variazioni per violoncello [&hellip;]<\/p>\n                                <a title=\"Concerto dei Solisti di Zagabria con Giovanni Gnocchi, violoncello\" class=\"read-more\" href=\"https:\/\/iiczagabria.esteri.it\/it\/gli_eventi\/calendario\/concerto-dei-solisti-di-zagabria-con-giovanni-gnocchi-violoncello\/\">\n                                    <span class=\"text\">Leggi di pi\u00f9<\/span>\n                                    <svg class=\"icon\">\n                                    <use xlink:href=\"https:\/\/iiczagabria.esteri.it\/wp-content\/themes\/sedi-tema\/assets\/svg\/sprites.svg#it-arrow-right\"><\/use>\n                                    <\/svg>\n                                <\/a>\n                                                        <\/div>\n                                                    <\/div>\n                    <\/div>\n                <\/div>\n                <!--end card-->\n                <\/div><!-- col-12 .mt-3-->\n            \n            <div class=\"col-md-12 mt-4 pb-4\">\n                <nav class=\"navigation col-md-12\" aria-label=\"Navigation\">\n                    <h2 class=\"screen-reader-text visually-hidden\">Paginazione<\/h2>\n                    <div class=\"nav-links\">\n                    <span aria-current=\"page\" class=\"page-numbers current\">1<\/span>\n<a class=\"page-numbers\" href=\"https:\/\/iiczagabria.esteri.it\/it\/wp-json\/wp\/v2\/pages\/5582\/?pag=2\">2<\/a>\n<a class=\"page-numbers\" href=\"https:\/\/iiczagabria.esteri.it\/it\/wp-json\/wp\/v2\/pages\/5582\/?pag=3\">3<\/a>\n<span class=\"page-numbers dots\">&hellip;<\/span>\n<a class=\"page-numbers\" href=\"https:\/\/iiczagabria.esteri.it\/it\/wp-json\/wp\/v2\/pages\/5582\/?pag=114\">114<\/a>\n<a class=\"next page-numbers\" href=\"https:\/\/iiczagabria.esteri.it\/it\/wp-json\/wp\/v2\/pages\/5582\/?pag=2\"><svg class=\"icon icon-primary\"><use xlink:href=\"https:\/\/iiczagabria.esteri.it\/wp-content\/themes\/sedi-tema\/assets\/svg\/sprites.svg#it-chevron-right\"><\/use><\/svg>\n                                    <span class=\"visually-hidden\">Pagina successiva<\/span><\/a>                    <\/div>\n                <\/nav>\n            <\/div>   <!--.col-md-12 -->\n              <\/div><!--.row -->\n              \n","protected":false},"excerpt":{"rendered":"","protected":false},"author":1,"featured_media":0,"parent":17,"menu_order":0,"comment_status":"closed","ping_status":"closed","template":"","meta":{"footnotes":""},"class_list":["post-5582","page","type-page","status-publish","hentry"],"_links":{"self":[{"href":"https:\/\/iiczagabria.esteri.it\/it\/wp-json\/wp\/v2\/pages\/5582","targetHints":{"allow":["GET"]}}],"collection":[{"href":"https:\/\/iiczagabria.esteri.it\/it\/wp-json\/wp\/v2\/pages"}],"about":[{"href":"https:\/\/iiczagabria.esteri.it\/it\/wp-json\/wp\/v2\/types\/page"}],"author":[{"embeddable":true,"href":"https:\/\/iiczagabria.esteri.it\/it\/wp-json\/wp\/v2\/users\/1"}],"replies":[{"embeddable":true,"href":"https:\/\/iiczagabria.esteri.it\/it\/wp-json\/wp\/v2\/comments?post=5582"}],"version-history":[{"count":1,"href":"https:\/\/iiczagabria.esteri.it\/it\/wp-json\/wp\/v2\/pages\/5582\/revisions"}],"predecessor-version":[{"id":5584,"href":"https:\/\/iiczagabria.esteri.it\/it\/wp-json\/wp\/v2\/pages\/5582\/revisions\/5584"}],"up":[{"embeddable":true,"href":"https:\/\/iiczagabria.esteri.it\/it\/wp-json\/wp\/v2\/pages\/17"}],"wp:attachment":[{"href":"https:\/\/iiczagabria.esteri.it\/it\/wp-json\/wp\/v2\/media?parent=5582"}],"curies":[{"name":"wp","href":"https:\/\/api.w.org\/{rel}","templated":true}]}}